{"id":21185,"date":"2025-04-26T09:27:28","date_gmt":"2025-04-26T14:27:28","guid":{"rendered":"https:\/\/grouptravelperu.com\/bolivia\/bolivia-clasico-salar-de-uyuni-5-dias-4-noches\/"},"modified":"2026-08-27T16:38:33","modified_gmt":"2026-08-27T21:38:33","slug":"bolivia-classico-salar-uyuni-5-dias-4-noites","status":"publish","type":"page","link":"https:\/\/grouptravelperu.com\/pt-br\/bolivia\/bolivia-classico-salar-uyuni-5-dias-4-noites\/","title":{"rendered":"Bol\u00edvia Cl\u00e1ssico &amp; Salar de Uyuni 5 dias \u2013 4 noites"},"content":{"rendered":"\n<p class=\"wp-block-paragraph\">Explore os lugares mais destaques de La Paz, a capital situada a uma altitude de quase 4000 metros acima do n\u00edvel do mar, tornando-a a capital mais alta do mundo.<\/p>\n\n\n\n<p class=\"wp-block-paragraph\">Neste itiner\u00e1rio, mergulhar\u00e1 na riqueza cultural e hist\u00f3rica da Bol\u00edvia, explorando, conhecendo os seus lugares mais emblem\u00e1ticos. Para al\u00e9m disso, ter\u00e1 a oportunidade de se maravilhar com a beleza deslumbrante do Salar de Uyuni, o maior salar do mundo. Prepare-se para uma experi\u00eancia inesquec\u00edvel, cheia de aventuras e aventuras e paisagens espetaculares.<\/p>\n\n\n\n<!--Markup for citys-->\n\n<div id=\"tour-block_5cb3860abdc272b90d796128257e9479\" class=\"tour\">\n\n\n<div class=\"flex flex-wrap my-8 gap-0 \">\n\n    <div class=\"flex w-6\/12 xl:w-1\/4 p-3\">\n        <div class=\"bg-gtp2 rounded-full w-14 h-14 flex items-center justify-center mr-2\">\n            \n            <svg width=\"24\" height=\"24\" viewBox=\"0 0 20 20\" fill=\"none\" xmlns=\"http:\/\/www.w3.org\/2000\/svg\">\n            <path fill-rule=\"evenodd\" clip-rule=\"evenodd\" d=\"M4 2H16C17.0609 2 18.0783 2.42143 18.8284 3.17157C19.5786 3.92172 20 4.93913 20 6V16C20 17.0609 19.5786 18.0783 18.8284 18.8284C18.0783 19.5786 17.0609 20 16 20H4C2.93913 20 1.92172 19.5786 1.17157 18.8284C0.421427 18.0783 0 17.0609 0 16V6C0 4.93913 0.421427 3.92172 1.17157 3.17157C1.92172 2.42143 2.93913 2 4 2ZM4 4C3.46957 4 2.96086 4.21071 2.58579 4.58579C2.21071 4.96086 2 5.46957 2 6V16C2 16.5304 2.21071 17.0391 2.58579 17.4142C2.96086 17.7893 3.46957 18 4 18H16C16.5304 18 17.0391 17.7893 17.4142 17.4142C17.7893 17.0391 18 16.5304 18 16V6C18 5.46957 17.7893 4.96086 17.4142 4.58579C17.0391 4.21071 16.5304 4 16 4H4Z\" fill=\"white\"\/>\n            <path fill-rule=\"evenodd\" clip-rule=\"evenodd\" d=\"M1 8C1 7.73478 1.10536 7.48043 1.29289 7.29289C1.48043 7.10536 1.73478 7 2 7H18C18.2652 7 18.5196 7.10536 18.7071 7.29289C18.8946 7.48043 19 7.73478 19 8C19 8.26522 18.8946 8.51957 18.7071 8.70711C18.5196 8.89464 18.2652 9 18 9H2C1.73478 9 1.48043 8.89464 1.29289 8.70711C1.10536 8.51957 1 8.26522 1 8ZM6 0C6.26522 0 6.51957 0.105357 6.70711 0.292893C6.89464 0.48043 7 0.734784 7 1V5C7 5.26522 6.89464 5.51957 6.70711 5.70711C6.51957 5.89464 6.26522 6 6 6C5.73478 6 5.48043 5.89464 5.29289 5.70711C5.10536 5.51957 5 5.26522 5 5V1C5 0.734784 5.10536 0.48043 5.29289 0.292893C5.48043 0.105357 5.73478 0 6 0ZM14 0C14.2652 0 14.5196 0.105357 14.7071 0.292893C14.8946 0.48043 15 0.734784 15 1V5C15 5.26522 14.8946 5.51957 14.7071 5.70711C14.5196 5.89464 14.2652 6 14 6C13.7348 6 13.4804 5.89464 13.2929 5.70711C13.1054 5.51957 13 5.26522 13 5V1C13 0.734784 13.1054 0.48043 13.2929 0.292893C13.4804 0.105357 13.7348 0 14 0Z\" fill=\"white\"\/>\n            <path d=\"M6 11C6 11.2652 5.89464 11.5196 5.70711 11.7071C5.51957 11.8946 5.26522 12 5 12C4.73478 12 4.48043 11.8946 4.29289 11.7071C4.10536 11.5196 4 11.2652 4 11C4 10.7348 4.10536 10.4804 4.29289 10.2929C4.48043 10.1054 4.73478 10 5 10C5.26522 10 5.51957 10.1054 5.70711 10.2929C5.89464 10.4804 6 10.7348 6 11ZM6 15C6 15.2652 5.89464 15.5196 5.70711 15.7071C5.51957 15.8946 5.26522 16 5 16C4.73478 16 4.48043 15.8946 4.29289 15.7071C4.10536 15.5196 4 15.2652 4 15C4 14.7348 4.10536 14.4804 4.29289 14.2929C4.48043 14.1054 4.73478 14 5 14C5.26522 14 5.51957 14.1054 5.70711 14.2929C5.89464 14.4804 6 14.7348 6 15ZM11 11C11 11.2652 10.8946 11.5196 10.7071 11.7071C10.5196 11.8946 10.2652 12 10 12C9.73478 12 9.48043 11.8946 9.29289 11.7071C9.10536 11.5196 9 11.2652 9 11C9 10.7348 9.10536 10.4804 9.29289 10.2929C9.48043 10.1054 9.73478 10 10 10C10.2652 10 10.5196 10.1054 10.7071 10.2929C10.8946 10.4804 11 10.7348 11 11ZM11 15C11 15.2652 10.8946 15.5196 10.7071 15.7071C10.5196 15.8946 10.2652 16 10 16C9.73478 16 9.48043 15.8946 9.29289 15.7071C9.10536 15.5196 9 15.2652 9 15C9 14.7348 9.10536 14.4804 9.29289 14.2929C9.48043 14.1054 9.73478 14 10 14C10.2652 14 10.5196 14.1054 10.7071 14.2929C10.8946 14.4804 11 14.7348 11 15ZM16 11C16 11.2652 15.8946 11.5196 15.7071 11.7071C15.5196 11.8946 15.2652 12 15 12C14.7348 12 14.4804 11.8946 14.2929 11.7071C14.1054 11.5196 14 11.2652 14 11C14 10.7348 14.1054 10.4804 14.2929 10.2929C14.4804 10.1054 14.7348 10 15 10C15.2652 10 15.5196 10.1054 15.7071 10.2929C15.8946 10.4804 16 10.7348 16 11ZM16 15C16 15.2652 15.8946 15.5196 15.7071 15.7071C15.5196 15.8946 15.2652 16 15 16C14.7348 16 14.4804 15.8946 14.2929 15.7071C14.1054 15.5196 14 15.2652 14 15C14 14.7348 14.1054 14.4804 14.2929 14.2929C14.4804 14.1054 14.7348 14 15 14C15.2652 14 15.5196 14.1054 15.7071 14.2929C15.8946 14.4804 16 14.7348 16 15Z\" fill=\"white\"\/>\n            <\/svg>\n\n\n        <\/div>\n        <div class=\"flex flex-col justify-center\">\n            <span class=\"text-sm font-urb font-semibold text-gray-900\">Duraci\u00f3n<\/span>\n            <span class=\"text-sm font-urb font-semibold text-gray-600\">5 Dias \/ 4 Noites<\/span>\n        <\/div>\n    <\/div>\n\n    <div class=\"flex w-6\/12 xl:w-1\/4 p-3\">\n        <div class=\"bg-gtp2 rounded-full w-14 h-14 flex items-center justify-center mr-2\">\n            <svg width=\"28\" height=\"28\" viewBox=\"0 0 23 20\" fill=\"none\" xmlns=\"http:\/\/www.w3.org\/2000\/svg\">\n            <path d=\"M11.25 0C8.16027 0 5.35848 1.26177 3.3233 3.29926C3.31446 3.30708 3.30321 3.30978 3.29491 3.31814C3.28661 3.3265 3.28393 3.33783 3.27616 3.34673C1.25304 5.39582 0 8.21713 0 11.3284C0 14.065 0.981696 16.7064 2.76536 18.7674C2.98232 19.019 3.35839 19.046 3.60884 18.8321L5.95982 16.8264C6.21777 16.6077 6.24589 16.2163 6.0225 15.962C4.90179 14.6819 4.28518 13.0357 4.28518 11.3281C4.28518 7.46082 7.4092 4.31504 11.2497 4.31504C12.8483 4.31504 14.4107 4.87444 15.6474 5.88914C16.2627 6.39488 17.0269 5.45597 16.4087 4.94889C15.1136 3.88537 13.5145 3.25233 11.8524 3.12771V1.24423C17.1104 1.56089 21.2946 5.95604 21.2946 11.3284C21.2946 13.5679 20.5578 15.7378 19.208 17.5007L17.7729 16.2821C18.8392 14.8599 19.4199 13.1237 19.4199 11.3284C19.4199 10.5303 19.3061 9.73999 19.0816 8.9791C18.8518 8.20418 17.7013 8.56264 17.9263 9.32515C18.1171 9.97303 18.2143 10.6471 18.2143 11.3284C18.2143 13.0352 17.5982 14.6805 16.4791 15.9598C16.2571 16.2125 16.282 16.6039 16.5426 16.8251L18.8976 18.8251C19.1488 19.0392 19.5254 19.0093 19.7403 18.7595C21.5199 16.7002 22.5 14.061 22.5 11.3284C22.5 5.08186 17.4533 0 11.25 0ZM5.92232 5.10479L4.59723 3.77074C6.22982 2.3118 8.33223 1.38368 10.6473 1.24423V3.13203C8.84812 3.26554 7.21125 3.98436 5.92232 5.10479ZM4.73036 16.2854L3.29732 17.5078C2.06705 15.9032 1.35107 13.9604 1.23027 11.9353H3.10473C3.22045 13.5134 3.78321 15.0231 4.73036 16.2854ZM3.11063 10.7215H1.23589C1.37438 8.39002 2.29607 6.27296 3.74491 4.629L5.07 5.96278C3.95705 7.26096 3.24295 8.90951 3.11063 10.7215Z\" fill=\"white\"\/>\n            <path d=\"M12.6139 14.4173C13.1812 13.8452 17.8757 7.64666 18.4093 6.94187C18.8218 6.39649 18.1524 5.69143 17.5955 6.06959C16.3854 6.88118 10.3187 10.961 9.74973 11.5339C8.96036 12.3288 8.96036 13.6224 9.74973 14.4173C10.5375 15.2105 11.8227 15.2138 12.6139 14.4173ZM10.6018 12.3919C10.8654 12.1303 13.0093 10.6433 15.2223 9.13553C13.5932 11.2674 12.0246 13.2936 11.7616 13.559C10.9947 14.3315 9.83464 13.1644 10.6018 12.3919Z\" fill=\"white\"\/>\n            <path d=\"M9.17598 17.7006H13.324C14.1217 17.7006 14.1217 16.4869 13.324 16.4869H9.17598C8.3783 16.4869 8.3783 17.7006 9.17598 17.7006Z\" fill=\"white\"\/>\n            <path d=\"M16.3227 18.7862H6.17759C5.37991 18.7862 5.37991 20 6.17759 20H16.3227C17.1201 20 17.1201 18.7862 16.3227 18.7862Z\" fill=\"white\"\/>\n            <\/svg>\n        <\/div>\n        <div class=\"flex flex-col justify-center\">\n            <span class=\"text-sm font-urb font-semibold text-gray-900\">Dificultad<\/span>\n            <span class=\"text-sm font-urb font-semibold text-gray-600\">Baixo<\/span>\n        <\/div>\n    <\/div>\n\n    <div class=\"flex w-6\/12 xl:w-1\/4 p-3\">\n        <div class=\"bg-gtp2 rounded-full w-14 h-14 flex items-center justify-center mr-2\">\n            \n                <svg width=\"24\" height=\"24\" viewBox=\"0 0 20 20\" fill=\"none\" xmlns=\"http:\/\/www.w3.org\/2000\/svg\">\n                <path d=\"M10 13.3333C9.34073 13.3333 8.69626 13.1378 8.1481 12.7716C7.59994 12.4053 7.17269 11.8847 6.9204 11.2756C6.66811 10.6665 6.6021 9.9963 6.73072 9.3497C6.85933 8.7031 7.1768 8.10915 7.64298 7.64298C8.10915 7.1768 8.7031 6.85933 9.3497 6.73072C9.9963 6.6021 10.6665 6.66811 11.2756 6.9204C11.8847 7.17269 12.4053 7.59994 12.7716 8.1481C13.1378 8.69626 13.3333 9.34073 13.3333 10C13.3333 10.8841 12.9821 11.7319 12.357 12.357C11.7319 12.9821 10.8841 13.3333 10 13.3333ZM10 8.33333C9.67036 8.33333 9.34813 8.43108 9.07405 8.61422C8.79997 8.79735 8.58635 9.05765 8.4602 9.3622C8.33405 9.66674 8.30105 10.0018 8.36536 10.3252C8.42967 10.6485 8.5884 10.9454 8.82149 11.1785C9.05458 11.4116 9.35155 11.5703 9.67485 11.6346C9.99815 11.699 10.3333 11.6659 10.6378 11.5398C10.9423 11.4137 11.2026 11.2 11.3858 10.926C11.5689 10.6519 11.6667 10.3296 11.6667 10C11.6667 9.55797 11.4911 9.13405 11.1785 8.82149C10.8659 8.50893 10.442 8.33333 10 8.33333ZM15 19.1667C15 17.8406 14.4732 16.5688 13.5355 15.6311C12.5979 14.6934 11.3261 14.1667 10 14.1667C8.67392 14.1667 7.40215 14.6934 6.46447 15.6311C5.52678 16.5688 5 17.8406 5 19.1667C5 19.3877 5.0878 19.5996 5.24408 19.7559C5.40036 19.9122 5.61232 20 5.83333 20C6.05435 20 6.26631 19.9122 6.42259 19.7559C6.57887 19.5996 6.66667 19.3877 6.66667 19.1667C6.66667 18.2826 7.01786 17.4348 7.64298 16.8096C8.2681 16.1845 9.11594 15.8333 10 15.8333C10.8841 15.8333 11.7319 16.1845 12.357 16.8096C12.9821 17.4348 13.3333 18.2826 13.3333 19.1667C13.3333 19.3877 13.4211 19.5996 13.5774 19.7559C13.7337 19.9122 13.9457 20 14.1667 20C14.3877 20 14.5996 19.9122 14.7559 19.7559C14.9122 19.5996 15 19.3877 15 19.1667ZM15 6.66667C14.3407 6.66667 13.6963 6.47117 13.1481 6.1049C12.5999 5.73863 12.1727 5.21803 11.9204 4.60895C11.6681 3.99986 11.6021 3.32964 11.7307 2.68303C11.8593 2.03643 12.1768 1.44249 12.643 0.976312C13.1092 0.510137 13.7031 0.192668 14.3497 0.0640506C14.9963 -0.0645668 15.6665 0.00144427 16.2756 0.253736C16.8847 0.506028 17.4053 0.93327 17.7716 1.48143C18.1378 2.0296 18.3333 2.67406 18.3333 3.33333C18.3333 4.21739 17.9821 5.06524 17.357 5.69036C16.7319 6.31548 15.8841 6.66667 15 6.66667ZM15 1.66667C14.6704 1.66667 14.3481 1.76442 14.074 1.94755C13.8 2.13069 13.5863 2.39099 13.4602 2.69553C13.3341 3.00007 13.301 3.33518 13.3654 3.65849C13.4297 3.98179 13.5884 4.27876 13.8215 4.51185C14.0546 4.74493 14.3515 4.90367 14.6748 4.96798C14.9982 5.03229 15.3333 4.99928 15.6378 4.87313C15.9423 4.74699 16.2026 4.53337 16.3858 4.25928C16.5689 3.9852 16.6667 3.66297 16.6667 3.33333C16.6667 2.89131 16.4911 2.46738 16.1785 2.15482C15.8659 1.84226 15.442 1.66667 15 1.66667ZM20 12.5C19.9987 11.1743 19.4715 9.90332 18.5341 8.96593C17.5967 8.02853 16.3257 7.50132 15 7.5C14.779 7.5 14.567 7.5878 14.4107 7.74408C14.2545 7.90036 14.1667 8.11232 14.1667 8.33333C14.1667 8.55435 14.2545 8.76631 14.4107 8.92259C14.567 9.07887 14.779 9.16667 15 9.16667C15.8841 9.16667 16.7319 9.51786 17.357 10.143C17.9821 10.7681 18.3333 11.6159 18.3333 12.5C18.3333 12.721 18.4211 12.933 18.5774 13.0893C18.7337 13.2455 18.9457 13.3333 19.1667 13.3333C19.3877 13.3333 19.5996 13.2455 19.7559 13.0893C19.9122 12.933 20 12.721 20 12.5ZM5 6.66667C4.34073 6.66667 3.69626 6.47117 3.1481 6.1049C2.59994 5.73863 2.17269 5.21803 1.9204 4.60895C1.66811 3.99986 1.6021 3.32964 1.73072 2.68303C1.85933 2.03643 2.1768 1.44249 2.64298 0.976312C3.10915 0.510137 3.7031 0.192668 4.3497 0.0640506C4.9963 -0.0645668 5.66652 0.00144427 6.27561 0.253736C6.8847 0.506028 7.40529 0.93327 7.77156 1.48143C8.13784 2.0296 8.33333 2.67406 8.33333 3.33333C8.33333 4.21739 7.98214 5.06524 7.35702 5.69036C6.7319 6.31548 5.88405 6.66667 5 6.66667ZM5 1.66667C4.67036 1.66667 4.34813 1.76442 4.07405 1.94755C3.79997 2.13069 3.58635 2.39099 3.4602 2.69553C3.33405 3.00007 3.30105 3.33518 3.36536 3.65849C3.42967 3.98179 3.5884 4.27876 3.82149 4.51185C4.05458 4.74493 4.35155 4.90367 4.67485 4.96798C4.99815 5.03229 5.33326 4.99928 5.63781 4.87313C5.94235 4.74699 6.20265 4.53337 6.38578 4.25928C6.56892 3.9852 6.66667 3.66297 6.66667 3.33333C6.66667 2.89131 6.49107 2.46738 6.17851 2.15482C5.86595 1.84226 5.44203 1.66667 5 1.66667ZM1.66667 12.5C1.66667 11.6159 2.01786 10.7681 2.64298 10.143C3.2681 9.51786 4.11594 9.16667 5 9.16667C5.22101 9.16667 5.43297 9.07887 5.58926 8.92259C5.74554 8.76631 5.83333 8.55435 5.83333 8.33333C5.83333 8.11232 5.74554 7.90036 5.58926 7.74408C5.43297 7.5878 5.22101 7.5 5 7.5C3.67432 7.50132 2.40332 8.02853 1.46593 8.96593C0.528533 9.90332 0.00132369 11.1743 0 12.5C0 12.721 0.0877974 12.933 0.244078 13.0893C0.400358 13.2455 0.61232 13.3333 0.833333 13.3333C1.05435 13.3333 1.26631 13.2455 1.42259 13.0893C1.57887 12.933 1.66667 12.721 1.66667 12.5Z\" fill=\"white\"\/>\n                <\/svg>\n\n        <\/div>\n        <div class=\"flex flex-col justify-center\">\n            <span class=\"text-sm font-urb font-semibold text-gray-900\">Nro Paxs<\/span>\n            <span class=\"text-sm font-urb font-semibold text-gray-600\">At\u00e9 16<\/span>\n        <\/div>\n    <\/div>\n\n  \n\n    <div class=\"flex w-6\/12 xl:w-1\/4 p-3\">\n        <div class=\"bg-gtp2 rounded-full w-14 h-14 flex items-center justify-center mr-2\">\n            \n            <svg width=\"28\" height=\"26\" viewBox=\"0 0 20 20\" fill=\"none\" xmlns=\"http:\/\/www.w3.org\/2000\/svg\">\n            <path d=\"M10.6122 6.12931V4.4898H15.0723L13.9498 2.2449L15.0723 0H9.38775V6.12931L0.115143 19.0263L0 19.1905V20H19.3878L20 19.9959V19.1864L10.6122 6.12931ZM10.6122 1.22449H13.091L12.5808 2.2449L13.091 3.26531H10.6122V1.22449ZM10 7.37531L13.8588 12.7424L12.3853 13.7463L10 12.1131L7.61465 13.7463L6.14118 12.7424L10 7.37531ZM1.80359 18.7755L5.42616 13.737L7.61637 15.2292L10 13.5971L12.3836 15.2292L14.5738 13.7369L18.1964 18.7755H1.80359Z\" fill=\"white\"\/>\n            <\/svg>\n\n        <\/div>\n        <div class=\"flex flex-col justify-center\">\n            <span class=\"text-sm font-urb font-semibold text-gray-900\">Max. Altitud:<\/span>\n            <span class=\"text-sm font-urb font-semibold text-gray-600\">3.869 m s. n. m.<\/span>\n        <\/div>\n    <\/div>\n<\/div>\n\n<\/div>\n\n<div class=\"responsive-tabs\">\n<h2 class=\"tabtitle\"><span class=\"fa fa-tasks\"><\/span>Itiner\u00e1rio<\/h2>\n<div class=\"tabcontent\">\n\n\n\n\n<div class=\"wp-block-advgb-accordions advgb-accordions-5a71c8f6-9bdd-40ff-821b-c73160488f2e advgb-accordion-wrapper\" data-collapsed=\"true\">\n<div class=\"wp-block-advgb-accordion-item advgb-accordion-item\" style=\"margin-bottom:15px\"><div class=\"advgb-accordion-header\" style=\"background-color:#ffffff;color:#000000;border-style:solid;border-width:1px;border-radius:2px\"><span class=\"advgb-accordion-header-icon accordion-state\"><svg class=\"advgb-icon-closed\" fill=\"#fd7f47\" xmlns=\"http:\/\/www.w3.org\/2000\/svg\" width=\"24\" height=\"24\" viewBox=\"0 0 24 24\"><path opacity=\"0.87\" fill=\"none\" d=\"M24,24H0L0,0l24,0V24z\"><\/path><path d=\"M16.59,8.59L12,13.17L7.41,8.59L6,10l6,6l6-6L16.59,8.59z\"><\/path><\/svg><svg class=\"advgb-icon-opened\" fill=\"#fd7f47\" xmlns=\"http:\/\/www.w3.org\/2000\/svg\" width=\"24\" height=\"24\" viewBox=\"0 0 24 24\"><path opacity=\"0.87\" fill=\"none\" d=\"M24,24H0L0,0l24,0V24z\"><\/path><path d=\"M7.41,15.41L12,10.83l4.59,4.58L18,14l-6-6l-6,6L7.41,15.41z\"><\/path><\/svg><\/span><h3 class=\"advgb-accordion-header-title\" style=\"color:inherit\">D\u00eda 1: La Paz<\/h3><\/div><div class=\"advgb-accordion-body\" style=\"border-style:solid !important;border-width:1px !important;border-color:undefined !important;border-top:none !important;border-radius:2px !important\">\n<p class=\"wp-block-paragraph\">Ap\u00f3s a chegada \u00e0 impressionante cidade de La Paz, um representante da nossa ag\u00eancia de viagens estar\u00e1 \u00e0 vossa espera para vos dar as boas-vindas.<\/p>\n\n\n\n<p class=\"wp-block-paragraph\">Em seguida, ser-lhe-\u00e1 fornecido o itiner\u00e1rio da sua excurs\u00e3o que garantir\u00e1 uma experi\u00eancia inesquec\u00edvel.<\/p>\n\n\n\n<p class=\"wp-block-paragraph\">Tempo livre em La Paz.<\/p>\n\n\n\n<p class=\"wp-block-paragraph\">Pernoite em La Paz.<\/p>\n<\/div><\/div>\n\n\n\n<div class=\"wp-block-advgb-accordion-item advgb-accordion-item\" style=\"margin-bottom:15px\"><div class=\"advgb-accordion-header\" style=\"background-color:#ffffff;color:#000000;border-style:solid;border-width:1px;border-radius:2px\"><span class=\"advgb-accordion-header-icon accordion-state\"><svg class=\"advgb-icon-closed\" fill=\"#fd7f47\" xmlns=\"http:\/\/www.w3.org\/2000\/svg\" width=\"24\" height=\"24\" viewBox=\"0 0 24 24\"><path opacity=\"0.87\" fill=\"none\" d=\"M24,24H0L0,0l24,0V24z\"><\/path><path d=\"M16.59,8.59L12,13.17L7.41,8.59L6,10l6,6l6-6L16.59,8.59z\"><\/path><\/svg><svg class=\"advgb-icon-opened\" fill=\"#fd7f47\" xmlns=\"http:\/\/www.w3.org\/2000\/svg\" width=\"24\" height=\"24\" viewBox=\"0 0 24 24\"><path opacity=\"0.87\" fill=\"none\" d=\"M24,24H0L0,0l24,0V24z\"><\/path><path d=\"M7.41,15.41L12,10.83l4.59,4.58L18,14l-6-6l-6,6L7.41,15.41z\"><\/path><\/svg><\/span><h3 class=\"advgb-accordion-header-title\" style=\"color:inherit\">Dia 2: Tiwanaku &#8211; City Tour na Cidade de la Paz<\/h3><\/div><div class=\"advgb-accordion-body\" style=\"border-style:solid !important;border-width:1px !important;border-color:undefined !important;border-top:none !important;border-radius:2px !important\">\n<p class=\"wp-block-paragraph\">Caf\u00e9 da manh\u00e3 hotel.<\/p>\n\n\n\n<p class=\"wp-block-paragraph\">Come\u00e7aremos nossa extraordin\u00e1ria aventura com uma viagem de 1: 30 minutos a Tiwanaku, conhecida como o \u201cBer\u00e7o da civiliza\u00e7\u00e3o americana\u201d. Este importante lugar arqueol\u00f3gico \u00e9 um dos mais antigos das culturas andinas, impressiona pela monumentalidade de seus vest\u00edgios e pela perfei\u00e7\u00e3o da sua t\u00e9cnica construtiva e decorativa.<\/p>\n\n\n\n<p class=\"wp-block-paragraph\">Visitaremos uma variedade de locais de interesse, desde museus de Tiwanaku \u00e0s ru\u00ednas da Pir\u00e2mide Akapana, o templo de Kalasasaya, a Puerta del Sol e os mon\u00f3litos Fraile e Ponce, bem como o templo semi-subterr\u00e2neo. Voc\u00ea tamb\u00e9m ter\u00e1 a oportunidade de apreciar o artesanato local, incluindo pequenas pedras cuidadosamente esculpidas, Amuletos Tiwanacota e Aymara, bem como cer\u00e2mica, como vasos cerimoniais e incensos.<\/p>\n\n\n\n<p class=\"wp-block-paragraph\">Al\u00e9m disso, exploraremos o Templo Puma Punku, reconhecido como um pr\u00e9- Inca, antes de retornar ao hotel.<\/p>\n\n\n\n<p class=\"wp-block-paragraph\">\u00c0s 14h, continuaremos explorando esta encantadora cidade em paz com o CITY TOUR, para apreciar seus aspectos culturais, hist\u00f3ricos, arquitet\u00f4nicos e natural.<\/p>\n\n\n\n<p class=\"wp-block-paragraph\">Visitaremos a pra\u00e7a principal \u2018Pedro Domingo Murillo\u2019, a Catedral Metropolitano, o Congresso Nacional e o Pal\u00e1cio do Governo (vista exterior).<\/p>\n\n\n\n<p class=\"wp-block-paragraph\">Visitaremos tamb\u00e9m o Museu dos Metais Preciosos (fechado \u00e0s segundas-feiras) e o Miradouro Killi Killi, de onde se pode desfrutar de uma vista panor\u00e2mica da cidade de La Paz e da imponente montanha coberta de neve de Illimani.<\/p>\n\n\n\n<p class=\"wp-block-paragraph\">Depois vamos em dire\u00e7\u00e3o ao sul para observar a mudan\u00e7a no clima e estilo arquitet\u00f4nico das casas, antes de chegar ao Vale da Lua, local que desafiar\u00e1 a sua imagina\u00e7\u00e3o com suas forma\u00e7\u00f5es rochosas que lembram crateras vulc\u00e2nicas, gerando a sensa\u00e7\u00e3o de estar num deserto lunar.<\/p>\n\n\n\n<p class=\"wp-block-paragraph\">Voc\u00ea tamb\u00e9m ter\u00e1 a oportunidade de passear em um dos telef\u00e9ricos da cidade e terminaremos o dia visitando o mercado das bruxas, onde os moradores locais compram produtos necess\u00e1rios para cerim\u00f4nias e rituais, como Challa e oferendas \u00e0 Pachamama (m\u00e3e terra).<\/p>\n\n\n\n<p class=\"wp-block-paragraph\">Voltaremos ao hotel para descansar.<\/p>\n\n\n\n<p class=\"wp-block-paragraph\">Alojamento em La Paz.<\/p>\n<\/div><\/div>\n\n\n\n<div class=\"wp-block-advgb-accordion-item advgb-accordion-item\" style=\"margin-bottom:15px\"><div class=\"advgb-accordion-header\" style=\"background-color:#ffffff;color:#000000;border-style:solid;border-width:1px;border-radius:2px\"><span class=\"advgb-accordion-header-icon accordion-state\"><svg class=\"advgb-icon-closed\" fill=\"#fd7f47\" xmlns=\"http:\/\/www.w3.org\/2000\/svg\" width=\"24\" height=\"24\" viewBox=\"0 0 24 24\"><path opacity=\"0.87\" fill=\"none\" d=\"M24,24H0L0,0l24,0V24z\"><\/path><path d=\"M16.59,8.59L12,13.17L7.41,8.59L6,10l6,6l6-6L16.59,8.59z\"><\/path><\/svg><svg class=\"advgb-icon-opened\" fill=\"#fd7f47\" xmlns=\"http:\/\/www.w3.org\/2000\/svg\" width=\"24\" height=\"24\" viewBox=\"0 0 24 24\"><path opacity=\"0.87\" fill=\"none\" d=\"M24,24H0L0,0l24,0V24z\"><\/path><path d=\"M7.41,15.41L12,10.83l4.59,4.58L18,14l-6-6l-6,6L7.41,15.41z\"><\/path><\/svg><\/span><h3 class=\"advgb-accordion-header-title\" style=\"color:inherit\">Dia 3: La Paz Uyuni De V\u00f4ouelo<\/h3><\/div><div class=\"advgb-accordion-body\" style=\"border-style:solid !important;border-width:1px !important;border-color:undefined !important;border-top:none !important;border-radius:2px !important\">\n<p class=\"wp-block-paragraph\">Caf\u00e9 da manh\u00e3 leve no hotel cedo.<\/p>\n\n\n\n<p class=\"wp-block-paragraph\">No hor\u00e1rio indicado, traslado ao aeroporto para embarque no v\u00f4o de La Paz a Uyuni (1 hora de voo).<\/p>\n\n\n\n<p class=\"wp-block-paragraph\">Ao chegar na cidade de Uyuni, iremos lev\u00e1-lo ao nosso escrit\u00f3rio para come\u00e7ar a conhecer, a explorar de uma das maravilhas tur\u00edsticas da Bol\u00edvia.<\/p>\n\n\n\n<p class=\"wp-block-paragraph\">Come\u00e7aremos nossa excurs\u00e3o com uma visita ao Cemit\u00e9rio de Trem, localizado a apenas 10 minutos de Uyuni. Depois iremos para Colchani, onde exploraremos o mercado artesanal e as lojas que oferecem produtos confeccionados de sal, al\u00e9m de tecidos de l\u00e3 de lhama e alpaca.<\/p>\n\n\n\n<p class=\"wp-block-paragraph\">Teremos tamb\u00e9m a oportunidade de observar o processo artesanal do sal.<\/p>\n\n\n\n<p class=\"wp-block-paragraph\">Continuaremos o nosso dia com uma visita \u00e0s Pilhas de Sal, os olhos de \u00e1gua salgada, o monumento ao Rally Dakar e a Plaza de las Banderas mundo. Depois iremos ao Primer Hotel de Sal, um restaurante museu onde desfrutaremos de um piquenique no Salar, com toalhas de mesa e almofadas coloridas.<\/p>\n\n\n\n<p class=\"wp-block-paragraph\">Ap\u00f3s o almo\u00e7o exploraremos a Ilha Incahuasi, conhecida por seus cactos gigantes. Faremos uma caminhada at\u00e9 o topo da ilha, de onde Desfrutaremos de uma vista panor\u00e2mica do Salar de Uyuni em sua totalidade. Aqui, voc\u00eas ter\u00e3o a oportunidade de tirar fotografias e v\u00eddeos com perspectivas \u00fanicas.<\/p>\n\n\n\n<p class=\"wp-block-paragraph\">Ao retornar ao salar, presenciaremos o impressionante p\u00f4r do sol, criando um efeito de espelho na superf\u00edcie. Posteriormente retornaremos \u00e0 cidade e o transferiremos ao hotel Elecci\u00f3n.<\/p>\n<\/div><\/div>\n\n\n\n<div class=\"wp-block-advgb-accordion-item advgb-accordion-item\" style=\"margin-bottom:15px\"><div class=\"advgb-accordion-header\" style=\"background-color:#ffffff;color:#000000;border-style:solid;border-width:1px;border-radius:2px\"><span class=\"advgb-accordion-header-icon accordion-state\"><svg class=\"advgb-icon-closed\" fill=\"#fd7f47\" xmlns=\"http:\/\/www.w3.org\/2000\/svg\" width=\"24\" height=\"24\" viewBox=\"0 0 24 24\"><path opacity=\"0.87\" fill=\"none\" d=\"M24,24H0L0,0l24,0V24z\"><\/path><path d=\"M16.59,8.59L12,13.17L7.41,8.59L6,10l6,6l6-6L16.59,8.59z\"><\/path><\/svg><svg class=\"advgb-icon-opened\" fill=\"#fd7f47\" xmlns=\"http:\/\/www.w3.org\/2000\/svg\" width=\"24\" height=\"24\" viewBox=\"0 0 24 24\"><path opacity=\"0.87\" fill=\"none\" d=\"M24,24H0L0,0l24,0V24z\"><\/path><path d=\"M7.41,15.41L12,10.83l4.59,4.58L18,14l-6-6l-6,6L7.41,15.41z\"><\/path><\/svg><\/span><h3 class=\"advgb-accordion-header-title\" style=\"color:inherit\">D\u00eda 4: Uyuni \u2013 La Paz<\/h3><\/div><div class=\"advgb-accordion-body\" style=\"border-style:solid !important;border-width:1px !important;border-color:undefined !important;border-top:none !important;border-radius:2px !important\">\n<p class=\"wp-block-paragraph\">Caf\u00e9 da manh\u00e3 no hotel.<\/p>\n\n\n\n<p class=\"wp-block-paragraph\">No hor\u00e1rio indicado, traslado ao aeroporto para embarque em v\u00f4o com destino a La Paz.<\/p>\n\n\n\n<p class=\"wp-block-paragraph\">Uma vez na cidade da paz, traslado ao hotel de sua escolha.<\/p>\n\n\n\n<p class=\"wp-block-paragraph\">Descanse e aproveite sua estadia no hotel escolhido!<\/p>\n<\/div><\/div>\n\n\n\n<div class=\"wp-block-advgb-accordion-item advgb-accordion-item\" style=\"margin-bottom:15px\"><div class=\"advgb-accordion-header\" style=\"background-color:#ffffff;color:#000000;border-style:solid;border-width:1px;border-radius:2px\"><span class=\"advgb-accordion-header-icon accordion-state\"><svg class=\"advgb-icon-closed\" fill=\"#fd7f47\" xmlns=\"http:\/\/www.w3.org\/2000\/svg\" width=\"24\" height=\"24\" viewBox=\"0 0 24 24\"><path opacity=\"0.87\" fill=\"none\" d=\"M24,24H0L0,0l24,0V24z\"><\/path><path d=\"M16.59,8.59L12,13.17L7.41,8.59L6,10l6,6l6-6L16.59,8.59z\"><\/path><\/svg><svg class=\"advgb-icon-opened\" fill=\"#fd7f47\" xmlns=\"http:\/\/www.w3.org\/2000\/svg\" width=\"24\" height=\"24\" viewBox=\"0 0 24 24\"><path opacity=\"0.87\" fill=\"none\" d=\"M24,24H0L0,0l24,0V24z\"><\/path><path d=\"M7.41,15.41L12,10.83l4.59,4.58L18,14l-6-6l-6,6L7.41,15.41z\"><\/path><\/svg><\/span><h3 class=\"advgb-accordion-header-title\" style=\"color:inherit\">D\u00eda 5: La Paz &#8211; Transfer<\/h3><\/div><div class=\"advgb-accordion-body\" style=\"border-style:solid !important;border-width:1px !important;border-color:undefined !important;border-top:none !important;border-radius:2px !important\">\n<p class=\"wp-block-paragraph\">Caf\u00e9 da manh\u00e3 no hotel.<\/p>\n\n\n\n<p class=\"wp-block-paragraph\">No hor\u00e1rio combinado, traslado ao aeroporto ou terminal para embarque no voo ou transporte.<\/p>\n\n\n\n<p class=\"wp-block-paragraph\">Junte-se a n\u00f3s nesta emocionante jornada e crie mem\u00f3rias inesquec\u00edveis em a incr\u00edvel terra da Bol\u00edvia e o impressionante Salar de Uyuni!<\/p>\n<\/div><\/div>\n<\/div>\n\n\n\n<\/div><h2 class=\"tabtitle\"><span class=\"fa fa-list\"><\/span>Inclui<\/h2>\n<div class=\"tabcontent\">\n\n\n\n\n<h2 id=\"h-tour-inclui\" class=\"wp-block-heading\">Tour Inclui<\/h2>\n\n\n\n<div class=\"wp-block-advgb-list\"><ul class=\"advgblist-70c4c58d-8ffd-410d-99d6-66659d682975 advgb-list advgb-list-yes\">\n<li class=\"wp-block-advgb-list-item\">Traslados de entrada e sa\u00edda na cidade de La Paz e Uyuni.<\/li>\n\n\n\n<li class=\"wp-block-advgb-list-item\">Excurs\u00f5es mencionadas no roteiro.<\/li>\n\n\n\n<li class=\"wp-block-advgb-list-item\">Templo Tiwanaku (meio dia).<\/li>\n\n\n\n<li class=\"wp-block-advgb-list-item\">City Tour La Paz (meio dia).<\/li>\n\n\n\n<li class=\"wp-block-advgb-list-item\">Tour Salar de Uyuni + Almo\u00e7o + P\u00f4r do sol no Salar.<\/li>\n\n\n\n<li class=\"wp-block-advgb-list-item\">03 noites de hospedagem na cidade de La Paz com caf\u00e9 da manh\u00e3.<\/li>\n\n\n\n<li class=\"wp-block-advgb-list-item\">01 noite de hospedagem na cidade de Uyuni com caf\u00e9 da manh\u00e3.<\/li>\n\n\n\n<li class=\"wp-block-advgb-list-item\">Alimenta\u00e7\u00e3o de acordo com o roteiro.<\/li>\n\n\n\n<li class=\"wp-block-advgb-list-item\">Ingressos e\/ou ingressos de acordo com o roteiro.<\/li>\n<\/ul><\/div>\n\n\n\n<h2 id=\"h-tour-nao-inclui\" class=\"wp-block-heading\">Tour n\u00e3o Inclui<\/h2>\n\n\n\n<div class=\"wp-block-advgb-list\"><ul class=\"advgblist-8d271cc2-4428-4a67-8e81-eecf88f4bca2 advgb-list advgb-list-no\">\n<li class=\"wp-block-advgb-list-item\">Passagens A\u00e9reas Internacionais.<\/li>\n\n\n\n<li class=\"wp-block-advgb-list-item\">Passagens A\u00e9reas Nacionais.<\/li>\n\n\n\n<li class=\"wp-block-advgb-list-item\">Alimenta\u00e7\u00e3o n\u00e3o mencionada no roteiro.<\/li>\n\n\n\n<li class=\"wp-block-advgb-list-item\">Gorjetas.<\/li>\n\n\n\n<li class=\"wp-block-advgb-list-item\">Outros n\u00e3o especificados.<\/li>\n<\/ul><\/div>\n\n\n\n<h2 id=\"h-contate-nos\" class=\"wp-block-heading\">Contate-nos<\/h2>\n\n\n\n<div class=\"wp-block-advgb-list\"><ul class=\"advgblist-2be2ea16-ca18-4021-a869-dd75742cb613 advgb-list advgb-list-arrow-right-alt2\">\n<li class=\"wp-block-advgb-list-item\">reserve@grouptravelperu.com<\/li>\n\n\n\n<li class=\"wp-block-advgb-list-item\">info@grouptravelperu.com<\/li>\n<\/ul><\/div>\n\n\n\n<\/div><h2 class=\"tabtitle\"><span class=\"fa fa-info-circle\"><\/span>Mais informa\u00e7\u00e3o<\/h2>\n<div class=\"tabcontent\">\n\n\n\n\n<h2 class=\"wp-block-heading\">Mais informa\u00e7\u00f5es sobre o roteiro Bol\u00edvia Cl\u00e1ssico e Salar de Uyuni 5 dias<\/h2>\n\n\n\n<p class=\"wp-block-paragraph\">Conectar a riqueza cultural dos Andes com a imensid\u00e3o do maior deserto de sal do mundo exige planejamento log\u00edstico impec\u00e1vel. A Bol\u00edvia \u00e9 um destino de contrastes extremos, onde a geografia imponente dita o ritmo da viagem.<\/p>\n\n\n\n<p class=\"wp-block-paragraph\">Milhares de viajantes j\u00e1 confiaram em nossos especialistas para desvendar essas rotas com total seguran\u00e7a. Contar com guias locais certificados, que conhecem cada detalhe da varia\u00e7\u00e3o clim\u00e1tica e da altitude, \u00e9 fundamental.<\/p>\n\n\n\n<p class=\"wp-block-paragraph\">Este roteiro de cinco dias percorre desde os mist\u00e9rios de civiliza\u00e7\u00f5es pr\u00e9-incaicas at\u00e9 plan\u00edcies de sal com mais de <strong>10.500 quil\u00f4metros quadrados<\/strong>. \u00c9 a combina\u00e7\u00e3o perfeita de hist\u00f3ria milenar e belezas naturais incompar\u00e1veis.<\/p>\n\n\n\n<h3 class=\"wp-block-heading\">O que esperar deste pacote Bol\u00edvia cl\u00e1ssica<\/h3>\n\n\n\n<p class=\"wp-block-paragraph\">Um itiner\u00e1rio inteligente permite vivenciar os grandes atrativos sem o desgaste comum das viagens em grandes altitudes. O programa tem in\u00edcio na vibrante capital administrativa do pa\u00eds.<\/p>\n\n\n\n<p class=\"wp-block-paragraph\">Durante o City Tour La Paz, voc\u00ea observar\u00e1 a cidade de um \u00e2ngulo privilegiado utilizando a maior rede de telef\u00e9ricos urbanos do mundo. A poucos quil\u00f4metros dali, o percurso desce para explorar as impressionantes forma\u00e7\u00f5es geol\u00f3gicas no Vale da Lua La Paz.<\/p>\n\n\n\n<p class=\"wp-block-paragraph\">No dia seguinte, a imers\u00e3o hist\u00f3rica ganha destaque com o tour arqueol\u00f3gico Tiwanaku. Voc\u00ea conhecer\u00e1 as ru\u00ednas da capital de um dos imp\u00e9rios mais antigos das Am\u00e9ricas, que floresceu muito antes dos Incas.<\/p>\n\n\n\n<h3 class=\"wp-block-heading\">A import\u00e2ncia de incluir um voo La Paz Uyuni<\/h3>\n\n\n\n<p class=\"wp-block-paragraph\">As dist\u00e2ncias no altiplano boliviano s\u00e3o vastas e as estradas podem ser desafiadoras. Muitos viajantes perdem dias inteiros de suas f\u00e9rias dentro de \u00f4nibus noturnos.<\/p>\n\n\n\n<p class=\"wp-block-paragraph\">Para otimizar o tempo e preservar a sua energia, este pacote tur\u00edstico La Paz Tiwanaku e Salar de Uyuni prioriza o transporte a\u00e9reo. Um voo La Paz Uyuni reduz uma exaustiva viagem de doze horas para apenas <strong>45 minutos<\/strong>.<\/p>\n\n\n\n<p class=\"wp-block-paragraph\">Se voc\u00ea deseja vivenciar esta expedi\u00e7\u00e3o com total conforto e sem contratempos, na Group Travel cuidamos de todas as reservas e detalhes operacionais para voc\u00ea focar apenas em aproveitar.<\/p>\n\n\n\n<h3 class=\"wp-block-heading\">O que inclui o melhor pacote Bol\u00edvia 5 dias com Salar de Uyuni inclu\u00eddo<\/h3>\n\n\n\n<p class=\"wp-block-paragraph\">Realizar um roteiro completo acima de <strong>3.600 metros<\/strong> de altitude requer uma estrutura s\u00f3lida e ve\u00edculos devidamente inspecionados.<\/p>\n\n\n\n<p class=\"wp-block-paragraph\">Abaixo, detalhamos a composi\u00e7\u00e3o dos servi\u00e7os para que voc\u00ea compreenda a din\u00e2mica da viagem:<\/p>\n\n\n\n<figure class=\"wp-block-table is-style-stripes\"><table class=\"has-fixed-layout\"><thead><tr><td><strong>Servi\u00e7os inclu\u00eddos no roteiro<\/strong><\/td><td><strong>Servi\u00e7os n\u00e3o inclu\u00eddos no pacote<\/strong><\/td><\/tr><\/thead><tbody><tr><td>Voo interno La Paz \u2013 Uyuni (ida e volta)<\/td><td>Passagens a\u00e9reas internacionais<\/td><\/tr><tr><td>Transporte em jipe 4&#215;4 no deserto de sal<\/td><td>Refei\u00e7\u00f5es n\u00e3o mencionadas no itiner\u00e1rio<\/td><\/tr><tr><td>Hospedagem de qualidade com caf\u00e9 da manh\u00e3<\/td><td>Gorjetas e despesas de car\u00e1ter pessoal<\/td><\/tr><tr><td>Guias bil\u00edngues e ingressos das atra\u00e7\u00f5es<\/td><td>Seguro viagem e m\u00e9dico internacional<\/td><\/tr><\/tbody><\/table><\/figure>\n\n\n\n<h3 class=\"wp-block-heading\">Erros comuns no altiplano e como evit\u00e1-los<\/h3>\n\n\n\n<p class=\"wp-block-paragraph\">Explorar a regi\u00e3o andina sem a devida prepara\u00e7\u00e3o pode gerar desconfortos severos. A altitude e a intensa radia\u00e7\u00e3o solar n\u00e3o devem ser subestimadas em nenhum momento.<\/p>\n\n\n\n<p class=\"wp-block-paragraph\">Para garantir o sucesso do seu roteiro Bol\u00edvia 5 dias La Paz Uyuni tudo inclu\u00eddo, siga estes conselhos valiosos:<\/p>\n\n\n\n<ol start=\"1\" class=\"wp-block-list\">\n<li>Caminhe lentamente no primeiro dia para facilitar a aclimata\u00e7\u00e3o natural do corpo.<\/li>\n\n\n\n<li>Vista-se em camadas, pois as temperaturas oscilam drasticamente entre a manh\u00e3 e a noite.<\/li>\n\n\n\n<li>Hidrate-se constantemente e evite refei\u00e7\u00f5es pesadas antes dos passeios longos.<\/li>\n\n\n\n<li>Aplique protetor solar de alto fator e utilize \u00f3culos escuros com prote\u00e7\u00e3o UV certificada.<\/li>\n<\/ol>\n\n\n\n<h3 class=\"wp-block-heading\">Informa\u00e7\u00f5es sobre clima e investimento referencial<\/h3>\n\n\n\n<p class=\"wp-block-paragraph\">O planejamento financeiro e a escolha da data ideal mudam completamente a experi\u00eancia fotogr\u00e1fica. O clima andino possui duas esta\u00e7\u00f5es muito bem definidas.<\/p>\n\n\n\n<p class=\"wp-block-paragraph\">A <strong>temporada seca<\/strong>, entre maio e novembro, entrega dias ensolarados, ideais para o tour Tiwanaku Bol\u00edvia e para observar as formas poligonais de sal.<\/p>\n\n\n\n<p class=\"wp-block-paragraph\">A <strong>temporada de chuvas<\/strong>, de janeiro a mar\u00e7o, \u00e9 a \u00e9poca procurada para ver o famoso efeito espelho no Salar. O valor de um pacote La Paz e Salar de Uyuni com excelente infraestrutura varia entre <strong>$750 e $950 USD<\/strong> por pessoa.<\/p>\n\n\n\n<p class=\"wp-block-paragraph\">Se voc\u00ea tem interesse em expandir sua jornada andina, considere conectar esta experi\u00eancia com um passeio pelo m\u00edstico <strong><a href=\"https:\/\/grouptravelperu.com\/pt-br\/puno\/aventura-no-lago-titicaca-ilha-dos-uros-taquile-noite-nas-ilhas-flutuantes\/\">Lago Titicaca<\/a><\/strong> ou seguir at\u00e9 o Peru para a ic\u00f4nica <strong><a href=\"https:\/\/grouptravelperu.com\/pt-br\/puno\/tour-rota-sol-cusco-puno-vice-versa\/\">Rota do Sol Cusco Puno<\/a><\/strong>.<\/p>\n\n\n\n<\/div><h2 class=\"tabtitle\"><span class=\"fa fa-credit-card\"><\/span>Pre\u00e7os<\/h2>\n<div class=\"tabcontent\">\n\n\n\n\n<h2 id=\"h-quanto-custa\" class=\"wp-block-heading\">QUANTO CUSTA?<\/h2>\n\n\n\n<p class=\"wp-block-paragraph\">Temos pre\u00e7os alternativos para atender a todos os or\u00e7amentos, pre\u00e7os por pessoa, expressos em d\u00f3lares americanos.<\/p>\n\n\n\n<p class=\"wp-block-paragraph\">Fa\u00e7a suas cota\u00e7\u00f5es e reservas pelo e-mail info@grouptravelperu.com. Voc\u00ea tamb\u00e9m pode entrar em contato com um de nossos executivos de vendas pelos n\u00fameros de telefone abaixo, teremos prazer em ajud\u00e1-lo.<\/p>\n\n\n\n<div class=\"wp-block-advgb-list\"><ul class=\"advgblist-58b915a4-707d-4d41-8432-a1c02b29558e advgb-list advgb-list-arrow-right-alt2\">\n<li class=\"wp-block-advgb-list-item\">Celular &#8211; WhatsApp: +51 986 200 097<\/li>\n\n\n\n<li class=\"wp-block-advgb-list-item\">Celular &#8211; WhatsApp: +51 986 994 218<\/li>\n<\/ul><\/div>\n\n\n\n<h2 id=\"h-como-reservar\" class=\"wp-block-heading\">COMO RESERVAR?<\/h2>\n\n\n\n<p class=\"wp-block-paragraph\">Para iniciar o processo de reserva, envie-nos as seguintes informa\u00e7\u00f5es:<\/p>\n\n\n\n<div class=\"wp-block-advgb-list\"><ul class=\"advgblist-af6a1692-396b-463f-abef-e69ae5586be4 advgb-list advgb-list-controls-play\">\n<li class=\"wp-block-advgb-list-item\">Nome e sobrenome:<\/li>\n\n\n\n<li class=\"wp-block-advgb-list-item\">N\u00famero do passaporte:<\/li>\n\n\n\n<li class=\"wp-block-advgb-list-item\">Nacionalidade:<\/li>\n\n\n\n<li class=\"wp-block-advgb-list-item\">Data de nascimento<\/li>\n\n\n\n<li class=\"wp-block-advgb-list-item\">Sexo:<\/li>\n\n\n\n<li class=\"wp-block-advgb-list-item\">Telefone:<\/li>\n<\/ul><\/div>\n\n\n\n<p class=\"wp-block-paragraph\">Suas informa\u00e7\u00f5es s\u00e3o muito importantes sobre su hotel en la ciudad del Cusco, para poder recogerlo all\u00ed al momento de comenzar el tour.<br>Para confirmar las reservas se requiere un 50% del pago por adelantado y el otro 50% podr\u00e1 pagarlo a la llegada de su destino.<\/p>\n\n\n\n<h2 id=\"h-metodos-de-pagamento\" class=\"wp-block-heading\">M\u00c9TODOS DE PAGAMENTO<\/h2>\n\n\n\n<div class=\"wp-block-advgb-list\"><ul class=\"advgblist-12e78a9f-ca9a-4b5d-acd7-164da6f9c14d advgb-list advgb-list-info-outline\">\n<li class=\"wp-block-advgb-list-item\">IZIPAY<\/li>\n\n\n\n<li class=\"wp-block-advgb-list-item\">PAYPAL<\/li>\n\n\n\n<li class=\"wp-block-advgb-list-item\">WESTER UNION<\/li>\n\n\n\n<li class=\"wp-block-advgb-list-item\">TRANSFER\u00caNCIA PARA NOSSA CONTA BANC\u00c1RIA<\/li>\n\n\n\n<li class=\"wp-block-advgb-list-item\">MONEYGRAM<\/li>\n<\/ul><\/div>\n\n\n\n<div class=\"wp-block-advgb-button alignnone\"><a class=\"wp-block-advgb-button_link advgbbtn-dc62f237-4631-43e5-a662-97210f33345c\" href=\"#\" target=\"_blank\" rel=\"noopener noreferrer\"><span>M\u00e9todos de Pagamento<\/span><\/a><\/div>\n\n\n\n<\/div><h2 class=\"tabtitle\"><span class=\"fa fa-question-circle\"><\/span>FAQs<\/h2>\n<div class=\"tabcontent\">\n\n\n\n\n<h2 class=\"wp-block-heading\">Perguntas frequentes sobre o roteiro Bol\u00edvia Cl\u00e1ssico e Salar de Uyuni 5 dias<\/h2>\n\n\n\n<div class=\"schema-faq wp-block-yoast-faq-block\"><div class=\"schema-faq-section\" id=\"faq-question-1787866620769\"><strong class=\"schema-faq-question\">Quanto custa o pacote Bol\u00edvia La Paz e Uyuni 5 dias?<\/strong> <p class=\"schema-faq-answer\">O investimento para um roteiro organizado e seguro costuma variar entre $750 e $950 USD, dependendo do padr\u00e3o de hotelaria escolhido.<br>Este valor cobre a log\u00edstica essencial: passagens a\u00e9reas internas, acomoda\u00e7\u00f5es bem localizadas, ve\u00edculos 4&#215;4 revisados e guias especializados. Com a Group Travel, voc\u00ea tem a certeza de um pre\u00e7o transparente, sem surpresas durante a viagem.<\/p> <\/div> <div class=\"schema-faq-section\" id=\"faq-question-1787866636079\"><strong class=\"schema-faq-question\">O que veremos durante o tour arqueol\u00f3gico Tiwanaku?<\/strong> <p class=\"schema-faq-answer\">Este s\u00edtio arqueol\u00f3gico, declarado Patrim\u00f4nio da Humanidade, abriga as ru\u00ednas de uma civiliza\u00e7\u00e3o enigm\u00e1tica. O destaque principal \u00e9 a famosa Porta do Sol, esculpida em um \u00fanico bloco de pedra.<br>Voc\u00ea tamb\u00e9m caminhar\u00e1 pelo Templo Semissubterr\u00e2neo e observar\u00e1 de perto os mon\u00f3litos gigantescos. Nossos guias revelar\u00e3o os avan\u00e7ados conhecimentos astron\u00f4micos e arquitet\u00f4nicos deste povo antigo.<\/p> <\/div> <div class=\"schema-faq-section\" id=\"faq-question-1787866645688\"><strong class=\"schema-faq-question\">O pacote Bol\u00edvia 5 dias 4 noites exige alto preparo f\u00edsico?<\/strong> <p class=\"schema-faq-answer\">N\u00e3o \u00e9 necess\u00e1rio ser um atleta, pois a exig\u00eancia f\u00edsica \u00e9 de n\u00edvel leve a moderado. A maior parte das dist\u00e2ncias mais longas \u00e9 percorrida em ve\u00edculos confort\u00e1veis ou telef\u00e9ricos.<br>As caminhadas s\u00e3o curtas, focadas apenas na explora\u00e7\u00e3o dos mirantes e zonas arqueol\u00f3gicas. O verdadeiro cuidado deve ser com a altitude, realizando cada passo em um ritmo tranquilo e respirando profundamente.<\/p> <\/div> <div class=\"schema-faq-section\" id=\"faq-question-1787866650713\"><strong class=\"schema-faq-question\">Como a log\u00edstica a\u00e9rea melhora a excurs\u00e3o a Tiwanaku e city tour em La Paz?<\/strong> <p class=\"schema-faq-answer\">Ao substituir uma longa noite em \u00f4nibus intermunicipais por um curto voo interno, voc\u00ea preserva a sua sa\u00fade f\u00edsica e garante boas noites de sono em hot\u00e9is de qualidade.<br>Essa energia poupada permite que voc\u00ea aproveite muito mais as caminhadas pelo Vale da Lua La Paz e absorva as informa\u00e7\u00f5es culturais sem o cansa\u00e7o extremo que viagens terrestres andinas costumam causar.<\/p> <\/div> <div class=\"schema-faq-section\" id=\"faq-question-1787866666553\"><strong class=\"schema-faq-question\">Qual a melhor \u00e9poca para ver o p\u00f4r do sol no Salar de Uyuni saindo de La Paz?<\/strong> <p class=\"schema-faq-answer\">O entardecer \u00e9 espetacular durante o ano inteiro, mas oferece cen\u00e1rios distintos. Na \u00e9poca seca (maio a novembro), o sol se p\u00f5e refletindo tons alaranjados nas rachaduras brancas do deserto.<br>Se o seu desejo \u00e9 ver o c\u00e9u refletido no ch\u00e3o de \u00e1gua, criando uma ilus\u00e3o de \u00f3tica infinita, recomendamos viajar entre janeiro e o in\u00edcio de mar\u00e7o.<\/p> <\/div> <div class=\"schema-faq-section\" id=\"faq-question-1787866676345\"><strong class=\"schema-faq-question\">Que tipo de roupas devo usar no Vale da Lua La Paz e no deserto?<\/strong> <p class=\"schema-faq-answer\">A varia\u00e7\u00e3o t\u00e9rmica exige o uso de roupas em camadas. Durante o dia, sob o sol andino, cal\u00e7as de trekking confort\u00e1veis e camisetas de manga longa s\u00e3o suficientes.<br>Para as manh\u00e3s e o final da tarde no Salar, o frio \u00e9 intenso e os ventos s\u00e3o fortes. \u00c9 indispens\u00e1vel o uso de jaquetas corta-vento, segunda pele t\u00e9rmica, luvas, gorros e meias grossas.<\/p> <\/div> <div class=\"schema-faq-section\" id=\"faq-question-1787866685176\"><strong class=\"schema-faq-question\">\u00c9 seguro realizar um tour completo Bol\u00edvia com crian\u00e7as ou idosos?<\/strong> <p class=\"schema-faq-answer\">Sim, o roteiro \u00e9 plenamente adapt\u00e1vel. Recomendamos a viagem para crian\u00e7as maiores de oito anos, que j\u00e1 conseguem lidar bem com as mudan\u00e7as de altitude.<br>Para adultos mais velhos, \u00e9 importante ter boas condi\u00e7\u00f5es cardiovasculares. Nessas situa\u00e7\u00f5es, a Group Travel sugere adequar os passeios a um formato privado, garantindo pausas extras e ritmo personalizado.<\/p> <\/div> <div class=\"schema-faq-section\" id=\"faq-question-1787866691962\"><strong class=\"schema-faq-question\">O que s\u00e3o as forma\u00e7\u00f5es que visitaremos no Vale da Lua?<\/strong> <p class=\"schema-faq-answer\">Trata-se de um impressionante parque geol\u00f3gico situado a poucos minutos do centro urbano de La Paz. O local n\u00e3o \u00e9 um vale tradicional, mas sim um labirinto de c\u00e2nions e estalagmites gigantes.<br>A eros\u00e3o do vento e das chuvas ao longo de mil\u00eanios esculpiu o solo de argila, criando paisagens pontiagudas que lembram a superf\u00edcie lunar, rendendo excelentes fotografias.<\/p> <\/div> <div class=\"schema-faq-section\" id=\"faq-question-1787866699425\"><strong class=\"schema-faq-question\">Como evitar o mal de altitude nesta viagem de 5 dias?<\/strong> <p class=\"schema-faq-answer\">O segredo \u00e9 n\u00e3o apressar o corpo. Beba cerca de tr\u00eas litros de \u00e1gua por dia, descanse logo ao chegar no hotel e consuma alimentos de f\u00e1cil digest\u00e3o, evitando carnes pesadas.<br>Beber o ch\u00e1 de coca tradicional da regi\u00e3o andina tamb\u00e9m alivia os sintomas. Al\u00e9m disso, todos os nossos ve\u00edculos de expedi\u00e7\u00e3o circulam equipados com oxig\u00eanio de emerg\u00eancia e kits de primeiros socorros.<\/p> <\/div> <\/div>\n\n\n<\/div><\/div>\n<style class=\"advgb-styles-renderer\">.wp-block-advgb-list ul.advgblist-70c4c58d-8ffd-410d-99d6-66659d682975 > li{font-size:16px;}.wp-block-advgb-list ul.advgblist-70c4c58d-8ffd-410d-99d6-66659d682975 > li{padding-left:18px;margin-left:0;}.wp-block-advgb-list ul.advgblist-70c4c58d-8ffd-410d-99d6-66659d682975 > li:before{font-size:16px;color:#fd7f47;line-height:18px;margin:2px;padding:2px;margin-left:-20px}.wp-block-advgb-list ul.advgblist-8d271cc2-4428-4a67-8e81-eecf88f4bca2 > li{font-size:16px;}.wp-block-advgb-list ul.advgblist-8d271cc2-4428-4a67-8e81-eecf88f4bca2 > li{padding-left:18px;margin-left:0;}.wp-block-advgb-list ul.advgblist-8d271cc2-4428-4a67-8e81-eecf88f4bca2 > li:before{font-size:16px;color:#fd7f47;line-height:18px;margin:2px;padding:2px;margin-left:-20px}.wp-block-advgb-list ul.advgblist-2be2ea16-ca18-4021-a869-dd75742cb613 > li{font-size:16px;}.wp-block-advgb-list ul.advgblist-2be2ea16-ca18-4021-a869-dd75742cb613 > li{padding-left:18px;margin-left:0;}.wp-block-advgb-list ul.advgblist-2be2ea16-ca18-4021-a869-dd75742cb613 > li:before{font-size:16px;color:#fd7f47;line-height:18px;margin:2px;padding:2px;margin-left:-20px}.wp-block-advgb-list ul.advgblist-58b915a4-707d-4d41-8432-a1c02b29558e > li{font-size:16px;}.wp-block-advgb-list ul.advgblist-58b915a4-707d-4d41-8432-a1c02b29558e > li{padding-left:18px;margin-left:0;}.wp-block-advgb-list ul.advgblist-58b915a4-707d-4d41-8432-a1c02b29558e > li:before{font-size:16px;color:#ff6900;line-height:18px;margin:2px;padding:2px;margin-left:-20px}.wp-block-advgb-list ul.advgblist-af6a1692-396b-463f-abef-e69ae5586be4 > li{font-size:16px;}.wp-block-advgb-list ul.advgblist-af6a1692-396b-463f-abef-e69ae5586be4 > li{padding-left:18px;margin-left:0;}.wp-block-advgb-list ul.advgblist-af6a1692-396b-463f-abef-e69ae5586be4 > li:before{font-size:16px;color:#ff6900;line-height:18px;margin:2px;padding:2px;margin-left:-20px}.wp-block-advgb-list ul.advgblist-12e78a9f-ca9a-4b5d-acd7-164da6f9c14d > li{font-size:16px;}.wp-block-advgb-list ul.advgblist-12e78a9f-ca9a-4b5d-acd7-164da6f9c14d > li{padding-left:18px;margin-left:0;}.wp-block-advgb-list ul.advgblist-12e78a9f-ca9a-4b5d-acd7-164da6f9c14d > li:before{font-size:16px;color:#ff6900;line-height:18px;margin:2px;padding:2px;margin-left:-20px}.advgbbtn-dc62f237-4631-43e5-a662-97210f33345c{font-size:18px;color:#fff !important;background-color:#ff6900 !important;margin:0px 0px 0px 0px !important;padding:10px 30px 10px 30px;border-width:1px !important;border-style:none;border-radius:50px !important;}.advgbbtn-dc62f237-4631-43e5-a662-97210f33345c:hover{color:#ff6900 !important;background-color:#ffffff !important;box-shadow:1px 1px 12px 0px #ff6900;opacity:1;transition:all 0.2s ease;}.advgbbtn-dc62f237-4631-43e5-a662-97210f33345c > i {display: none !important;}<\/style>","protected":false},"excerpt":{"rendered":"<p>Explore os lugares mais destaques de La Paz, a capital situada a uma altitude de quase 4000 metros acima do n\u00edvel do mar, tornando-a a capital mais alta do mundo. Neste itiner\u00e1rio, mergulhar\u00e1 na riqueza cultural e hist\u00f3rica da Bol\u00edvia, explorando, conhecendo os seus lugares mais emblem\u00e1ticos. Para al\u00e9m disso, ter\u00e1 a oportunidade de se [&hellip;]<\/p>\n","protected":false},"author":2,"featured_media":22818,"parent":1321,"menu_order":0,"comment_status":"closed","ping_status":"closed","template":"page-tours.php","meta":{"_acf_changed":false,"advgb_blocks_editor_width":"","advgb_blocks_columns_visual_guide":"","footnotes":""},"class_list":["post-21185","page","type-page","status-publish","has-post-thumbnail","hentry"],"acf":[],"yoast_head":"<!-- This site is optimized with the Yoast SEO plugin v28.3 - https:\/\/yoast.com\/product\/yoast-seo-wordpress\/ -->\n<title>La Paz e Salar de Uyuni Pacote Bol\u00edvia Cl\u00e1ssica<\/title>\n<meta name=\"description\" content=\"Explore a capital mais alta do mundo e a vastid\u00e3o branca do Salar de Uyuni. Descubra a cultura andina em um roteiro \u00e9pico de 5 dias pela Bol\u00edvia. Reserve hoje\" \/>\n<meta name=\"robots\" content=\"index, follow, max-snippet:-1, max-image-preview:large, max-video-preview:-1\" \/>\n<link rel=\"canonical\" href=\"https:\/\/grouptravelperu.com\/pt-br\/bolivia\/bolivia-classico-salar-uyuni-5-dias-4-noites\/\" \/>\n<meta property=\"og:locale\" content=\"pt_BR\" \/>\n<meta property=\"og:type\" content=\"article\" \/>\n<meta property=\"og:title\" content=\"La Paz e Salar de Uyuni Pacote Bol\u00edvia Cl\u00e1ssica\" \/>\n<meta property=\"og:description\" content=\"Explore a capital mais alta do mundo e a vastid\u00e3o branca do Salar de Uyuni. Descubra a cultura andina em um roteiro \u00e9pico de 5 dias pela Bol\u00edvia. Reserve hoje\" \/>\n<meta property=\"og:url\" content=\"https:\/\/grouptravelperu.com\/pt-br\/bolivia\/bolivia-classico-salar-uyuni-5-dias-4-noites\/\" \/>\n<meta property=\"og:site_name\" content=\"Group Travel Peru\" \/>\n<meta property=\"article:modified_time\" content=\"2026-08-27T21:38:33+00:00\" \/>\n<meta property=\"og:image\" content=\"https:\/\/grouptravelperu.com\/wp-content\/uploads\/Bolivia-Clasico-Salar-de-Uyuni-5-dias.webp\" \/>\n\t<meta property=\"og:image:width\" content=\"800\" \/>\n\t<meta property=\"og:image:height\" content=\"600\" \/>\n\t<meta property=\"og:image:type\" content=\"image\/webp\" \/>\n<meta name=\"twitter:card\" content=\"summary_large_image\" \/>\n<meta name=\"twitter:label1\" content=\"Est. tempo de leitura\" \/>\n\t<meta name=\"twitter:data1\" content=\"11 minutos\" \/>\n<script type=\"application\/ld+json\" class=\"yoast-schema-graph\">{\"@context\":\"https:\\\/\\\/schema.org\",\"@graph\":[{\"@type\":[\"WebPage\",\"FAQPage\"],\"@id\":\"https:\\\/\\\/grouptravelperu.com\\\/pt-br\\\/bolivia\\\/bolivia-classico-salar-uyuni-5-dias-4-noites\\\/\",\"url\":\"https:\\\/\\\/grouptravelperu.com\\\/pt-br\\\/bolivia\\\/bolivia-classico-salar-uyuni-5-dias-4-noites\\\/\",\"name\":\"La Paz e Salar de Uyuni Pacote Bol\u00edvia Cl\u00e1ssica\",\"isPartOf\":{\"@id\":\"https:\\\/\\\/grouptravelperu.com\\\/#website\"},\"primaryImageOfPage\":{\"@id\":\"https:\\\/\\\/grouptravelperu.com\\\/pt-br\\\/bolivia\\\/bolivia-classico-salar-uyuni-5-dias-4-noites\\\/#primaryimage\"},\"image\":{\"@id\":\"https:\\\/\\\/grouptravelperu.com\\\/pt-br\\\/bolivia\\\/bolivia-classico-salar-uyuni-5-dias-4-noites\\\/#primaryimage\"},\"thumbnailUrl\":\"https:\\\/\\\/grouptravelperu.com\\\/wp-content\\\/uploads\\\/Bolivia-Clasico-Salar-de-Uyuni-5-dias.webp\",\"datePublished\":\"2025-04-26T14:27:28+00:00\",\"dateModified\":\"2026-08-27T21:38:33+00:00\",\"description\":\"Explore a capital mais alta do mundo e a vastid\u00e3o branca do Salar de Uyuni. Descubra a cultura andina em um roteiro \u00e9pico de 5 dias pela Bol\u00edvia. Reserve hoje\",\"breadcrumb\":{\"@id\":\"https:\\\/\\\/grouptravelperu.com\\\/pt-br\\\/bolivia\\\/bolivia-classico-salar-uyuni-5-dias-4-noites\\\/#breadcrumb\"},\"mainEntity\":[{\"@id\":\"https:\\\/\\\/grouptravelperu.com\\\/pt-br\\\/bolivia\\\/bolivia-classico-salar-uyuni-5-dias-4-noites\\\/#faq-question-1787866620769\"},{\"@id\":\"https:\\\/\\\/grouptravelperu.com\\\/pt-br\\\/bolivia\\\/bolivia-classico-salar-uyuni-5-dias-4-noites\\\/#faq-question-1787866636079\"},{\"@id\":\"https:\\\/\\\/grouptravelperu.com\\\/pt-br\\\/bolivia\\\/bolivia-classico-salar-uyuni-5-dias-4-noites\\\/#faq-question-1787866645688\"},{\"@id\":\"https:\\\/\\\/grouptravelperu.com\\\/pt-br\\\/bolivia\\\/bolivia-classico-salar-uyuni-5-dias-4-noites\\\/#faq-question-1787866650713\"},{\"@id\":\"https:\\\/\\\/grouptravelperu.com\\\/pt-br\\\/bolivia\\\/bolivia-classico-salar-uyuni-5-dias-4-noites\\\/#faq-question-1787866666553\"},{\"@id\":\"https:\\\/\\\/grouptravelperu.com\\\/pt-br\\\/bolivia\\\/bolivia-classico-salar-uyuni-5-dias-4-noites\\\/#faq-question-1787866676345\"},{\"@id\":\"https:\\\/\\\/grouptravelperu.com\\\/pt-br\\\/bolivia\\\/bolivia-classico-salar-uyuni-5-dias-4-noites\\\/#faq-question-1787866685176\"},{\"@id\":\"https:\\\/\\\/grouptravelperu.com\\\/pt-br\\\/bolivia\\\/bolivia-classico-salar-uyuni-5-dias-4-noites\\\/#faq-question-1787866691962\"},{\"@id\":\"https:\\\/\\\/grouptravelperu.com\\\/pt-br\\\/bolivia\\\/bolivia-classico-salar-uyuni-5-dias-4-noites\\\/#faq-question-1787866699425\"}],\"inLanguage\":\"pt-BR\",\"potentialAction\":[{\"@type\":\"ReadAction\",\"target\":[\"https:\\\/\\\/grouptravelperu.com\\\/pt-br\\\/bolivia\\\/bolivia-classico-salar-uyuni-5-dias-4-noites\\\/\"]}]},{\"@type\":\"ImageObject\",\"inLanguage\":\"pt-BR\",\"@id\":\"https:\\\/\\\/grouptravelperu.com\\\/pt-br\\\/bolivia\\\/bolivia-classico-salar-uyuni-5-dias-4-noites\\\/#primaryimage\",\"url\":\"https:\\\/\\\/grouptravelperu.com\\\/wp-content\\\/uploads\\\/Bolivia-Clasico-Salar-de-Uyuni-5-dias.webp\",\"contentUrl\":\"https:\\\/\\\/grouptravelperu.com\\\/wp-content\\\/uploads\\\/Bolivia-Clasico-Salar-de-Uyuni-5-dias.webp\",\"width\":800,\"height\":600},{\"@type\":\"BreadcrumbList\",\"@id\":\"https:\\\/\\\/grouptravelperu.com\\\/pt-br\\\/bolivia\\\/bolivia-classico-salar-uyuni-5-dias-4-noites\\\/#breadcrumb\",\"itemListElement\":[{\"@type\":\"ListItem\",\"position\":1,\"name\":\"Home\",\"item\":\"https:\\\/\\\/grouptravelperu.com\\\/pt-br\\\/\"},{\"@type\":\"ListItem\",\"position\":2,\"name\":\"Passeios Bolivia\",\"item\":\"https:\\\/\\\/grouptravelperu.com\\\/pt-br\\\/bolivia\\\/\"},{\"@type\":\"ListItem\",\"position\":3,\"name\":\"Bol\u00edvia Cl\u00e1ssico &amp; Salar de Uyuni 5 dias \u2013 4 noites\"}]},{\"@type\":\"WebSite\",\"@id\":\"https:\\\/\\\/grouptravelperu.com\\\/#website\",\"url\":\"https:\\\/\\\/grouptravelperu.com\\\/\",\"name\":\"Group Travel Peru\",\"description\":\"\",\"publisher\":{\"@id\":\"https:\\\/\\\/grouptravelperu.com\\\/#organization\"},\"alternateName\":\"Group Travel Peru\",\"potentialAction\":[{\"@type\":\"SearchAction\",\"target\":{\"@type\":\"EntryPoint\",\"urlTemplate\":\"https:\\\/\\\/grouptravelperu.com\\\/?s={search_term_string}\"},\"query-input\":{\"@type\":\"PropertyValueSpecification\",\"valueRequired\":true,\"valueName\":\"search_term_string\"}}],\"inLanguage\":\"pt-BR\"},{\"@type\":\"Organization\",\"@id\":\"https:\\\/\\\/grouptravelperu.com\\\/#organization\",\"name\":\"Group Travel Peru\",\"url\":\"https:\\\/\\\/grouptravelperu.com\\\/\",\"logo\":{\"@type\":\"ImageObject\",\"inLanguage\":\"pt-BR\",\"@id\":\"https:\\\/\\\/grouptravelperu.com\\\/#\\\/schema\\\/logo\\\/image\\\/\",\"url\":\"https:\\\/\\\/grouptravelperu.com\\\/wp-content\\\/uploads\\\/Logo-vertical.jpg\",\"contentUrl\":\"https:\\\/\\\/grouptravelperu.com\\\/wp-content\\\/uploads\\\/Logo-vertical.jpg\",\"width\":685,\"height\":1000,\"caption\":\"Group Travel Peru\"},\"image\":{\"@id\":\"https:\\\/\\\/grouptravelperu.com\\\/#\\\/schema\\\/logo\\\/image\\\/\"}},{\"@type\":\"Question\",\"@id\":\"https:\\\/\\\/grouptravelperu.com\\\/pt-br\\\/bolivia\\\/bolivia-classico-salar-uyuni-5-dias-4-noites\\\/#faq-question-1787866620769\",\"position\":1,\"url\":\"https:\\\/\\\/grouptravelperu.com\\\/pt-br\\\/bolivia\\\/bolivia-classico-salar-uyuni-5-dias-4-noites\\\/#faq-question-1787866620769\",\"name\":\"Quanto custa o pacote Bol\u00edvia La Paz e Uyuni 5 dias?\",\"answerCount\":1,\"acceptedAnswer\":{\"@type\":\"Answer\",\"text\":\"O investimento para um roteiro organizado e seguro costuma variar entre $750 e $950 USD, dependendo do padr\u00e3o de hotelaria escolhido.<br>Este valor cobre a log\u00edstica essencial: passagens a\u00e9reas internas, acomoda\u00e7\u00f5es bem localizadas, ve\u00edculos 4x4 revisados e guias especializados. Com a Group Travel, voc\u00ea tem a certeza de um pre\u00e7o transparente, sem surpresas durante a viagem.\",\"inLanguage\":\"pt-BR\"},\"inLanguage\":\"pt-BR\"},{\"@type\":\"Question\",\"@id\":\"https:\\\/\\\/grouptravelperu.com\\\/pt-br\\\/bolivia\\\/bolivia-classico-salar-uyuni-5-dias-4-noites\\\/#faq-question-1787866636079\",\"position\":2,\"url\":\"https:\\\/\\\/grouptravelperu.com\\\/pt-br\\\/bolivia\\\/bolivia-classico-salar-uyuni-5-dias-4-noites\\\/#faq-question-1787866636079\",\"name\":\"O que veremos durante o tour arqueol\u00f3gico Tiwanaku?\",\"answerCount\":1,\"acceptedAnswer\":{\"@type\":\"Answer\",\"text\":\"Este s\u00edtio arqueol\u00f3gico, declarado Patrim\u00f4nio da Humanidade, abriga as ru\u00ednas de uma civiliza\u00e7\u00e3o enigm\u00e1tica. O destaque principal \u00e9 a famosa Porta do Sol, esculpida em um \u00fanico bloco de pedra.<br>Voc\u00ea tamb\u00e9m caminhar\u00e1 pelo Templo Semissubterr\u00e2neo e observar\u00e1 de perto os mon\u00f3litos gigantescos. Nossos guias revelar\u00e3o os avan\u00e7ados conhecimentos astron\u00f4micos e arquitet\u00f4nicos deste povo antigo.\",\"inLanguage\":\"pt-BR\"},\"inLanguage\":\"pt-BR\"},{\"@type\":\"Question\",\"@id\":\"https:\\\/\\\/grouptravelperu.com\\\/pt-br\\\/bolivia\\\/bolivia-classico-salar-uyuni-5-dias-4-noites\\\/#faq-question-1787866645688\",\"position\":3,\"url\":\"https:\\\/\\\/grouptravelperu.com\\\/pt-br\\\/bolivia\\\/bolivia-classico-salar-uyuni-5-dias-4-noites\\\/#faq-question-1787866645688\",\"name\":\"O pacote Bol\u00edvia 5 dias 4 noites exige alto preparo f\u00edsico?\",\"answerCount\":1,\"acceptedAnswer\":{\"@type\":\"Answer\",\"text\":\"N\u00e3o \u00e9 necess\u00e1rio ser um atleta, pois a exig\u00eancia f\u00edsica \u00e9 de n\u00edvel leve a moderado. A maior parte das dist\u00e2ncias mais longas \u00e9 percorrida em ve\u00edculos confort\u00e1veis ou telef\u00e9ricos.<br>As caminhadas s\u00e3o curtas, focadas apenas na explora\u00e7\u00e3o dos mirantes e zonas arqueol\u00f3gicas. O verdadeiro cuidado deve ser com a altitude, realizando cada passo em um ritmo tranquilo e respirando profundamente.\",\"inLanguage\":\"pt-BR\"},\"inLanguage\":\"pt-BR\"},{\"@type\":\"Question\",\"@id\":\"https:\\\/\\\/grouptravelperu.com\\\/pt-br\\\/bolivia\\\/bolivia-classico-salar-uyuni-5-dias-4-noites\\\/#faq-question-1787866650713\",\"position\":4,\"url\":\"https:\\\/\\\/grouptravelperu.com\\\/pt-br\\\/bolivia\\\/bolivia-classico-salar-uyuni-5-dias-4-noites\\\/#faq-question-1787866650713\",\"name\":\"Como a log\u00edstica a\u00e9rea melhora a excurs\u00e3o a Tiwanaku e city tour em La Paz?\",\"answerCount\":1,\"acceptedAnswer\":{\"@type\":\"Answer\",\"text\":\"Ao substituir uma longa noite em \u00f4nibus intermunicipais por um curto voo interno, voc\u00ea preserva a sua sa\u00fade f\u00edsica e garante boas noites de sono em hot\u00e9is de qualidade.<br>Essa energia poupada permite que voc\u00ea aproveite muito mais as caminhadas pelo Vale da Lua La Paz e absorva as informa\u00e7\u00f5es culturais sem o cansa\u00e7o extremo que viagens terrestres andinas costumam causar.\",\"inLanguage\":\"pt-BR\"},\"inLanguage\":\"pt-BR\"},{\"@type\":\"Question\",\"@id\":\"https:\\\/\\\/grouptravelperu.com\\\/pt-br\\\/bolivia\\\/bolivia-classico-salar-uyuni-5-dias-4-noites\\\/#faq-question-1787866666553\",\"position\":5,\"url\":\"https:\\\/\\\/grouptravelperu.com\\\/pt-br\\\/bolivia\\\/bolivia-classico-salar-uyuni-5-dias-4-noites\\\/#faq-question-1787866666553\",\"name\":\"Qual a melhor \u00e9poca para ver o p\u00f4r do sol no Salar de Uyuni saindo de La Paz?\",\"answerCount\":1,\"acceptedAnswer\":{\"@type\":\"Answer\",\"text\":\"O entardecer \u00e9 espetacular durante o ano inteiro, mas oferece cen\u00e1rios distintos. Na \u00e9poca seca (maio a novembro), o sol se p\u00f5e refletindo tons alaranjados nas rachaduras brancas do deserto.<br>Se o seu desejo \u00e9 ver o c\u00e9u refletido no ch\u00e3o de \u00e1gua, criando uma ilus\u00e3o de \u00f3tica infinita, recomendamos viajar entre janeiro e o in\u00edcio de mar\u00e7o.\",\"inLanguage\":\"pt-BR\"},\"inLanguage\":\"pt-BR\"},{\"@type\":\"Question\",\"@id\":\"https:\\\/\\\/grouptravelperu.com\\\/pt-br\\\/bolivia\\\/bolivia-classico-salar-uyuni-5-dias-4-noites\\\/#faq-question-1787866676345\",\"position\":6,\"url\":\"https:\\\/\\\/grouptravelperu.com\\\/pt-br\\\/bolivia\\\/bolivia-classico-salar-uyuni-5-dias-4-noites\\\/#faq-question-1787866676345\",\"name\":\"Que tipo de roupas devo usar no Vale da Lua La Paz e no deserto?\",\"answerCount\":1,\"acceptedAnswer\":{\"@type\":\"Answer\",\"text\":\"A varia\u00e7\u00e3o t\u00e9rmica exige o uso de roupas em camadas. Durante o dia, sob o sol andino, cal\u00e7as de trekking confort\u00e1veis e camisetas de manga longa s\u00e3o suficientes.<br>Para as manh\u00e3s e o final da tarde no Salar, o frio \u00e9 intenso e os ventos s\u00e3o fortes. \u00c9 indispens\u00e1vel o uso de jaquetas corta-vento, segunda pele t\u00e9rmica, luvas, gorros e meias grossas.\",\"inLanguage\":\"pt-BR\"},\"inLanguage\":\"pt-BR\"},{\"@type\":\"Question\",\"@id\":\"https:\\\/\\\/grouptravelperu.com\\\/pt-br\\\/bolivia\\\/bolivia-classico-salar-uyuni-5-dias-4-noites\\\/#faq-question-1787866685176\",\"position\":7,\"url\":\"https:\\\/\\\/grouptravelperu.com\\\/pt-br\\\/bolivia\\\/bolivia-classico-salar-uyuni-5-dias-4-noites\\\/#faq-question-1787866685176\",\"name\":\"\u00c9 seguro realizar um tour completo Bol\u00edvia com crian\u00e7as ou idosos?\",\"answerCount\":1,\"acceptedAnswer\":{\"@type\":\"Answer\",\"text\":\"Sim, o roteiro \u00e9 plenamente adapt\u00e1vel. Recomendamos a viagem para crian\u00e7as maiores de oito anos, que j\u00e1 conseguem lidar bem com as mudan\u00e7as de altitude.<br>Para adultos mais velhos, \u00e9 importante ter boas condi\u00e7\u00f5es cardiovasculares. Nessas situa\u00e7\u00f5es, a Group Travel sugere adequar os passeios a um formato privado, garantindo pausas extras e ritmo personalizado.\",\"inLanguage\":\"pt-BR\"},\"inLanguage\":\"pt-BR\"},{\"@type\":\"Question\",\"@id\":\"https:\\\/\\\/grouptravelperu.com\\\/pt-br\\\/bolivia\\\/bolivia-classico-salar-uyuni-5-dias-4-noites\\\/#faq-question-1787866691962\",\"position\":8,\"url\":\"https:\\\/\\\/grouptravelperu.com\\\/pt-br\\\/bolivia\\\/bolivia-classico-salar-uyuni-5-dias-4-noites\\\/#faq-question-1787866691962\",\"name\":\"O que s\u00e3o as forma\u00e7\u00f5es que visitaremos no Vale da Lua?\",\"answerCount\":1,\"acceptedAnswer\":{\"@type\":\"Answer\",\"text\":\"Trata-se de um impressionante parque geol\u00f3gico situado a poucos minutos do centro urbano de La Paz. O local n\u00e3o \u00e9 um vale tradicional, mas sim um labirinto de c\u00e2nions e estalagmites gigantes.<br>A eros\u00e3o do vento e das chuvas ao longo de mil\u00eanios esculpiu o solo de argila, criando paisagens pontiagudas que lembram a superf\u00edcie lunar, rendendo excelentes fotografias.\",\"inLanguage\":\"pt-BR\"},\"inLanguage\":\"pt-BR\"},{\"@type\":\"Question\",\"@id\":\"https:\\\/\\\/grouptravelperu.com\\\/pt-br\\\/bolivia\\\/bolivia-classico-salar-uyuni-5-dias-4-noites\\\/#faq-question-1787866699425\",\"position\":9,\"url\":\"https:\\\/\\\/grouptravelperu.com\\\/pt-br\\\/bolivia\\\/bolivia-classico-salar-uyuni-5-dias-4-noites\\\/#faq-question-1787866699425\",\"name\":\"Como evitar o mal de altitude nesta viagem de 5 dias?\",\"answerCount\":1,\"acceptedAnswer\":{\"@type\":\"Answer\",\"text\":\"O segredo \u00e9 n\u00e3o apressar o corpo. Beba cerca de tr\u00eas litros de \u00e1gua por dia, descanse logo ao chegar no hotel e consuma alimentos de f\u00e1cil digest\u00e3o, evitando carnes pesadas.<br>Beber o ch\u00e1 de coca tradicional da regi\u00e3o andina tamb\u00e9m alivia os sintomas. Al\u00e9m disso, todos os nossos ve\u00edculos de expedi\u00e7\u00e3o circulam equipados com oxig\u00eanio de emerg\u00eancia e kits de primeiros socorros.\",\"inLanguage\":\"pt-BR\"},\"inLanguage\":\"pt-BR\"}]}<\/script>\n<!-- \/ Yoast SEO plugin. -->","yoast_head_json":{"title":"La Paz e Salar de Uyuni Pacote Bol\u00edvia Cl\u00e1ssica","description":"Explore a capital mais alta do mundo e a vastid\u00e3o branca do Salar de Uyuni. Descubra a cultura andina em um roteiro \u00e9pico de 5 dias pela Bol\u00edvia. Reserve hoje","robots":{"index":"index","follow":"follow","max-snippet":"max-snippet:-1","max-image-preview":"max-image-preview:large","max-video-preview":"max-video-preview:-1"},"canonical":"https:\/\/grouptravelperu.com\/pt-br\/bolivia\/bolivia-classico-salar-uyuni-5-dias-4-noites\/","og_locale":"pt_BR","og_type":"article","og_title":"La Paz e Salar de Uyuni Pacote Bol\u00edvia Cl\u00e1ssica","og_description":"Explore a capital mais alta do mundo e a vastid\u00e3o branca do Salar de Uyuni. Descubra a cultura andina em um roteiro \u00e9pico de 5 dias pela Bol\u00edvia. Reserve hoje","og_url":"https:\/\/grouptravelperu.com\/pt-br\/bolivia\/bolivia-classico-salar-uyuni-5-dias-4-noites\/","og_site_name":"Group Travel Peru","article_modified_time":"2026-08-27T21:38:33+00:00","og_image":[{"width":800,"height":600,"url":"https:\/\/grouptravelperu.com\/wp-content\/uploads\/Bolivia-Clasico-Salar-de-Uyuni-5-dias.webp","type":"image\/webp"}],"twitter_card":"summary_large_image","twitter_misc":{"Est. tempo de leitura":"11 minutos"},"schema":{"@context":"https:\/\/schema.org","@graph":[{"@type":["WebPage","FAQPage"],"@id":"https:\/\/grouptravelperu.com\/pt-br\/bolivia\/bolivia-classico-salar-uyuni-5-dias-4-noites\/","url":"https:\/\/grouptravelperu.com\/pt-br\/bolivia\/bolivia-classico-salar-uyuni-5-dias-4-noites\/","name":"La Paz e Salar de Uyuni Pacote Bol\u00edvia Cl\u00e1ssica","isPartOf":{"@id":"https:\/\/grouptravelperu.com\/#website"},"primaryImageOfPage":{"@id":"https:\/\/grouptravelperu.com\/pt-br\/bolivia\/bolivia-classico-salar-uyuni-5-dias-4-noites\/#primaryimage"},"image":{"@id":"https:\/\/grouptravelperu.com\/pt-br\/bolivia\/bolivia-classico-salar-uyuni-5-dias-4-noites\/#primaryimage"},"thumbnailUrl":"https:\/\/grouptravelperu.com\/wp-content\/uploads\/Bolivia-Clasico-Salar-de-Uyuni-5-dias.webp","datePublished":"2025-04-26T14:27:28+00:00","dateModified":"2026-08-27T21:38:33+00:00","description":"Explore a capital mais alta do mundo e a vastid\u00e3o branca do Salar de Uyuni. Descubra a cultura andina em um roteiro \u00e9pico de 5 dias pela Bol\u00edvia. Reserve hoje","breadcrumb":{"@id":"https:\/\/grouptravelperu.com\/pt-br\/bolivia\/bolivia-classico-salar-uyuni-5-dias-4-noites\/#breadcrumb"},"mainEntity":[{"@id":"https:\/\/grouptravelperu.com\/pt-br\/bolivia\/bolivia-classico-salar-uyuni-5-dias-4-noites\/#faq-question-1787866620769"},{"@id":"https:\/\/grouptravelperu.com\/pt-br\/bolivia\/bolivia-classico-salar-uyuni-5-dias-4-noites\/#faq-question-1787866636079"},{"@id":"https:\/\/grouptravelperu.com\/pt-br\/bolivia\/bolivia-classico-salar-uyuni-5-dias-4-noites\/#faq-question-1787866645688"},{"@id":"https:\/\/grouptravelperu.com\/pt-br\/bolivia\/bolivia-classico-salar-uyuni-5-dias-4-noites\/#faq-question-1787866650713"},{"@id":"https:\/\/grouptravelperu.com\/pt-br\/bolivia\/bolivia-classico-salar-uyuni-5-dias-4-noites\/#faq-question-1787866666553"},{"@id":"https:\/\/grouptravelperu.com\/pt-br\/bolivia\/bolivia-classico-salar-uyuni-5-dias-4-noites\/#faq-question-1787866676345"},{"@id":"https:\/\/grouptravelperu.com\/pt-br\/bolivia\/bolivia-classico-salar-uyuni-5-dias-4-noites\/#faq-question-1787866685176"},{"@id":"https:\/\/grouptravelperu.com\/pt-br\/bolivia\/bolivia-classico-salar-uyuni-5-dias-4-noites\/#faq-question-1787866691962"},{"@id":"https:\/\/grouptravelperu.com\/pt-br\/bolivia\/bolivia-classico-salar-uyuni-5-dias-4-noites\/#faq-question-1787866699425"}],"inLanguage":"pt-BR","potentialAction":[{"@type":"ReadAction","target":["https:\/\/grouptravelperu.com\/pt-br\/bolivia\/bolivia-classico-salar-uyuni-5-dias-4-noites\/"]}]},{"@type":"ImageObject","inLanguage":"pt-BR","@id":"https:\/\/grouptravelperu.com\/pt-br\/bolivia\/bolivia-classico-salar-uyuni-5-dias-4-noites\/#primaryimage","url":"https:\/\/grouptravelperu.com\/wp-content\/uploads\/Bolivia-Clasico-Salar-de-Uyuni-5-dias.webp","contentUrl":"https:\/\/grouptravelperu.com\/wp-content\/uploads\/Bolivia-Clasico-Salar-de-Uyuni-5-dias.webp","width":800,"height":600},{"@type":"BreadcrumbList","@id":"https:\/\/grouptravelperu.com\/pt-br\/bolivia\/bolivia-classico-salar-uyuni-5-dias-4-noites\/#breadcrumb","itemListElement":[{"@type":"ListItem","position":1,"name":"Home","item":"https:\/\/grouptravelperu.com\/pt-br\/"},{"@type":"ListItem","position":2,"name":"Passeios Bolivia","item":"https:\/\/grouptravelperu.com\/pt-br\/bolivia\/"},{"@type":"ListItem","position":3,"name":"Bol\u00edvia Cl\u00e1ssico &amp; Salar de Uyuni 5 dias \u2013 4 noites"}]},{"@type":"WebSite","@id":"https:\/\/grouptravelperu.com\/#website","url":"https:\/\/grouptravelperu.com\/","name":"Group Travel Peru","description":"","publisher":{"@id":"https:\/\/grouptravelperu.com\/#organization"},"alternateName":"Group Travel Peru","potentialAction":[{"@type":"SearchAction","target":{"@type":"EntryPoint","urlTemplate":"https:\/\/grouptravelperu.com\/?s={search_term_string}"},"query-input":{"@type":"PropertyValueSpecification","valueRequired":true,"valueName":"search_term_string"}}],"inLanguage":"pt-BR"},{"@type":"Organization","@id":"https:\/\/grouptravelperu.com\/#organization","name":"Group Travel Peru","url":"https:\/\/grouptravelperu.com\/","logo":{"@type":"ImageObject","inLanguage":"pt-BR","@id":"https:\/\/grouptravelperu.com\/#\/schema\/logo\/image\/","url":"https:\/\/grouptravelperu.com\/wp-content\/uploads\/Logo-vertical.jpg","contentUrl":"https:\/\/grouptravelperu.com\/wp-content\/uploads\/Logo-vertical.jpg","width":685,"height":1000,"caption":"Group Travel Peru"},"image":{"@id":"https:\/\/grouptravelperu.com\/#\/schema\/logo\/image\/"}},{"@type":"Question","@id":"https:\/\/grouptravelperu.com\/pt-br\/bolivia\/bolivia-classico-salar-uyuni-5-dias-4-noites\/#faq-question-1787866620769","position":1,"url":"https:\/\/grouptravelperu.com\/pt-br\/bolivia\/bolivia-classico-salar-uyuni-5-dias-4-noites\/#faq-question-1787866620769","name":"Quanto custa o pacote Bol\u00edvia La Paz e Uyuni 5 dias?","answerCount":1,"acceptedAnswer":{"@type":"Answer","text":"O investimento para um roteiro organizado e seguro costuma variar entre $750 e $950 USD, dependendo do padr\u00e3o de hotelaria escolhido.<br>Este valor cobre a log\u00edstica essencial: passagens a\u00e9reas internas, acomoda\u00e7\u00f5es bem localizadas, ve\u00edculos 4x4 revisados e guias especializados. Com a Group Travel, voc\u00ea tem a certeza de um pre\u00e7o transparente, sem surpresas durante a viagem.","inLanguage":"pt-BR"},"inLanguage":"pt-BR"},{"@type":"Question","@id":"https:\/\/grouptravelperu.com\/pt-br\/bolivia\/bolivia-classico-salar-uyuni-5-dias-4-noites\/#faq-question-1787866636079","position":2,"url":"https:\/\/grouptravelperu.com\/pt-br\/bolivia\/bolivia-classico-salar-uyuni-5-dias-4-noites\/#faq-question-1787866636079","name":"O que veremos durante o tour arqueol\u00f3gico Tiwanaku?","answerCount":1,"acceptedAnswer":{"@type":"Answer","text":"Este s\u00edtio arqueol\u00f3gico, declarado Patrim\u00f4nio da Humanidade, abriga as ru\u00ednas de uma civiliza\u00e7\u00e3o enigm\u00e1tica. O destaque principal \u00e9 a famosa Porta do Sol, esculpida em um \u00fanico bloco de pedra.<br>Voc\u00ea tamb\u00e9m caminhar\u00e1 pelo Templo Semissubterr\u00e2neo e observar\u00e1 de perto os mon\u00f3litos gigantescos. Nossos guias revelar\u00e3o os avan\u00e7ados conhecimentos astron\u00f4micos e arquitet\u00f4nicos deste povo antigo.","inLanguage":"pt-BR"},"inLanguage":"pt-BR"},{"@type":"Question","@id":"https:\/\/grouptravelperu.com\/pt-br\/bolivia\/bolivia-classico-salar-uyuni-5-dias-4-noites\/#faq-question-1787866645688","position":3,"url":"https:\/\/grouptravelperu.com\/pt-br\/bolivia\/bolivia-classico-salar-uyuni-5-dias-4-noites\/#faq-question-1787866645688","name":"O pacote Bol\u00edvia 5 dias 4 noites exige alto preparo f\u00edsico?","answerCount":1,"acceptedAnswer":{"@type":"Answer","text":"N\u00e3o \u00e9 necess\u00e1rio ser um atleta, pois a exig\u00eancia f\u00edsica \u00e9 de n\u00edvel leve a moderado. A maior parte das dist\u00e2ncias mais longas \u00e9 percorrida em ve\u00edculos confort\u00e1veis ou telef\u00e9ricos.<br>As caminhadas s\u00e3o curtas, focadas apenas na explora\u00e7\u00e3o dos mirantes e zonas arqueol\u00f3gicas. O verdadeiro cuidado deve ser com a altitude, realizando cada passo em um ritmo tranquilo e respirando profundamente.","inLanguage":"pt-BR"},"inLanguage":"pt-BR"},{"@type":"Question","@id":"https:\/\/grouptravelperu.com\/pt-br\/bolivia\/bolivia-classico-salar-uyuni-5-dias-4-noites\/#faq-question-1787866650713","position":4,"url":"https:\/\/grouptravelperu.com\/pt-br\/bolivia\/bolivia-classico-salar-uyuni-5-dias-4-noites\/#faq-question-1787866650713","name":"Como a log\u00edstica a\u00e9rea melhora a excurs\u00e3o a Tiwanaku e city tour em La Paz?","answerCount":1,"acceptedAnswer":{"@type":"Answer","text":"Ao substituir uma longa noite em \u00f4nibus intermunicipais por um curto voo interno, voc\u00ea preserva a sua sa\u00fade f\u00edsica e garante boas noites de sono em hot\u00e9is de qualidade.<br>Essa energia poupada permite que voc\u00ea aproveite muito mais as caminhadas pelo Vale da Lua La Paz e absorva as informa\u00e7\u00f5es culturais sem o cansa\u00e7o extremo que viagens terrestres andinas costumam causar.","inLanguage":"pt-BR"},"inLanguage":"pt-BR"},{"@type":"Question","@id":"https:\/\/grouptravelperu.com\/pt-br\/bolivia\/bolivia-classico-salar-uyuni-5-dias-4-noites\/#faq-question-1787866666553","position":5,"url":"https:\/\/grouptravelperu.com\/pt-br\/bolivia\/bolivia-classico-salar-uyuni-5-dias-4-noites\/#faq-question-1787866666553","name":"Qual a melhor \u00e9poca para ver o p\u00f4r do sol no Salar de Uyuni saindo de La Paz?","answerCount":1,"acceptedAnswer":{"@type":"Answer","text":"O entardecer \u00e9 espetacular durante o ano inteiro, mas oferece cen\u00e1rios distintos. Na \u00e9poca seca (maio a novembro), o sol se p\u00f5e refletindo tons alaranjados nas rachaduras brancas do deserto.<br>Se o seu desejo \u00e9 ver o c\u00e9u refletido no ch\u00e3o de \u00e1gua, criando uma ilus\u00e3o de \u00f3tica infinita, recomendamos viajar entre janeiro e o in\u00edcio de mar\u00e7o.","inLanguage":"pt-BR"},"inLanguage":"pt-BR"},{"@type":"Question","@id":"https:\/\/grouptravelperu.com\/pt-br\/bolivia\/bolivia-classico-salar-uyuni-5-dias-4-noites\/#faq-question-1787866676345","position":6,"url":"https:\/\/grouptravelperu.com\/pt-br\/bolivia\/bolivia-classico-salar-uyuni-5-dias-4-noites\/#faq-question-1787866676345","name":"Que tipo de roupas devo usar no Vale da Lua La Paz e no deserto?","answerCount":1,"acceptedAnswer":{"@type":"Answer","text":"A varia\u00e7\u00e3o t\u00e9rmica exige o uso de roupas em camadas. Durante o dia, sob o sol andino, cal\u00e7as de trekking confort\u00e1veis e camisetas de manga longa s\u00e3o suficientes.<br>Para as manh\u00e3s e o final da tarde no Salar, o frio \u00e9 intenso e os ventos s\u00e3o fortes. \u00c9 indispens\u00e1vel o uso de jaquetas corta-vento, segunda pele t\u00e9rmica, luvas, gorros e meias grossas.","inLanguage":"pt-BR"},"inLanguage":"pt-BR"},{"@type":"Question","@id":"https:\/\/grouptravelperu.com\/pt-br\/bolivia\/bolivia-classico-salar-uyuni-5-dias-4-noites\/#faq-question-1787866685176","position":7,"url":"https:\/\/grouptravelperu.com\/pt-br\/bolivia\/bolivia-classico-salar-uyuni-5-dias-4-noites\/#faq-question-1787866685176","name":"\u00c9 seguro realizar um tour completo Bol\u00edvia com crian\u00e7as ou idosos?","answerCount":1,"acceptedAnswer":{"@type":"Answer","text":"Sim, o roteiro \u00e9 plenamente adapt\u00e1vel. Recomendamos a viagem para crian\u00e7as maiores de oito anos, que j\u00e1 conseguem lidar bem com as mudan\u00e7as de altitude.<br>Para adultos mais velhos, \u00e9 importante ter boas condi\u00e7\u00f5es cardiovasculares. Nessas situa\u00e7\u00f5es, a Group Travel sugere adequar os passeios a um formato privado, garantindo pausas extras e ritmo personalizado.","inLanguage":"pt-BR"},"inLanguage":"pt-BR"},{"@type":"Question","@id":"https:\/\/grouptravelperu.com\/pt-br\/bolivia\/bolivia-classico-salar-uyuni-5-dias-4-noites\/#faq-question-1787866691962","position":8,"url":"https:\/\/grouptravelperu.com\/pt-br\/bolivia\/bolivia-classico-salar-uyuni-5-dias-4-noites\/#faq-question-1787866691962","name":"O que s\u00e3o as forma\u00e7\u00f5es que visitaremos no Vale da Lua?","answerCount":1,"acceptedAnswer":{"@type":"Answer","text":"Trata-se de um impressionante parque geol\u00f3gico situado a poucos minutos do centro urbano de La Paz. O local n\u00e3o \u00e9 um vale tradicional, mas sim um labirinto de c\u00e2nions e estalagmites gigantes.<br>A eros\u00e3o do vento e das chuvas ao longo de mil\u00eanios esculpiu o solo de argila, criando paisagens pontiagudas que lembram a superf\u00edcie lunar, rendendo excelentes fotografias.","inLanguage":"pt-BR"},"inLanguage":"pt-BR"},{"@type":"Question","@id":"https:\/\/grouptravelperu.com\/pt-br\/bolivia\/bolivia-classico-salar-uyuni-5-dias-4-noites\/#faq-question-1787866699425","position":9,"url":"https:\/\/grouptravelperu.com\/pt-br\/bolivia\/bolivia-classico-salar-uyuni-5-dias-4-noites\/#faq-question-1787866699425","name":"Como evitar o mal de altitude nesta viagem de 5 dias?","answerCount":1,"acceptedAnswer":{"@type":"Answer","text":"O segredo \u00e9 n\u00e3o apressar o corpo. Beba cerca de tr\u00eas litros de \u00e1gua por dia, descanse logo ao chegar no hotel e consuma alimentos de f\u00e1cil digest\u00e3o, evitando carnes pesadas.<br>Beber o ch\u00e1 de coca tradicional da regi\u00e3o andina tamb\u00e9m alivia os sintomas. Al\u00e9m disso, todos os nossos ve\u00edculos de expedi\u00e7\u00e3o circulam equipados com oxig\u00eanio de emerg\u00eancia e kits de primeiros socorros.","inLanguage":"pt-BR"},"inLanguage":"pt-BR"}]}},"coauthors":[],"author_meta":{"author_link":"https:\/\/grouptravelperu.com\/pt-br\/author\/admin_editor\/","display_name":"Editor Gtp"},"relative_dates":{"created":"Publicado 1 ano atr\u00e1s","modified":"Atualizado 1 semana atr\u00e1s"},"absolute_dates":{"created":"Publicado em 26 de abril de 2025","modified":"Atualizado em 27 de agosto de 2026"},"absolute_dates_time":{"created":"Publicado em 26 de abril de 2025 09:27","modified":"Atualizado em 27 de agosto de 2026 16:38"},"featured_img_caption":"","featured_img":"https:\/\/grouptravelperu.com\/wp-content\/uploads\/Bolivia-Clasico-Salar-de-Uyuni-5-dias.webp","series_order":"","_links":{"self":[{"href":"https:\/\/grouptravelperu.com\/pt-br\/wp-json\/wp\/v2\/pages\/21185","targetHints":{"allow":["GET"]}}],"collection":[{"href":"https:\/\/grouptravelperu.com\/pt-br\/wp-json\/wp\/v2\/pages"}],"about":[{"href":"https:\/\/grouptravelperu.com\/pt-br\/wp-json\/wp\/v2\/types\/page"}],"author":[{"embeddable":true,"href":"https:\/\/grouptravelperu.com\/pt-br\/wp-json\/wp\/v2\/users\/2"}],"replies":[{"embeddable":true,"href":"https:\/\/grouptravelperu.com\/pt-br\/wp-json\/wp\/v2\/comments?post=21185"}],"version-history":[{"count":2,"href":"https:\/\/grouptravelperu.com\/pt-br\/wp-json\/wp\/v2\/pages\/21185\/revisions"}],"predecessor-version":[{"id":31235,"href":"https:\/\/grouptravelperu.com\/pt-br\/wp-json\/wp\/v2\/pages\/21185\/revisions\/31235"}],"up":[{"embeddable":true,"href":"https:\/\/grouptravelperu.com\/pt-br\/wp-json\/wp\/v2\/pages\/1321"}],"wp:featuredmedia":[{"embeddable":true,"href":"https:\/\/grouptravelperu.com\/pt-br\/wp-json\/wp\/v2\/media\/22818"}],"wp:attachment":[{"href":"https:\/\/grouptravelperu.com\/pt-br\/wp-json\/wp\/v2\/media?parent=21185"}],"curies":[{"name":"wp","href":"https:\/\/api.w.org\/{rel}","templated":true}]}}