{"id":21750,"date":"2025-04-25T17:55:44","date_gmt":"2025-04-25T22:55:44","guid":{"rendered":"https:\/\/grouptravelperu.com\/caminatas-alternativas\/lares-trek-con-camino-inca-y-machu-picchu-4-dias\/"},"modified":"2026-08-05T15:13:04","modified_gmt":"2026-08-05T20:13:04","slug":"lares-trek-trilha-inca-machu-picchu-4-dias","status":"publish","type":"page","link":"https:\/\/grouptravelperu.com\/pt-br\/trilhas-alternativas\/lares-trek-trilha-inca-machu-picchu-4-dias\/","title":{"rendered":"Lares Trek com Camino Inca e Machu Picchu 4 D\u00edas"},"content":{"rendered":"\n<p class=\"wp-block-paragraph\">Voc\u00ea busca uma experi\u00eancia inesquec\u00edvel nos Andes peruanos, mas tem uma agenda ajustada? Embora muitos sonhem com a imers\u00e3o completa da trilha lares machu picchu, n\u00f3s temos a solu\u00e7\u00e3o perfeita em um roteiro otimizado. Esta jornada expressa no ic\u00f4nico Km 104 captura toda a ess\u00eancia sagrada do Imp\u00e9rio Inca em apenas um dia.<\/p>\n\n\n\n<p class=\"wp-block-paragraph\">Muitos viajantes planejam o cl\u00e1ssico roteiro de machu picchu 4 dias ou a aut\u00eantica conex\u00e3o cultural do lares trek. No entanto, se o seu tempo \u00e9 curto, esta caminhada oferece uma beleza igualmente deslumbrante, sendo a escolha ideal para viver o melhor do trekking machu picchu.<\/p>\n\n\n\n<p class=\"wp-block-paragraph\">Diferente da tradicional trilha inca 4 dias ou de outras trilhas alternativas machu picchu, aqui voc\u00ea vivenciar\u00e1 a transi\u00e7\u00e3o m\u00e1gica da selva andina de forma compacta. Prepare-se para uma expedi\u00e7\u00e3o surpreendente, que rivaliza com os cen\u00e1rios da rota lares cusco e da fascinante trilha inca lares.<\/p>\n\n\n\n<!--Markup for citys-->\n\n<div id=\"tour-block_db9f934e4980784b11ff38487c442185\" class=\"tour\">\n\n\n<div class=\"flex flex-wrap my-8 gap-0 \">\n\n    <div class=\"flex w-6\/12 xl:w-1\/4 p-3\">\n        <div class=\"bg-gtp2 rounded-full w-14 h-14 flex items-center justify-center mr-2\">\n            \n            <svg width=\"24\" height=\"24\" viewBox=\"0 0 20 20\" fill=\"none\" xmlns=\"http:\/\/www.w3.org\/2000\/svg\">\n            <path fill-rule=\"evenodd\" clip-rule=\"evenodd\" d=\"M4 2H16C17.0609 2 18.0783 2.42143 18.8284 3.17157C19.5786 3.92172 20 4.93913 20 6V16C20 17.0609 19.5786 18.0783 18.8284 18.8284C18.0783 19.5786 17.0609 20 16 20H4C2.93913 20 1.92172 19.5786 1.17157 18.8284C0.421427 18.0783 0 17.0609 0 16V6C0 4.93913 0.421427 3.92172 1.17157 3.17157C1.92172 2.42143 2.93913 2 4 2ZM4 4C3.46957 4 2.96086 4.21071 2.58579 4.58579C2.21071 4.96086 2 5.46957 2 6V16C2 16.5304 2.21071 17.0391 2.58579 17.4142C2.96086 17.7893 3.46957 18 4 18H16C16.5304 18 17.0391 17.7893 17.4142 17.4142C17.7893 17.0391 18 16.5304 18 16V6C18 5.46957 17.7893 4.96086 17.4142 4.58579C17.0391 4.21071 16.5304 4 16 4H4Z\" fill=\"white\"\/>\n            <path fill-rule=\"evenodd\" clip-rule=\"evenodd\" d=\"M1 8C1 7.73478 1.10536 7.48043 1.29289 7.29289C1.48043 7.10536 1.73478 7 2 7H18C18.2652 7 18.5196 7.10536 18.7071 7.29289C18.8946 7.48043 19 7.73478 19 8C19 8.26522 18.8946 8.51957 18.7071 8.70711C18.5196 8.89464 18.2652 9 18 9H2C1.73478 9 1.48043 8.89464 1.29289 8.70711C1.10536 8.51957 1 8.26522 1 8ZM6 0C6.26522 0 6.51957 0.105357 6.70711 0.292893C6.89464 0.48043 7 0.734784 7 1V5C7 5.26522 6.89464 5.51957 6.70711 5.70711C6.51957 5.89464 6.26522 6 6 6C5.73478 6 5.48043 5.89464 5.29289 5.70711C5.10536 5.51957 5 5.26522 5 5V1C5 0.734784 5.10536 0.48043 5.29289 0.292893C5.48043 0.105357 5.73478 0 6 0ZM14 0C14.2652 0 14.5196 0.105357 14.7071 0.292893C14.8946 0.48043 15 0.734784 15 1V5C15 5.26522 14.8946 5.51957 14.7071 5.70711C14.5196 5.89464 14.2652 6 14 6C13.7348 6 13.4804 5.89464 13.2929 5.70711C13.1054 5.51957 13 5.26522 13 5V1C13 0.734784 13.1054 0.48043 13.2929 0.292893C13.4804 0.105357 13.7348 0 14 0Z\" fill=\"white\"\/>\n            <path d=\"M6 11C6 11.2652 5.89464 11.5196 5.70711 11.7071C5.51957 11.8946 5.26522 12 5 12C4.73478 12 4.48043 11.8946 4.29289 11.7071C4.10536 11.5196 4 11.2652 4 11C4 10.7348 4.10536 10.4804 4.29289 10.2929C4.48043 10.1054 4.73478 10 5 10C5.26522 10 5.51957 10.1054 5.70711 10.2929C5.89464 10.4804 6 10.7348 6 11ZM6 15C6 15.2652 5.89464 15.5196 5.70711 15.7071C5.51957 15.8946 5.26522 16 5 16C4.73478 16 4.48043 15.8946 4.29289 15.7071C4.10536 15.5196 4 15.2652 4 15C4 14.7348 4.10536 14.4804 4.29289 14.2929C4.48043 14.1054 4.73478 14 5 14C5.26522 14 5.51957 14.1054 5.70711 14.2929C5.89464 14.4804 6 14.7348 6 15ZM11 11C11 11.2652 10.8946 11.5196 10.7071 11.7071C10.5196 11.8946 10.2652 12 10 12C9.73478 12 9.48043 11.8946 9.29289 11.7071C9.10536 11.5196 9 11.2652 9 11C9 10.7348 9.10536 10.4804 9.29289 10.2929C9.48043 10.1054 9.73478 10 10 10C10.2652 10 10.5196 10.1054 10.7071 10.2929C10.8946 10.4804 11 10.7348 11 11ZM11 15C11 15.2652 10.8946 15.5196 10.7071 15.7071C10.5196 15.8946 10.2652 16 10 16C9.73478 16 9.48043 15.8946 9.29289 15.7071C9.10536 15.5196 9 15.2652 9 15C9 14.7348 9.10536 14.4804 9.29289 14.2929C9.48043 14.1054 9.73478 14 10 14C10.2652 14 10.5196 14.1054 10.7071 14.2929C10.8946 14.4804 11 14.7348 11 15ZM16 11C16 11.2652 15.8946 11.5196 15.7071 11.7071C15.5196 11.8946 15.2652 12 15 12C14.7348 12 14.4804 11.8946 14.2929 11.7071C14.1054 11.5196 14 11.2652 14 11C14 10.7348 14.1054 10.4804 14.2929 10.2929C14.4804 10.1054 14.7348 10 15 10C15.2652 10 15.5196 10.1054 15.7071 10.2929C15.8946 10.4804 16 10.7348 16 11ZM16 15C16 15.2652 15.8946 15.5196 15.7071 15.7071C15.5196 15.8946 15.2652 16 15 16C14.7348 16 14.4804 15.8946 14.2929 15.7071C14.1054 15.5196 14 15.2652 14 15C14 14.7348 14.1054 14.4804 14.2929 14.2929C14.4804 14.1054 14.7348 14 15 14C15.2652 14 15.5196 14.1054 15.7071 14.2929C15.8946 14.4804 16 14.7348 16 15Z\" fill=\"white\"\/>\n            <\/svg>\n\n\n        <\/div>\n        <div class=\"flex flex-col justify-center\">\n            <span class=\"text-sm font-urb font-semibold text-gray-900\">Duraci\u00f3n<\/span>\n            <span class=\"text-sm font-urb font-semibold text-gray-600\">4 Dias \/ 3 Noites<\/span>\n        <\/div>\n    <\/div>\n\n    <div class=\"flex w-6\/12 xl:w-1\/4 p-3\">\n        <div class=\"bg-gtp2 rounded-full w-14 h-14 flex items-center justify-center mr-2\">\n            <svg width=\"28\" height=\"28\" viewBox=\"0 0 23 20\" fill=\"none\" xmlns=\"http:\/\/www.w3.org\/2000\/svg\">\n            <path d=\"M11.25 0C8.16027 0 5.35848 1.26177 3.3233 3.29926C3.31446 3.30708 3.30321 3.30978 3.29491 3.31814C3.28661 3.3265 3.28393 3.33783 3.27616 3.34673C1.25304 5.39582 0 8.21713 0 11.3284C0 14.065 0.981696 16.7064 2.76536 18.7674C2.98232 19.019 3.35839 19.046 3.60884 18.8321L5.95982 16.8264C6.21777 16.6077 6.24589 16.2163 6.0225 15.962C4.90179 14.6819 4.28518 13.0357 4.28518 11.3281C4.28518 7.46082 7.4092 4.31504 11.2497 4.31504C12.8483 4.31504 14.4107 4.87444 15.6474 5.88914C16.2627 6.39488 17.0269 5.45597 16.4087 4.94889C15.1136 3.88537 13.5145 3.25233 11.8524 3.12771V1.24423C17.1104 1.56089 21.2946 5.95604 21.2946 11.3284C21.2946 13.5679 20.5578 15.7378 19.208 17.5007L17.7729 16.2821C18.8392 14.8599 19.4199 13.1237 19.4199 11.3284C19.4199 10.5303 19.3061 9.73999 19.0816 8.9791C18.8518 8.20418 17.7013 8.56264 17.9263 9.32515C18.1171 9.97303 18.2143 10.6471 18.2143 11.3284C18.2143 13.0352 17.5982 14.6805 16.4791 15.9598C16.2571 16.2125 16.282 16.6039 16.5426 16.8251L18.8976 18.8251C19.1488 19.0392 19.5254 19.0093 19.7403 18.7595C21.5199 16.7002 22.5 14.061 22.5 11.3284C22.5 5.08186 17.4533 0 11.25 0ZM5.92232 5.10479L4.59723 3.77074C6.22982 2.3118 8.33223 1.38368 10.6473 1.24423V3.13203C8.84812 3.26554 7.21125 3.98436 5.92232 5.10479ZM4.73036 16.2854L3.29732 17.5078C2.06705 15.9032 1.35107 13.9604 1.23027 11.9353H3.10473C3.22045 13.5134 3.78321 15.0231 4.73036 16.2854ZM3.11063 10.7215H1.23589C1.37438 8.39002 2.29607 6.27296 3.74491 4.629L5.07 5.96278C3.95705 7.26096 3.24295 8.90951 3.11063 10.7215Z\" fill=\"white\"\/>\n            <path d=\"M12.6139 14.4173C13.1812 13.8452 17.8757 7.64666 18.4093 6.94187C18.8218 6.39649 18.1524 5.69143 17.5955 6.06959C16.3854 6.88118 10.3187 10.961 9.74973 11.5339C8.96036 12.3288 8.96036 13.6224 9.74973 14.4173C10.5375 15.2105 11.8227 15.2138 12.6139 14.4173ZM10.6018 12.3919C10.8654 12.1303 13.0093 10.6433 15.2223 9.13553C13.5932 11.2674 12.0246 13.2936 11.7616 13.559C10.9947 14.3315 9.83464 13.1644 10.6018 12.3919Z\" fill=\"white\"\/>\n            <path d=\"M9.17598 17.7006H13.324C14.1217 17.7006 14.1217 16.4869 13.324 16.4869H9.17598C8.3783 16.4869 8.3783 17.7006 9.17598 17.7006Z\" fill=\"white\"\/>\n            <path d=\"M16.3227 18.7862H6.17759C5.37991 18.7862 5.37991 20 6.17759 20H16.3227C17.1201 20 17.1201 18.7862 16.3227 18.7862Z\" fill=\"white\"\/>\n            <\/svg>\n        <\/div>\n        <div class=\"flex flex-col justify-center\">\n            <span class=\"text-sm font-urb font-semibold text-gray-900\">Dificultad<\/span>\n            <span class=\"text-sm font-urb font-semibold text-gray-600\">Dif\u00edcil<\/span>\n        <\/div>\n    <\/div>\n\n    <div class=\"flex w-6\/12 xl:w-1\/4 p-3\">\n        <div class=\"bg-gtp2 rounded-full w-14 h-14 flex items-center justify-center mr-2\">\n            \n                <svg width=\"24\" height=\"24\" viewBox=\"0 0 20 20\" fill=\"none\" xmlns=\"http:\/\/www.w3.org\/2000\/svg\">\n                <path d=\"M10 13.3333C9.34073 13.3333 8.69626 13.1378 8.1481 12.7716C7.59994 12.4053 7.17269 11.8847 6.9204 11.2756C6.66811 10.6665 6.6021 9.9963 6.73072 9.3497C6.85933 8.7031 7.1768 8.10915 7.64298 7.64298C8.10915 7.1768 8.7031 6.85933 9.3497 6.73072C9.9963 6.6021 10.6665 6.66811 11.2756 6.9204C11.8847 7.17269 12.4053 7.59994 12.7716 8.1481C13.1378 8.69626 13.3333 9.34073 13.3333 10C13.3333 10.8841 12.9821 11.7319 12.357 12.357C11.7319 12.9821 10.8841 13.3333 10 13.3333ZM10 8.33333C9.67036 8.33333 9.34813 8.43108 9.07405 8.61422C8.79997 8.79735 8.58635 9.05765 8.4602 9.3622C8.33405 9.66674 8.30105 10.0018 8.36536 10.3252C8.42967 10.6485 8.5884 10.9454 8.82149 11.1785C9.05458 11.4116 9.35155 11.5703 9.67485 11.6346C9.99815 11.699 10.3333 11.6659 10.6378 11.5398C10.9423 11.4137 11.2026 11.2 11.3858 10.926C11.5689 10.6519 11.6667 10.3296 11.6667 10C11.6667 9.55797 11.4911 9.13405 11.1785 8.82149C10.8659 8.50893 10.442 8.33333 10 8.33333ZM15 19.1667C15 17.8406 14.4732 16.5688 13.5355 15.6311C12.5979 14.6934 11.3261 14.1667 10 14.1667C8.67392 14.1667 7.40215 14.6934 6.46447 15.6311C5.52678 16.5688 5 17.8406 5 19.1667C5 19.3877 5.0878 19.5996 5.24408 19.7559C5.40036 19.9122 5.61232 20 5.83333 20C6.05435 20 6.26631 19.9122 6.42259 19.7559C6.57887 19.5996 6.66667 19.3877 6.66667 19.1667C6.66667 18.2826 7.01786 17.4348 7.64298 16.8096C8.2681 16.1845 9.11594 15.8333 10 15.8333C10.8841 15.8333 11.7319 16.1845 12.357 16.8096C12.9821 17.4348 13.3333 18.2826 13.3333 19.1667C13.3333 19.3877 13.4211 19.5996 13.5774 19.7559C13.7337 19.9122 13.9457 20 14.1667 20C14.3877 20 14.5996 19.9122 14.7559 19.7559C14.9122 19.5996 15 19.3877 15 19.1667ZM15 6.66667C14.3407 6.66667 13.6963 6.47117 13.1481 6.1049C12.5999 5.73863 12.1727 5.21803 11.9204 4.60895C11.6681 3.99986 11.6021 3.32964 11.7307 2.68303C11.8593 2.03643 12.1768 1.44249 12.643 0.976312C13.1092 0.510137 13.7031 0.192668 14.3497 0.0640506C14.9963 -0.0645668 15.6665 0.00144427 16.2756 0.253736C16.8847 0.506028 17.4053 0.93327 17.7716 1.48143C18.1378 2.0296 18.3333 2.67406 18.3333 3.33333C18.3333 4.21739 17.9821 5.06524 17.357 5.69036C16.7319 6.31548 15.8841 6.66667 15 6.66667ZM15 1.66667C14.6704 1.66667 14.3481 1.76442 14.074 1.94755C13.8 2.13069 13.5863 2.39099 13.4602 2.69553C13.3341 3.00007 13.301 3.33518 13.3654 3.65849C13.4297 3.98179 13.5884 4.27876 13.8215 4.51185C14.0546 4.74493 14.3515 4.90367 14.6748 4.96798C14.9982 5.03229 15.3333 4.99928 15.6378 4.87313C15.9423 4.74699 16.2026 4.53337 16.3858 4.25928C16.5689 3.9852 16.6667 3.66297 16.6667 3.33333C16.6667 2.89131 16.4911 2.46738 16.1785 2.15482C15.8659 1.84226 15.442 1.66667 15 1.66667ZM20 12.5C19.9987 11.1743 19.4715 9.90332 18.5341 8.96593C17.5967 8.02853 16.3257 7.50132 15 7.5C14.779 7.5 14.567 7.5878 14.4107 7.74408C14.2545 7.90036 14.1667 8.11232 14.1667 8.33333C14.1667 8.55435 14.2545 8.76631 14.4107 8.92259C14.567 9.07887 14.779 9.16667 15 9.16667C15.8841 9.16667 16.7319 9.51786 17.357 10.143C17.9821 10.7681 18.3333 11.6159 18.3333 12.5C18.3333 12.721 18.4211 12.933 18.5774 13.0893C18.7337 13.2455 18.9457 13.3333 19.1667 13.3333C19.3877 13.3333 19.5996 13.2455 19.7559 13.0893C19.9122 12.933 20 12.721 20 12.5ZM5 6.66667C4.34073 6.66667 3.69626 6.47117 3.1481 6.1049C2.59994 5.73863 2.17269 5.21803 1.9204 4.60895C1.66811 3.99986 1.6021 3.32964 1.73072 2.68303C1.85933 2.03643 2.1768 1.44249 2.64298 0.976312C3.10915 0.510137 3.7031 0.192668 4.3497 0.0640506C4.9963 -0.0645668 5.66652 0.00144427 6.27561 0.253736C6.8847 0.506028 7.40529 0.93327 7.77156 1.48143C8.13784 2.0296 8.33333 2.67406 8.33333 3.33333C8.33333 4.21739 7.98214 5.06524 7.35702 5.69036C6.7319 6.31548 5.88405 6.66667 5 6.66667ZM5 1.66667C4.67036 1.66667 4.34813 1.76442 4.07405 1.94755C3.79997 2.13069 3.58635 2.39099 3.4602 2.69553C3.33405 3.00007 3.30105 3.33518 3.36536 3.65849C3.42967 3.98179 3.5884 4.27876 3.82149 4.51185C4.05458 4.74493 4.35155 4.90367 4.67485 4.96798C4.99815 5.03229 5.33326 4.99928 5.63781 4.87313C5.94235 4.74699 6.20265 4.53337 6.38578 4.25928C6.56892 3.9852 6.66667 3.66297 6.66667 3.33333C6.66667 2.89131 6.49107 2.46738 6.17851 2.15482C5.86595 1.84226 5.44203 1.66667 5 1.66667ZM1.66667 12.5C1.66667 11.6159 2.01786 10.7681 2.64298 10.143C3.2681 9.51786 4.11594 9.16667 5 9.16667C5.22101 9.16667 5.43297 9.07887 5.58926 8.92259C5.74554 8.76631 5.83333 8.55435 5.83333 8.33333C5.83333 8.11232 5.74554 7.90036 5.58926 7.74408C5.43297 7.5878 5.22101 7.5 5 7.5C3.67432 7.50132 2.40332 8.02853 1.46593 8.96593C0.528533 9.90332 0.00132369 11.1743 0 12.5C0 12.721 0.0877974 12.933 0.244078 13.0893C0.400358 13.2455 0.61232 13.3333 0.833333 13.3333C1.05435 13.3333 1.26631 13.2455 1.42259 13.0893C1.57887 12.933 1.66667 12.721 1.66667 12.5Z\" fill=\"white\"\/>\n                <\/svg>\n\n        <\/div>\n        <div class=\"flex flex-col justify-center\">\n            <span class=\"text-sm font-urb font-semibold text-gray-900\">Nro Paxs<\/span>\n            <span class=\"text-sm font-urb font-semibold text-gray-600\">At\u00e9 16<\/span>\n        <\/div>\n    <\/div>\n\n  \n\n    <div class=\"flex w-6\/12 xl:w-1\/4 p-3\">\n        <div class=\"bg-gtp2 rounded-full w-14 h-14 flex items-center justify-center mr-2\">\n            \n            <svg width=\"28\" height=\"26\" viewBox=\"0 0 20 20\" fill=\"none\" xmlns=\"http:\/\/www.w3.org\/2000\/svg\">\n            <path d=\"M10.6122 6.12931V4.4898H15.0723L13.9498 2.2449L15.0723 0H9.38775V6.12931L0.115143 19.0263L0 19.1905V20H19.3878L20 19.9959V19.1864L10.6122 6.12931ZM10.6122 1.22449H13.091L12.5808 2.2449L13.091 3.26531H10.6122V1.22449ZM10 7.37531L13.8588 12.7424L12.3853 13.7463L10 12.1131L7.61465 13.7463L6.14118 12.7424L10 7.37531ZM1.80359 18.7755L5.42616 13.737L7.61637 15.2292L10 13.5971L12.3836 15.2292L14.5738 13.7369L18.1964 18.7755H1.80359Z\" fill=\"white\"\/>\n            <\/svg>\n\n        <\/div>\n        <div class=\"flex flex-col justify-center\">\n            <span class=\"text-sm font-urb font-semibold text-gray-900\">Max. Altitud:<\/span>\n            <span class=\"text-sm font-urb font-semibold text-gray-600\">4400 m s. n. m.<\/span>\n        <\/div>\n    <\/div>\n<\/div>\n\n<\/div>\n\n<div class=\"responsive-tabs\">\n<h2 class=\"tabtitle\"><span class=\"fa fa-file-text-o\"><\/span>Resumo<\/h2>\n<div class=\"tabcontent\">\n\n\n\n\n<h3 id=\"h-dia-1-cusco-calca-termas-de-lares-trekking-para-sondor\" class=\"wp-block-heading\">Dia 1: Cusco &#8211; Calca &#8211; Termas de Lares &#8211; Trekking para Sondor<\/h3>\n\n\n\n<div class=\"wp-block-advgb-list\"><ul class=\"advgblist-f87d799d-2f19-42b6-8214-9140c4b24178 advgb-list advgb-list-arrow-right-alt2\">\n<li class=\"wp-block-advgb-list-item\"><strong>Busca:<\/strong>&nbsp;6h00 no hotel em Cusco.<\/li>\n\n\n\n<li class=\"wp-block-advgb-list-item\"><strong>Parada:<\/strong>&nbsp;Breve visita ao mercado local de Calca para caf\u00e9 da manh\u00e3 e compra de provis\u00f5es.<\/li>\n\n\n\n<li class=\"wp-block-advgb-list-item\"><strong>Termas de Lares:<\/strong>&nbsp;Relaxamento nas piscinas de \u00e1guas termais medicinais enquanto o almo\u00e7o \u00e9 preparado.<\/li>\n\n\n\n<li class=\"wp-block-advgb-list-item\"><strong>Trekking:<\/strong>&nbsp;Caminhada de aproximadamente 3 horas com subida gradual at\u00e9 o primeiro acampamento em Sondor (3.800 m).<\/li>\n\n\n\n<li class=\"wp-block-advgb-list-item\"><strong>Clima:<\/strong>&nbsp;Dia quente, noite fria.<\/li>\n<\/ul><\/div>\n\n\n\n<h3 id=\"h-dia-2-sondor-passo-sacsayllame-lagoas-pucara\" class=\"wp-block-heading\">Dia 2: Sondor &#8211; Passo Sacsayllame &#8211; Lagoas &#8211; Pucar\u00e1<\/h3>\n\n\n\n<div class=\"wp-block-advgb-list\"><ul class=\"advgblist-19d01a22-28fe-4598-81c1-9a2c329cb06d advgb-list advgb-list-arrow-right-alt2\">\n<li class=\"wp-block-advgb-list-item\"><strong>Trekking:<\/strong>&nbsp;Subida exigente de 2 horas ao Passo Sacsayllame (4.400 m), o ponto mais alto da trilha. Um cavalo de emerg\u00eancia acompanhar\u00e1 o grupo.<\/li>\n\n\n\n<li class=\"wp-block-advgb-list-item\"><strong>Paisagens:<\/strong>&nbsp;Vistas panor\u00e2micas de montanhas, terra\u00e7os agr\u00edcolas e lagoas (Aruray Cocha, Yurak Cocha).<\/li>\n\n\n\n<li class=\"wp-block-advgb-list-item\"><strong>Descida:<\/strong>&nbsp;Caminhada por uma floresta encantada at\u00e9 o acampamento em Pucar\u00e1 (3.100 m).<\/li>\n\n\n\n<li class=\"wp-block-advgb-list-item\"><strong>Dura\u00e7\u00e3o:<\/strong>&nbsp;Aproximadamente 8 horas de caminhada.<\/li>\n<\/ul><\/div>\n\n\n\n<h3 id=\"h-dia-3-pucara-ollantaytambo-km-104-winayhuayna-aguas-calientes\" class=\"wp-block-heading\">Dia 3: Pucar\u00e1 &#8211; Ollantaytambo &#8211; Km 104 &#8211; Wi\u00f1ayhuayna &#8211; \u00c1guas Calientes<\/h3>\n\n\n\n<div class=\"wp-block-advgb-list\"><ul class=\"advgblist-c3fa5cc1-31f7-452b-bccc-d2fe748aa625 advgb-list advgb-list-arrow-right-alt2\">\n<li class=\"wp-block-advgb-list-item\"><strong>Translado:<\/strong>&nbsp;Viagem de ve\u00edculo at\u00e9 Ollantaytambo e depois de trem tur\u00edstico at\u00e9 o Km 104.<\/li>\n\n\n\n<li class=\"wp-block-advgb-list-item\"><strong>In\u00edcio do Trekking Inca:<\/strong>&nbsp;Visita ao s\u00edtio arqueol\u00f3gico de Chachabamba.<\/li>\n\n\n\n<li class=\"wp-block-advgb-list-item\"><strong>Caminhada:<\/strong>&nbsp;Trekking pelo Caminho Inca at\u00e9 Wi\u00f1ayhuayna, o segundo s\u00edtio arqueol\u00f3gico mais importante da regi\u00e3o.<\/li>\n\n\n\n<li class=\"wp-block-advgb-list-item\"><strong>Inti Punku:<\/strong>&nbsp;Chegada \u00e0 Porta do Sol para observar o p\u00f4r do sol sobre Machu Picchu (vista \u00e0 dist\u00e2ncia).<\/li>\n\n\n\n<li class=\"wp-block-advgb-list-item\"><strong>Pernoite:<\/strong>&nbsp;Descida at\u00e9 \u00c1guas Calientes para pernoite em hotel.<\/li>\n<\/ul><\/div>\n\n\n\n<h3 id=\"h-dia-4-aguas-calientes-machu-picchu-cusco\" class=\"wp-block-heading\">Dia 4: \u00c1guas Calientes &#8211; Machu Picchu &#8211; Cusco<\/h3>\n\n\n\n<div class=\"wp-block-advgb-list\"><ul class=\"advgblist-745ec793-d31f-46cb-9aa0-70bf59ebc2a7 advgb-list advgb-list-arrow-right-alt2\">\n<li class=\"wp-block-advgb-list-item\"><strong>Madrugada:<\/strong>&nbsp;Translado de \u00f4nibus para Machu Picchu por volta das 5h30 para aproveitar o s\u00edtio com menos visitantes.<\/li>\n\n\n\n<li class=\"wp-block-advgb-list-item\"><strong>Visita Guiada:<\/strong>&nbsp;Tour informativo pela cidadela (a partir das 6h00).<\/li>\n\n\n\n<li class=\"wp-block-advgb-list-item\"><strong>Tempo Livre:<\/strong>&nbsp;Explora\u00e7\u00e3o independente (op\u00e7\u00f5es: Ponte Inca, subida ao Huayna Picchu, etc.).<\/li>\n\n\n\n<li class=\"wp-block-advgb-list-item\"><strong>Retorno:<\/strong>&nbsp;Descida de \u00f4nibus para \u00c1guas Calientes, almo\u00e7o e tempo para visitar as piscinas termais (opcional).<\/li>\n\n\n\n<li class=\"wp-block-advgb-list-item\"><strong>Volta a Cusco:<\/strong>&nbsp;Viagem de trem at\u00e9 Ollantaytambo e translado em ve\u00edculo particular at\u00e9 o hotel em Cusco.<\/li>\n<\/ul><\/div>\n\n\n\n<\/div><h2 class=\"tabtitle\"><span class=\"fa fa-tasks\"><\/span>Itiner\u00e1rio<\/h2>\n<div class=\"tabcontent\">\n\n\n\n\n<h2 id=\"h-itinerario\" class=\"wp-block-heading\">Itiner\u00e1rio<\/h2>\n\n\n\n<div class=\"wp-block-group\"><div class=\"wp-block-group__inner-container is-layout-constrained wp-block-group-is-layout-constrained\">\n<h3 id=\"h-cusco-huaca-pass-quase-lares-hot-springs-huacawasi-sondor\" class=\"wp-block-heading\">Cusco &#8211; Huaca Pass Quase &#8211; Lares Hot Springs &#8211; Huacawasi \u2013 Sondor<\/h3>\n\n\n\n<p class=\"wp-block-paragraph\">O primeiro dia da nossa <strong>trilha lares<\/strong> foca na imers\u00e3o cultural e na prepara\u00e7\u00e3o do corpo para as altitudes andinas, tudo em um ritmo agrad\u00e1vel e acolhedor.<\/p>\n\n\n\n<ul class=\"wp-block-list\">\n<li><strong>[6h00] \u2013 In\u00edcio da Jornada e Parada em Calca<\/strong>: Buscaremos voc\u00ea em seu hotel para iniciar esta imers\u00e3o. No caminho, faremos uma parada estrat\u00e9gica na cidadezinha de Calca, ideal para explorar o mercado local e <strong>comprar um delicioso caf\u00e9 da manh\u00e3<\/strong>. <em>Dica do guia:<\/em> adquira p\u00e3es para presentear as crian\u00e7as das comunidades locais que encontraremos.<\/li>\n\n\n\n<li><strong>[Manh\u00e3] \u2013 Banhos Termais e Relaxamento<\/strong>: Ao chegarmos \u00e0 charmosa vila de Lares, voc\u00ea desfrutar\u00e1 de <strong>\u00e1guas termais medicinais<\/strong> relaxantes, enquanto nosso cozinheiro prepara um almo\u00e7o saboroso e revigorante.<\/li>\n\n\n\n<li><strong>[Tarde] \u2013 Ascens\u00e3o Gradual e Acampamento<\/strong>: Ap\u00f3s o almo\u00e7o, iniciamos nosso <strong>trekking lares peru<\/strong> subindo gradativamente por 3 horas at\u00e9 o acampamento em Sondor (3.800m). \u00c9 o treinamento perfeito para aclimatar o seu corpo.<\/li>\n\n\n\n<li><strong>[Noite] \u2013 Conforto nas Alturas<\/strong>: Voc\u00ea ser\u00e1 recebido em um acampamento com barracas j\u00e1 prontas e um jantar quente para aquecer a noite fria dos Andes. <em>(Detalhes: Transporte 4h | Caminhada 6h | Clima: Quente de dia, Frio \u00e0 noite).<\/em><\/li>\n<\/ul>\n\n\n\n<h3 id=\"h-sondor-passe-sacsayllame-aruray-cocha-yurak-cocha-pucara\" class=\"wp-block-heading\">Sondor \u2013 Passe Sacsayllame \u2013 Aruray Cocha \u2013 Yurak Cocha \u2013Pucar\u00e1<\/h3>\n\n\n\n<p class=\"wp-block-paragraph\">Hoje \u00e9 o dia mais desafiador e recompensador da nossa <strong>rota lares cusco<\/strong>, atravessando passos de montanha lend\u00e1rios e apreciando paisagens espetaculares.<\/p>\n\n\n\n<ul class=\"wp-block-list\">\n<li><strong>[Manh\u00e3] \u2013 A Grande Subida<\/strong>: Ap\u00f3s um farto caf\u00e9 da manh\u00e3, encaramos uma subida \u00edngreme de 2 horas at\u00e9 a passagem de Sacsayllame (4.400m). Para sua total tranquilidade e conforto, um <strong>cavalo de emerg\u00eancia nos acompanhar\u00e1<\/strong> em todo o trajeto de ascens\u00e3o.<\/li>\n\n\n\n<li><strong>[Meio-dia] \u2013 Vistas Deslumbrantes e Almo\u00e7o Ribeirinho<\/strong>: No topo, maravilhe-se com um mosaico de terras agr\u00edcolas e picos nevados. Iniciaremos a descida passando por uma bela lagoa, culminando em um <strong>delicioso almo\u00e7o \u00e0 beira do rio<\/strong> preparado pela nossa equipe.<\/li>\n\n\n\n<li><strong>[Tarde] \u2013 Florestas Encantadas<\/strong>: A descida continua por aproximadamente 4 horas atrav\u00e9s de uma floresta m\u00e1gica, lar de \u00e1rvores emblem\u00e1ticas do Peru, proporcionando uma conex\u00e3o purificadora com a natureza.<\/li>\n\n\n\n<li><strong>[Fim de Tarde] \u2013 Descanso em Pucar\u00e1<\/strong>: Chegamos ao nosso acampamento em Pucar\u00e1 (3.100m), onde <strong>ch\u00e1 quente, lanches e um jantar saboroso<\/strong> aguardam para celebrar as conquistas do dia. <em>(Detalhes: Caminhada 8h | Transporte 0,5h | Clima: Frio e quente).<\/em><\/li>\n<\/ul>\n\n\n\n<h3 id=\"h-pucara-ollantaytambo-km-104-winayhuayna-aguas-calientes\" class=\"wp-block-heading\">Pucara &#8211; Ollantaytambo &#8211; Km 104 \u2013 Wi\u00f1ayhuayna \u2013 Aguas Calientes<\/h3>\n\n\n\n<p class=\"wp-block-paragraph\">Uma transi\u00e7\u00e3o perfeita. Deixamos a tranquilidade de Lares para nos unirmos ao trecho mais famoso de toda a Am\u00e9rica do Sul, a cobi\u00e7ada <strong>trilha inca lares<\/strong>.<\/p>\n\n\n\n<ul class=\"wp-block-list\">\n<li><strong>[6h00] \u2013 Rumo ao Km 104<\/strong>: Sa\u00edmos cedo em um ve\u00edculo rumo a Ollantaytambo, onde embarcaremos no trem tur\u00edstico at\u00e9 o Km 104, o ponto de partida oficial da ic\u00f4nica <strong>trilha inca machu picchu<\/strong>.<\/li>\n\n\n\n<li><strong>[Manh\u00e3] \u2013 Explorando Chachabamba e Wi\u00f1ayhuayna<\/strong>: Come\u00e7aremos nossa \u00e9pica <strong>trilha inca 4 dias<\/strong> visitando Chachabamba (2.270m) e depois Wi\u00f1ayhuayna (2.650m), um dos maiores e mais impressionantes s\u00edtios arqueol\u00f3gicos da rota.<\/li>\n\n\n\n<li><strong>[Fim de Tarde] \u2013 O P\u00f4r do Sol na Porta do Sol<\/strong>: A caminhada nos levar\u00e1 ao m\u00edtico mirante de Inti Punku (2.400m). Daqui, seremos presenteados com uma <strong>vis\u00e3o espetacular do p\u00f4r do sol sobre a cidadela de Machu Picchu<\/strong>.<\/li>\n\n\n\n<li><strong>[Noite] \u2013 Conforto em Aguas Calientes<\/strong>: Tendo um tempo limitado no santu\u00e1rio hoje, desceremos para a nossa hospedagem na charmosa vila de Aguas Calientes para uma merecida noite de descanso em uma cama confort\u00e1vel.<\/li>\n<\/ul>\n\n\n\n<h3 id=\"h-aguas-calientes-santuario-de-machu-picchu-cusco\" class=\"wp-block-heading\">Aguas Calientes &#8211; Santu\u00e1rio de Machu Picchu &#8211; Cusco<\/h3>\n\n\n\n<p class=\"wp-block-paragraph\">O cl\u00edmax do nosso <strong>trekking machu picchu<\/strong> chegou. Exploraremos a maravilha do mundo no momento mais sereno do dia.<\/p>\n\n\n\n<ul class=\"wp-block-list\">\n<li><strong>[5h30] \u2013 Subida Matinal \u00e0 Cidadela<\/strong>: Ap\u00f3s o caf\u00e9 da manh\u00e3, pegaremos o micro-\u00f4nibus bem cedo. Essa estrat\u00e9gia nos permite explorar o local com <strong>menos multid\u00f5es e sentir a verdadeira paz do esp\u00edrito ancestral<\/strong>.<\/li>\n\n\n\n<li><strong>[6h00] \u2013 Visita Guiada e Mist\u00e9rios Incas<\/strong>: Chegando ao santu\u00e1rio, nosso guia especialista compartilhar\u00e1 detalhes fascinantes sobre a hist\u00f3ria, a arquitetura genial e a rica cultura dos Incas durante um tour imersivo.<\/li>\n\n\n\n<li><strong>[Manh\u00e3] \u2013 Tempo Livre e Explora\u00e7\u00e3o<\/strong>: Explore a cidadela ao seu pr\u00f3prio ritmo. Descubra a m\u00edstica Ponte Inca, caminhe pelos templos principais ou desafie-se subindo Waynapicchu para vistas panor\u00e2micas de tirar o f\u00f4lego.<\/li>\n\n\n\n<li><strong>[Tarde] \u2013 Retorno Triunfal a Cusco<\/strong>: Desceremos de \u00f4nibus para a vila de Aguas Calientes, onde voc\u00ea ter\u00e1 tempo livre para visitar as piscinas termais ou desfrutar de um bom almo\u00e7o. No final do dia, <strong>retornaremos de trem a Ollantaytambo<\/strong> e, em seguida, em transporte particular at\u00e9 o seu hotel em Cusco (3.350m). <em>(Detalhes: Caminhada 2h | Clima: Temperado com mosquitos | Dist\u00e2ncia Total: 4 horas).<\/em><\/li>\n<\/ul>\n<\/div><\/div>\n\n\n\n<blockquote class=\"wp-block-quote is-layout-flow wp-block-quote-is-layout-flow\">\n<p class=\"wp-block-paragraph\"><strong>Reserva antecipada:<\/strong>&nbsp;Devido \u00e0 restri\u00e7\u00e3o de permiss\u00e3o de trekking, limitada a 250 por dia (aproximadamente 200 para turistas e 50 para trekking), \u00e9 fundamental fazer reserva com bastante anteced\u00eancia, principalmente durante o per\u00edodo alta temporada de maio a setembro.Na baixa temporada, de dezembro a janeiro, \u00e9 poss\u00edvel obter o ingresso com aproximadamente 30 dias de anteced\u00eancia.<\/p>\n<\/blockquote>\n\n\n\n<\/div><h2 class=\"tabtitle\"><span class=\"fa fa-list\"><\/span>Inclui<\/h2>\n<div class=\"tabcontent\">\n\n\n\n\n<h2 id=\"h-inclui\" class=\"wp-block-heading\">Inclui<\/h2>\n\n\n\n<div class=\"wp-block-advgb-list\"><ul class=\"advgblist-50c7987b-12b1-428a-bf8d-0d0d60669d22 advgb-list advgb-list-yes\">\n<li class=\"wp-block-advgb-list-item\">Pr\u00e9-briefing \u00e0s 19h em nosso escrit\u00f3rio da agencia1 ou 2 dias antes (Deve ser confirmada no momento da reserva).<\/li>\n\n\n\n<li class=\"wp-block-advgb-list-item\">\u00d4nibus tur\u00edstico do hotel at\u00e9 a vila de Lares.<\/li>\n\n\n\n<li class=\"wp-block-advgb-list-item\">Entrada no club de piscinas termais de Lares.<\/li>\n\n\n\n<li class=\"wp-block-advgb-list-item\">Transporte de Pucar\u00e1 a Ollantaytambo onde est\u00e1 localizada a esta\u00e7\u00e3o ferrovi\u00e1ria.<\/li>\n\n\n\n<li class=\"wp-block-advgb-list-item\">Trem tur\u00edstico de Ollantaytambo ao Km 104.<\/li>\n\n\n\n<li class=\"wp-block-advgb-list-item\">\u00d4nibus de Machu Picchu para Aguas Calientes e volta para Aguas Calientes.<\/li>\n\n\n\n<li class=\"wp-block-advgb-list-item\">Trem tur\u00edstico de Aguas Calientes a Ollantaytambo e traslado tur\u00edstico coletivo da esta\u00e7\u00e3o ferrovi\u00e1ria de Ollantaytambo ao centro de Cusco (Plaza Regocijo \/ A poucos metros da Plaza de Armas ou do Hotel Marriott \/ Calle Ruinas, in\u00edcio do bairro de S\u00e3o Br\u00e1s).<\/li>\n\n\n\n<li class=\"wp-block-advgb-list-item\">Bilhetes de entrada para a Trilha Inca e o Santu\u00e1rio de Machu Picchu.<\/li>\n\n\n\n<li class=\"wp-block-advgb-list-item\">Hotel com quarto e banheiro privado na vila de Aguas Calientes.<\/li>\n\n\n\n<li class=\"wp-block-advgb-list-item\">Guia profissional bil\u00edngue (espanhol e ingl\u00eas).<\/li>\n\n\n\n<li class=\"wp-block-advgb-list-item\">Equipamento de camping de alta qualidade (tendas profissionais Eureka, extras leve\/4,5kgs para 2 pessoas. Colch\u00f5es, tenda de jantar com mesa e cadeiras, barraca de banheiro).<\/li>\n\n\n\n<li class=\"wp-block-advgb-list-item\">Refei\u00e7\u00f5es durante a excurs\u00e3o (Caf\u00e9 da manh\u00e3, almo\u00e7o, jantar e lanches\/Op\u00e7\u00e3o vegetariano)<\/li>\n\n\n\n<li class=\"wp-block-advgb-list-item\">Cozinha e equipamentos de cozinha.<\/li>\n\n\n\n<li class=\"wp-block-advgb-list-item\">Cavaleiro e mulas para todos os equipamentos e pessoal de camping (at\u00e9 4 kg).<\/li>\n<\/ul><\/div>\n\n\n\n<h2 id=\"h-nao-inclui\" class=\"wp-block-heading\">N\u00e3o Inclui<\/h2>\n\n\n\n<div class=\"wp-block-advgb-list\"><ul class=\"advgblist-10395ce0-6650-437c-ab0d-77b00d3f5d35 advgb-list advgb-list-no\">\n<li class=\"wp-block-advgb-list-item\">Caf\u00e9 da manh\u00e3 no primeiro dia e \u00faltimo almo\u00e7o na cidade de Aguas Calientes.<\/li>\n\n\n\n<li class=\"wp-block-advgb-list-item\">\u00d4nibus de Machu Picchu at\u00e9 a vila de Aguas Calientes onde a esta\u00e7\u00e3o de trem; Tem um custo adicional. ou pode caminhar de volta para Aa vila guas Calientes, que levar\u00e1 aproximadamente uma hora de descida.<\/li>\n\n\n\n<li class=\"wp-block-advgb-list-item\">Entrada para o club de piscinas termais medicinais, na vila de Aguas Calientes.<\/li>\n\n\n\n<li class=\"wp-block-advgb-list-item\">Servi\u00e7o n\u00e3o detalhado na excurs\u00e3o.<\/li>\n<\/ul><\/div>\n\n\n\n<h2 id=\"h-contate-nos\" class=\"wp-block-heading\">Contate-nos<\/h2>\n\n\n\n<div class=\"wp-block-advgb-list\"><ul class=\"advgblist-b5611c61-c9f4-427b-a8db-287d11227fbd advgb-list advgb-list-arrow-right-alt2\">\n<li class=\"wp-block-advgb-list-item\">info@grouptravelperu.com<\/li>\n\n\n\n<li class=\"wp-block-advgb-list-item\">reserve@grouptravelperu.com<\/li>\n<\/ul><\/div>\n\n\n\n<\/div><h2 class=\"tabtitle\"><span class=\"fa fa-info-circle\"><\/span>M\u00e1s Informaci\u00f3n<\/h2>\n<div class=\"tabcontent\">\n\n\n\n\n<h2 id=\"h-mais-informacoes-sobre-a-trilha-lares-machu-picchu\" class=\"wp-block-heading\">Mais informa\u00e7\u00f5es sobre a trilha lares machu picchu<\/h2>\n\n\n\n<p class=\"wp-block-paragraph\">Explorar a cordilheira dos Andes exige planejamento detalhado e um profundo respeito pelo territ\u00f3rio e pelas comunidades nativas. Esta expedi\u00e7\u00e3o combina perfeitamente o turismo cultural em vilarejos ancestrais com a grandiosidade arquitet\u00f4nica da cidadela inca.<\/p>\n\n\n\n<p class=\"wp-block-paragraph\">Ao escolher este roteiro, voc\u00ea se afasta das grandes massas tur\u00edsticas sem abrir m\u00e3o de cruzar se\u00e7\u00f5es originais da antiga rede vi\u00e1ria imperial. A seguir, detalhamos os aspectos fundamentais para que sua aventura nas montanhas seja segura, organizada e marcante.<\/p>\n\n\n\n<h3 id=\"h-o-que-torna-esta-rota-a-melhor-alternativa-a-trilha-inca-classica\" class=\"wp-block-heading\">O que torna esta rota a melhor alternativa \u00e0 trilha inca cl\u00e1ssica<\/h3>\n\n\n\n<p class=\"wp-block-paragraph\">Muitos viajantes buscam rotas menos congestionadas para vivenciar a natureza andina com tranquilidade e autenticidade. O percurso pela regi\u00e3o de Lares atende exatamente a essa necessidade de isolamento e conex\u00e3o cultural genu\u00edna.<\/p>\n\n\n\n<p class=\"wp-block-paragraph\">Diferente da via tradicional, este trekking cruza comunidades que preservam t\u00e9cnicas milenares de tecelagem e pastagem de alpacas. \u00c9 uma oportunidade \u00fanica de observar a vida cotidiana dos descendentes diretos dos incas em seu habitat natural.<\/p>\n\n\n\n<p class=\"wp-block-paragraph\">Optar pelas trilhas alternativas machu picchu significa desfrutar de paisagens glaciares intocadas e lagoas de tons turquesa inigual\u00e1veis. Al\u00e9m disso, o trajeto conecta-se com caminhos de pedra hist\u00f3ricos no trecho final rumo ao santu\u00e1rio sagrado.<\/p>\n\n\n\n<h3 id=\"h-dificuldade-altitud-e-o-que-esperar-do-terreno\" class=\"wp-block-heading\">Dificuldade, altitud e o que esperar do terreno<\/h3>\n\n\n\n<p class=\"wp-block-paragraph\">O fator referente \u00e0 trilha lares dificuldade e altitude \u00e9 uma das consultas mais comuns entre os aventureiros. O ponto mais elevado do percurso \u00e9 o impressionante passo Sicllakasa, que atinge os <strong>4.400 metros acima do nivel do mar<\/strong>.<\/p>\n\n\n\n<p class=\"wp-block-paragraph\">Essa eleva\u00e7\u00e3o consider\u00e1vel exige um per\u00edodo pr\u00e9vio de aclimata\u00e7\u00e3o na cidade imperial para evitar desconfortos f\u00edsicos. O terreno apresenta subidas \u00edngremes e descensos prolongados que testam a resist\u00eancia cardiovascular.<\/p>\n\n\n\n<ul class=\"wp-block-list\">\n<li><strong>Dias 1 e 2:<\/strong> As jornadas mais exigentes, marcadas por ascens\u00f5es cont\u00ednuas e clima alpino frio.<\/li>\n\n\n\n<li><strong>Dia 3:<\/strong> Transi\u00e7\u00e3o gradual para vales mais verdes e descida em dire\u00e7\u00e3o ao Vale Sagrado e Aguas Calientes.<\/li>\n\n\n\n<li><strong>Dia 4:<\/strong> Visita guiada especializada ao parque arqueol\u00f3gico de Machu Picchu.<\/li>\n<\/ul>\n\n\n\n<p class=\"wp-block-paragraph\">Milhares de viajantes j\u00e1 completaram este desafio com total seguran\u00e7a ao nosso lado. Nossos guias em Group Travel possuem certifica\u00e7\u00e3o avan\u00e7ada em resgate e primeiros socorros de alta montanha.<\/p>\n\n\n\n<h3 id=\"h-o-que-um-pacote-de-trekking-completo-deve-garantir\" class=\"wp-block-heading\">O que um pacote de trekking completo deve garantir<\/h3>\n\n\n\n<p class=\"wp-block-paragraph\">Realizar uma travessia de m\u00faltiplos dias exige uma retaguarda log\u00edstica impec\u00e1vel, desde a montagem de acampamentos at\u00e9 a alimenta\u00e7\u00e3o. A complexidade do ambiente andino n\u00e3o tolera improvisos operacionais de \u00faltima hora.<\/p>\n\n\n\n<p class=\"wp-block-paragraph\">Si quieres vivir esta experiencia sin preocupaciones, en Group Travel podemos ayudarte a planificarla al detalle. Contar con respaldo profesional permite enfocar toda sua energia em caminhar e contemplar a paisagem.<\/p>\n\n\n\n<p class=\"wp-block-paragraph\">Para total transpar\u00eancia no seu planejamento, detalhamos o que uma opera\u00e7\u00e3o de excel\u00eancia contempla:<\/p>\n\n\n\n<figure class=\"wp-block-table is-style-stripes\"><table class=\"has-fixed-layout\"><thead><tr><td><strong>Categoria do Servi\u00e7o<\/strong><\/td><td><strong>O que est\u00e1 inclu\u00eddo no pacote<\/strong><\/td><td><strong>O que n\u00e3o est\u00e1 inclu\u00eddo<\/strong><\/td><\/tr><\/thead><tbody><tr><td><strong>Log\u00edstica<\/strong><\/td><td>Transporte privado de Cusco e trens tur\u00edsticos<\/td><td>Voos nacionais ou internacionais<\/td><\/tr><tr><td><strong>Alimenta\u00e7\u00e3o<\/strong><\/td><td>Refei\u00e7\u00f5es quentes di\u00e1rias preparadas por chefs<\/td><td>Almo\u00e7o ou jantar no \u00faltimo dia em Aguas Calientes<\/td><\/tr><tr><td><strong>Acomoda\u00e7\u00e3o<\/strong><\/td><td>Barracas de alta montanha e hotel na vila<\/td><td>Noites extras de hospedagem na cidade de Cusco<\/td><\/tr><tr><td><strong>Acessos<\/strong><\/td><td>Ingressos oficiais para o santu\u00e1rio arqueol\u00f3gico<\/td><td>Bilhetes para montanhas extras como Huayna Picchu<\/td><\/tr><\/tbody><\/table><\/figure>\n\n\n\n<h3 id=\"h-temporadas-recomendadas-para-a-grande-expedicao\" class=\"wp-block-heading\">Temporadas recomendadas para a grande expedi\u00e7\u00e3o<\/h3>\n\n\n\n<p class=\"wp-block-paragraph\">O comportamento clim\u00e1tico na serra peruana afeta diretamente a seguran\u00e7a dos caminhos e a visibilidade dos cen\u00e1rios naturais. A temporada seca, compreendida entre <strong>abril e outubro<\/strong>, \u00e9 a \u00e9poca mais prop\u00edcia para o trekking.<\/p>\n\n\n\n<p class=\"wp-block-paragraph\">Neste per\u00edodo, os dias costumam ser ensolarados e limpos, \u00f3timos para fotografia e caminhadas longas. No entanto, as temperaturas noturnas nos acampamentos de altitude podem cair abaixo de <strong>0\u00b0C<\/strong>.<\/p>\n\n\n\n<p class=\"wp-block-paragraph\">J\u00e1 a temporada de chuvas, de <strong>novembro a mar\u00e7o<\/strong>, eleva o grau de dificuldade devido \u00e0 umidade nos trilhos de terra. Se optar por este per\u00edodo, o uso de equipamentos totalmente imperme\u00e1veis torna-se estritamente obrigat\u00f3rio.<\/p>\n\n\n\n<h3 id=\"h-erros-comuns-cometidos-por-viajantes-ao-se-preparar\" class=\"wp-block-heading\">Erros comuns cometidos por viajantes ao se preparar<\/h3>\n\n\n\n<p class=\"wp-block-paragraph\">A falta de informa\u00e7\u00f5es log\u00edsticas precisas pode transformar o sonho de caminhar pelos Andes em um desgaste desnecess\u00e1rio. Mapeamos os erros mais recorrentes para que voc\u00ea evite contratiempos:<\/p>\n\n\n\n<ul class=\"wp-block-list\">\n<li><strong>Ignorar a aclimata\u00e7\u00e3o:<\/strong> Chegar e iniciar a trilha no mesmo dia \u00e9 o principal gatilho para o mal de altitude.<\/li>\n\n\n\n<li><strong>Excesso de bagagem:<\/strong> Levar pertences desnecess\u00e1rios que ultrapassam o limite de peso permitido para os carregadores.<\/li>\n\n\n\n<li><strong>Estrenar cal\u00e7ado de trilha:<\/strong> Usar botas novas sem amaciar na cidade de origem \u00e9 garantia de bolhas dolorosas.<\/li>\n\n\n\n<li><strong>Subestimar o frio noturno:<\/strong> Achar que o calor do sol diurno se manter\u00e1 ap\u00f3s o anoitecer nas montanhas.<\/li>\n<\/ul>\n\n\n\n<p class=\"wp-block-paragraph\">Para quem deseja continuar explorando as maravilhas da regi\u00e3o andina, recomendamos estender o roteiro com outras op\u00e7\u00f5es imperd\u00edveis. Considere combinar esta travessia com uma visita ao fascinante <strong><a href=\"https:\/\/grouptravelperu.com\/pt-br\/cusco\/excursao-vale-sagrado-dos-incas-dia-inteiro\/\">Vale Sagrado dos Incas<\/a><\/strong> ou uma caminhada at\u00e9 a <strong><a href=\"https:\/\/grouptravelperu.com\/pt-br\/cusco\/tour-laguna-humantay-dia-inteiro\/\">Lagoa Humantay<\/a><\/strong>.<\/p>\n\n\n\n<\/div><h2 class=\"tabtitle\"><span class=\"fa fa-credit-card\"><\/span>Pre\u00e7os<\/h2>\n<div class=\"tabcontent\">\n\n\n\n\n<h2 id=\"h-quanto-custa\" class=\"wp-block-heading\">Quanto Custa?<\/h2>\n\n\n\n<p class=\"wp-block-paragraph\">Temos pre\u00e7os alternativos para atender a todos os or\u00e7amentos, pre\u00e7os por pessoa, expressos em d\u00f3lares americanos.<\/p>\n\n\n\n<p class=\"wp-block-paragraph\">Fa\u00e7a suas cota\u00e7\u00f5es e reservas pelo e-mail info@grouptravelperu.com. Voc\u00ea tamb\u00e9m pode entrar em contato com um de nossos executivos de vendas pelos n\u00fameros de telefone abaixo, teremos prazer em ajud\u00e1-lo.<\/p>\n\n\n\n<div class=\"wp-block-advgb-list\"><ul class=\"advgblist-981daf55-546c-4d0c-a6d8-08260579b5cc advgb-list advgb-list-arrow-right-alt2\">\n<li class=\"wp-block-advgb-list-item\">Celular &#8211; WhatsApp: +51 986 200 097<\/li>\n\n\n\n<li class=\"wp-block-advgb-list-item\">Celular &#8211; WhatsApp: +51 986 994 218<\/li>\n<\/ul><\/div>\n\n\n\n<h2 id=\"h-como-reservar\" class=\"wp-block-heading\">Como Reservar?<\/h2>\n\n\n\n<p class=\"wp-block-paragraph\">Para iniciar o processo de reserva, envie-nos as seguintes informa\u00e7\u00f5es:<\/p>\n\n\n\n<div class=\"wp-block-advgb-list\"><ul class=\"advgblist-63b89324-ae1e-4552-8754-8f6756175b68 advgb-list advgb-list-controls-play\">\n<li class=\"wp-block-advgb-list-item\">Nome e sobrenome:<\/li>\n\n\n\n<li class=\"wp-block-advgb-list-item\">N\u00famero do passaporte:<\/li>\n\n\n\n<li class=\"wp-block-advgb-list-item\">Nacionalidade:<\/li>\n\n\n\n<li class=\"wp-block-advgb-list-item\">Data de nascimento<\/li>\n\n\n\n<li class=\"wp-block-advgb-list-item\">Data de nascimento: Sexo<\/li>\n\n\n\n<li class=\"wp-block-advgb-list-item\">Telefone:<\/li>\n<\/ul><\/div>\n\n\n\n<p class=\"wp-block-paragraph\">Suas informa\u00e7\u00f5es s\u00e3o muito importantes sobre su hotel en la ciudad del Cusco, para poder recogerlo all\u00ed al momento de comenzar el tour.<br>Para confirmar las reservas se requiere un 50% del pago por adelantado y el otro 50% podr\u00e1 pagarlo a la llegada de su destino.<\/p>\n\n\n\n<h2 id=\"h-metodos-de-pagamento\" class=\"wp-block-heading\">M\u00e9todos de Pagamento<\/h2>\n\n\n\n<div class=\"wp-block-advgb-list\"><ul class=\"advgblist-4122fd6f-6064-4620-a68d-426c4572729e advgb-list advgb-list-info-outline\">\n<li class=\"wp-block-advgb-list-item\">IZIPAY<\/li>\n\n\n\n<li class=\"wp-block-advgb-list-item\">PAYPAL<\/li>\n\n\n\n<li class=\"wp-block-advgb-list-item\">WESTER UNION<\/li>\n\n\n\n<li class=\"wp-block-advgb-list-item\">TRANSFER\u00caNCIA PARA NOSSA CONTA BANC\u00c1RIA<\/li>\n\n\n\n<li class=\"wp-block-advgb-list-item\">MONEYGRAM<\/li>\n<\/ul><\/div>\n\n\n\n<div class=\"wp-block-advgb-button alignnone\"><a class=\"wp-block-advgb-button_link advgbbtn-ad70f2f2-8635-4163-a28e-c3771e065283\" href=\"#\" target=\"_blank\" rel=\"noopener noreferrer\"><span>M\u00e9todos de Pagamento<\/span><\/a><\/div>\n\n\n\n<\/div><h2 class=\"tabtitle\"><span class=\"fa fa-question-circle\"><\/span>FAQs<\/h2>\n<div class=\"tabcontent\">\n\n\n\n\n<script type=\"application\/ld+json\">\n{\n    \"@context\": \"https:\/\/schema.org\",\n    \"@type\": \"FAQPage\",\n    \"mainEntity\": [\n        {\n            \"@type\": \"Question\",\n            \"name\": \"Como reservar a trilha inca com anteced\u00eancia adequada?\",\n            \"acceptedAnswer\": {\n                \"@type\": \"Answer\",\n                \"text\": \"A exig\u00eancia de permiss\u00f5es governamentais torna obrigat\u00f3ria a compra antecipada deste roteiro. Recomendamos garantir sua vaga com pelo menos tr\u00eas a quatro meses de anteced\u00eancia, especialmente se planeja viajar na alta temporada (junho a agosto).\\nEmbora a rota de Lares n\u00e3o tenha as mesmas restri\u00e7\u00f5es severas de vagas que o caminho cl\u00e1ssico, a log\u00edstica final dos trens e ingressos para Machu Picchu esgota rapidamente.\"\n            }\n        },\n        {\n            \"@type\": \"Question\",\n            \"name\": \"Qual \u00e9 a principal diferen\u00e7a entre o Lares Trek e o Salkantay Trek?\",\n            \"acceptedAnswer\": {\n                \"@type\": \"Answer\",\n                \"text\": \"Ambas s\u00e3o excelentes alternativas \u00e0 rota tradicional, mas possuem propostas paisag\u00edsticas e culturais muito distintas. O Salkantay foca em trilhas de alta montanha alpina e na passagem por vales de transi\u00e7\u00e3o para a selva.\\nEm contrapartida, o Lares Trek destaca-se pela imers\u00e3o em comunidades andinas vivas, tecelagem artesanal e banhos termais medicinais. \u00c9 a escolha definitiva para quem prioriza o contato humano e cultural.\"\n            }\n        },\n        {\n            \"@type\": \"Question\",\n            \"name\": \"Qual o pre\u00e7o referencial para o tour tudo inclu\u00eddo?\",\n            \"acceptedAnswer\": {\n                \"@type\": \"Answer\",\n                \"text\": \"O investimento para um servi\u00e7o formal, seguro e estruturado na modalidade grupal varia entre USD 500 e USD 700 por pessoa. Esse valor reflete a complexidade de coordenar cozinheiros, guias, animais de carga e passagens de trem.\\nDesconfie de propostas excessivamente baratas na internet, pois costumam cortar custos em elementos vitais de seguran\u00e7a, como oxig\u00eanio medicinal e sal\u00e1rios justos para os carregadores locais.\"\n            }\n        },\n        {\n            \"@type\": \"Question\",\n            \"name\": \"O n\u00edvel f\u00edsico exigido para esta caminhada \u00e9 muito alto?\",\n            \"acceptedAnswer\": {\n                \"@type\": \"Answer\",\n                \"text\": \"O trekking \u00e9 classificado como de moderado a exigente, devido principalmente \u00e0 altitude e \u00e0s jornadas di\u00e1rias de 6 a 8 horas. N\u00e3o \u00e9 necess\u00e1rio ser um alpinista profissional, mas sim possuir bom condicionamento aer\u00f3bico.\\nRecomendamos caminhar regularmente em sua cidade natal e fortalecer as pernas meses antes da viagem. A ado\u00e7\u00e3o de um ritmo constante durante as subidas \u00e9 o segredo para concluir o trajeto sem exaust\u00e3o.\"\n            }\n        },\n        {\n            \"@type\": \"Question\",\n            \"name\": \"O que devo levar na mochila de ataque di\u00e1ria?\",\n            \"acceptedAnswer\": {\n                \"@type\": \"Answer\",\n                \"text\": \"Como os cavalos de carga transportam seu equipamento principal, sua mochila pessoal deve ser pequena (cerca de 20 a 25 litros) e leve. O foco deve estar nos itens essenciais para o clima mut\u00e1vel da montanha.\\n\\n\\nGarrafa de \u00e1gua ou sistema de hidrata\u00e7\u00e3o e lanches energ\u00e9ticos.\\n\\n\\nProtetor solar de alto fator, \u00f3culos escuros e chap\u00e9u.\\n\\n\\nJaqueta corta-vento imperme\u00e1vel e capa de chuva.\\n\\n\\nDocumento de identidade ou passaporte original v\u00e1lido.\"\n            }\n        },\n        {\n            \"@type\": \"Question\",\n            \"name\": \"Como funciona o alojamento durante as noites de acampamento?\",\n            \"acceptedAnswer\": {\n                \"@type\": \"Answer\",\n                \"text\": \"As duas primeiras noites ocorrem em acampamentos montados em \u00e1reas estrat\u00e9gicas da cordilheira. Fornecemos tendas espa\u00e7osas projetadas para resistir aos ventos andinos, colch\u00f5es confort\u00e1veis e barracas refeit\u00f3rio aquecidas.\\nNa terceira noite, o descanso acontece em um hotel confort\u00e1vel na vila de Aguas Calientes, garantindo cama macia e banho quente antes da visita ao santu\u00e1rio arqueol\u00f3gico.\"\n            }\n        },\n        {\n            \"@type\": \"Question\",\n            \"name\": \"O que acontece se algu\u00e9m sofrer com o mal de altitude?\",\n            \"acceptedAnswer\": {\n                \"@type\": \"Answer\",\n                \"text\": \"Sintomas como dores de cabe\u00e7a e tonturas leves s\u00e3o comuns ao ultrapassar a barreira dos 4.000 metros. Nossos guias profissionais portam bal\u00f5es de oxig\u00eanio medicinal e ox\u00edmetros para monitoramento constante.\\nEm casos de indisposi\u00e7\u00e3o severa, dispomos de protocolos operacionais de resgate e evacua\u00e7\u00e3o r\u00e1pida com apoio de transporte de emerg\u00eancia previamente coordenado.\"\n            }\n        },\n        {\n            \"@type\": \"Question\",\n            \"name\": \"O tamanho dos grupos afeta a qualidade da experi\u00eancia?\",\n            \"acceptedAnswer\": {\n                \"@type\": \"Answer\",\n                \"text\": \"Para garantir a seguran\u00e7a e a coes\u00e3o do grupo, operamos com lota\u00e7\u00f5es reduzidas, mantendo uma m\u00e9dia de 4 a 8 pessoas por guia oficial. Essa propor\u00e7\u00e3o assegura aten\u00e7\u00e3o personalizada durante todo o percurso.\\nCaso prefira exclusividade total para seu grupo de amigos ou familiares, oferecemos a modalidade de tour privado, com roteiro 100% flex\u00edvel e adaptado ao seu ritmo.\"\n            }\n        },\n        {\n            \"@type\": \"Question\",\n            \"name\": \"A \u00e9poca de chuvas impede a realiza\u00e7\u00e3o da rota?\",\n            \"acceptedAnswer\": {\n                \"@type\": \"Answer\",\n                \"text\": \"O trekking opera durante quase todo o ano, mas a esta\u00e7\u00e3o chuvosa (novembro a mar\u00e7o) exige equipamentos especializados e disposi\u00e7\u00e3o para o barro. As paisagens ganham um tom verdejante espetacular, embora os caminhos fiquem escorregadios.\\nNossa equipe monitora constantemente as condi\u00e7\u00f5es meteorol\u00f3gicas locais para garantir que cada sa\u00edda ocorra sob margens estritas de seguran\u00e7a.\"\n            }\n        },\n        {\n            \"@type\": \"Question\",\n            \"name\": \"Por que contratar um operador tur\u00edstico formal?\",\n            \"acceptedAnswer\": {\n                \"@type\": \"Answer\",\n                \"text\": \"Aventurar-se na alta montanha sem suporte log\u00edstico profissional exp\u00f5e o viajante a riscos severos de desorienta\u00e7\u00e3o e hipotermia. Uma ag\u00eancia formal garante guias certificados, comunica\u00e7\u00e3o via r\u00e1dio, alimenta\u00e7\u00e3o higienizada e reservas garantidas.\"\n            }\n        }\n    ]\n}<\/script>\n\n<!-- ======================== BLOQUE FAQs ======================== -->\n<section class=\"gtp-faqs-block py-12\" id=\"faqs-block_7ee92e0ab4f9bd99d3a624cbd359e736\">\n  <div class=\"\">\n\n    <!-- Encabezado -->\n        <div class=\"mb-10\">\n            <h2 class=\"text-3xl font-bold text-gray-900 mb-3 uppercase tracking-wide\">\n        Preguntas frequentes sobre a trilha lares machu picchu      <\/h2>\n                <\/div>\n    \n    <!-- Acordeones -->\n    \n        <div class=\"flex flex-col mx-auto\">\n              <div class=\"gtp-faq-item border border-gray-200 rounded-xl overflow-hidden transition-shadow hover:shadow-md bg-white mb-3\"\n             data-faq-item>\n\n          <!-- Bot\u00f3n pregunta -->\n          <button\n            type=\"button\"\n            id=\"faqs-block_7ee92e0ab4f9bd99d3a624cbd359e736-item-0\"\n            aria-expanded=\"false\"\n            aria-controls=\"faqs-block_7ee92e0ab4f9bd99d3a624cbd359e736-panel-0\"\n            class=\"gtp-faq-btn w-full flex items-center justify-between gap-4 px-5 py-4 text-left font-semibold text-gray-900 text-[15px] leading-snug transition-colors duration-200 focus:outline-none\"\n            style=\"\">\n            <span class=\"flex items-start gap-3\">\n              <span class=\"mt-0.5 flex-shrink-0 w-6 h-6 rounded-full flex items-center justify-center text-white text-xs font-bold\"\n                    style=\"background:#9bb530;min-width:1.5rem\">\n                1              <\/span>\n              <span>Como reservar a trilha inca com anteced\u00eancia adequada?<\/span>\n            <\/span>\n            <!-- \u00cdcono chevron -->\n            <svg class=\"gtp-faq-icon flex-shrink-0 transition-transform duration-300 \"\n                 width=\"20\" height=\"20\" fill=\"none\" stroke=\"#9ca3af\"\n                 stroke-width=\"2.2\" viewBox=\"0 0 24 24\" aria-hidden=\"true\">\n              <path stroke-linecap=\"round\" stroke-linejoin=\"round\" d=\"M19 9l-7 7-7-7\"\/>\n            <\/svg>\n          <\/button>\n\n          <!-- Panel respuesta -->\n          <div\n            id=\"faqs-block_7ee92e0ab4f9bd99d3a624cbd359e736-panel-0\"\n            role=\"region\"\n            aria-labelledby=\"faqs-block_7ee92e0ab4f9bd99d3a624cbd359e736-item-0\"\n            class=\"gtp-faq-panel\"\n            style=\"overflow:hidden;transition:max-height .35s ease,opacity .3s ease;max-height:0;opacity:0;\">\n            <div class=\"px-5 pb-5 pt-1 border-t border-gray-100\">\n              <div class=\"gtp-faq-content text-gray-600 text-[14.5px] leading-relaxed pl-9\">\n                <p>A exig\u00eancia de permiss\u00f5es governamentais torna obrigat\u00f3ria a compra antecipada deste roteiro. Recomendamos garantir sua vaga com pelo menos tr\u00eas a quatro meses de anteced\u00eancia, especialmente se planeja viajar na alta temporada (junho a agosto).<\/p>\n<p>Embora a rota de Lares n\u00e3o tenha as mesmas restri\u00e7\u00f5es severas de vagas que o caminho cl\u00e1ssico, a log\u00edstica final dos trens e ingressos para Machu Picchu esgota rapidamente.<\/p>\n              <\/div>\n            <\/div>\n          <\/div>\n\n        <\/div>\n                <div class=\"gtp-faq-item border border-gray-200 rounded-xl overflow-hidden transition-shadow hover:shadow-md bg-white mb-3\"\n             data-faq-item>\n\n          <!-- Bot\u00f3n pregunta -->\n          <button\n            type=\"button\"\n            id=\"faqs-block_7ee92e0ab4f9bd99d3a624cbd359e736-item-1\"\n            aria-expanded=\"false\"\n            aria-controls=\"faqs-block_7ee92e0ab4f9bd99d3a624cbd359e736-panel-1\"\n            class=\"gtp-faq-btn w-full flex items-center justify-between gap-4 px-5 py-4 text-left font-semibold text-gray-900 text-[15px] leading-snug transition-colors duration-200 focus:outline-none\"\n            style=\"\">\n            <span class=\"flex items-start gap-3\">\n              <span class=\"mt-0.5 flex-shrink-0 w-6 h-6 rounded-full flex items-center justify-center text-white text-xs font-bold\"\n                    style=\"background:#9bb530;min-width:1.5rem\">\n                2              <\/span>\n              <span>Qual \u00e9 a principal diferen\u00e7a entre o Lares Trek e o Salkantay Trek?<\/span>\n            <\/span>\n            <!-- \u00cdcono chevron -->\n            <svg class=\"gtp-faq-icon flex-shrink-0 transition-transform duration-300 \"\n                 width=\"20\" height=\"20\" fill=\"none\" stroke=\"#9ca3af\"\n                 stroke-width=\"2.2\" viewBox=\"0 0 24 24\" aria-hidden=\"true\">\n              <path stroke-linecap=\"round\" stroke-linejoin=\"round\" d=\"M19 9l-7 7-7-7\"\/>\n            <\/svg>\n          <\/button>\n\n          <!-- Panel respuesta -->\n          <div\n            id=\"faqs-block_7ee92e0ab4f9bd99d3a624cbd359e736-panel-1\"\n            role=\"region\"\n            aria-labelledby=\"faqs-block_7ee92e0ab4f9bd99d3a624cbd359e736-item-1\"\n            class=\"gtp-faq-panel\"\n            style=\"overflow:hidden;transition:max-height .35s ease,opacity .3s ease;max-height:0;opacity:0;\">\n            <div class=\"px-5 pb-5 pt-1 border-t border-gray-100\">\n              <div class=\"gtp-faq-content text-gray-600 text-[14.5px] leading-relaxed pl-9\">\n                <p>Ambas s\u00e3o excelentes alternativas \u00e0 rota tradicional, mas possuem propostas paisag\u00edsticas e culturais muito distintas. O Salkantay foca em trilhas de alta montanha alpina e na passagem por vales de transi\u00e7\u00e3o para a selva.<\/p>\n<p>Em contrapartida, o Lares Trek destaca-se pela imers\u00e3o em comunidades andinas vivas, tecelagem artesanal e banhos termais medicinais. \u00c9 a escolha definitiva para quem prioriza o contato humano e cultural.<\/p>\n              <\/div>\n            <\/div>\n          <\/div>\n\n        <\/div>\n                <div class=\"gtp-faq-item border border-gray-200 rounded-xl overflow-hidden transition-shadow hover:shadow-md bg-white mb-3\"\n             data-faq-item>\n\n          <!-- Bot\u00f3n pregunta -->\n          <button\n            type=\"button\"\n            id=\"faqs-block_7ee92e0ab4f9bd99d3a624cbd359e736-item-2\"\n            aria-expanded=\"false\"\n            aria-controls=\"faqs-block_7ee92e0ab4f9bd99d3a624cbd359e736-panel-2\"\n            class=\"gtp-faq-btn w-full flex items-center justify-between gap-4 px-5 py-4 text-left font-semibold text-gray-900 text-[15px] leading-snug transition-colors duration-200 focus:outline-none\"\n            style=\"\">\n            <span class=\"flex items-start gap-3\">\n              <span class=\"mt-0.5 flex-shrink-0 w-6 h-6 rounded-full flex items-center justify-center text-white text-xs font-bold\"\n                    style=\"background:#9bb530;min-width:1.5rem\">\n                3              <\/span>\n              <span>Qual o pre\u00e7o referencial para o tour tudo inclu\u00eddo?<\/span>\n            <\/span>\n            <!-- \u00cdcono chevron -->\n            <svg class=\"gtp-faq-icon flex-shrink-0 transition-transform duration-300 \"\n                 width=\"20\" height=\"20\" fill=\"none\" stroke=\"#9ca3af\"\n                 stroke-width=\"2.2\" viewBox=\"0 0 24 24\" aria-hidden=\"true\">\n              <path stroke-linecap=\"round\" stroke-linejoin=\"round\" d=\"M19 9l-7 7-7-7\"\/>\n            <\/svg>\n          <\/button>\n\n          <!-- Panel respuesta -->\n          <div\n            id=\"faqs-block_7ee92e0ab4f9bd99d3a624cbd359e736-panel-2\"\n            role=\"region\"\n            aria-labelledby=\"faqs-block_7ee92e0ab4f9bd99d3a624cbd359e736-item-2\"\n            class=\"gtp-faq-panel\"\n            style=\"overflow:hidden;transition:max-height .35s ease,opacity .3s ease;max-height:0;opacity:0;\">\n            <div class=\"px-5 pb-5 pt-1 border-t border-gray-100\">\n              <div class=\"gtp-faq-content text-gray-600 text-[14.5px] leading-relaxed pl-9\">\n                <p>O investimento para um servi\u00e7o formal, seguro e estruturado na modalidade grupal varia entre USD 500 e USD 700 por pessoa. Esse valor reflete a complexidade de coordenar cozinheiros, guias, animais de carga e passagens de trem.<\/p>\n<p>Desconfie de propostas excessivamente baratas na internet, pois costumam cortar custos em elementos vitais de seguran\u00e7a, como oxig\u00eanio medicinal e sal\u00e1rios justos para os carregadores locais.<\/p>\n              <\/div>\n            <\/div>\n          <\/div>\n\n        <\/div>\n                <div class=\"gtp-faq-item border border-gray-200 rounded-xl overflow-hidden transition-shadow hover:shadow-md bg-white mb-3\"\n             data-faq-item>\n\n          <!-- Bot\u00f3n pregunta -->\n          <button\n            type=\"button\"\n            id=\"faqs-block_7ee92e0ab4f9bd99d3a624cbd359e736-item-3\"\n            aria-expanded=\"false\"\n            aria-controls=\"faqs-block_7ee92e0ab4f9bd99d3a624cbd359e736-panel-3\"\n            class=\"gtp-faq-btn w-full flex items-center justify-between gap-4 px-5 py-4 text-left font-semibold text-gray-900 text-[15px] leading-snug transition-colors duration-200 focus:outline-none\"\n            style=\"\">\n            <span class=\"flex items-start gap-3\">\n              <span class=\"mt-0.5 flex-shrink-0 w-6 h-6 rounded-full flex items-center justify-center text-white text-xs font-bold\"\n                    style=\"background:#9bb530;min-width:1.5rem\">\n                4              <\/span>\n              <span>O n\u00edvel f\u00edsico exigido para esta caminhada \u00e9 muito alto?<\/span>\n            <\/span>\n            <!-- \u00cdcono chevron -->\n            <svg class=\"gtp-faq-icon flex-shrink-0 transition-transform duration-300 \"\n                 width=\"20\" height=\"20\" fill=\"none\" stroke=\"#9ca3af\"\n                 stroke-width=\"2.2\" viewBox=\"0 0 24 24\" aria-hidden=\"true\">\n              <path stroke-linecap=\"round\" stroke-linejoin=\"round\" d=\"M19 9l-7 7-7-7\"\/>\n            <\/svg>\n          <\/button>\n\n          <!-- Panel respuesta -->\n          <div\n            id=\"faqs-block_7ee92e0ab4f9bd99d3a624cbd359e736-panel-3\"\n            role=\"region\"\n            aria-labelledby=\"faqs-block_7ee92e0ab4f9bd99d3a624cbd359e736-item-3\"\n            class=\"gtp-faq-panel\"\n            style=\"overflow:hidden;transition:max-height .35s ease,opacity .3s ease;max-height:0;opacity:0;\">\n            <div class=\"px-5 pb-5 pt-1 border-t border-gray-100\">\n              <div class=\"gtp-faq-content text-gray-600 text-[14.5px] leading-relaxed pl-9\">\n                <p>O trekking \u00e9 classificado como de moderado a exigente, devido principalmente \u00e0 altitude e \u00e0s jornadas di\u00e1rias de 6 a 8 horas. N\u00e3o \u00e9 necess\u00e1rio ser um alpinista profissional, mas sim possuir bom condicionamento aer\u00f3bico.<\/p>\n<p>Recomendamos caminhar regularmente em sua cidade natal e fortalecer as pernas meses antes da viagem. A ado\u00e7\u00e3o de um ritmo constante durante as subidas \u00e9 o segredo para concluir o trajeto sem exaust\u00e3o.<\/p>\n              <\/div>\n            <\/div>\n          <\/div>\n\n        <\/div>\n                <div class=\"gtp-faq-item border border-gray-200 rounded-xl overflow-hidden transition-shadow hover:shadow-md bg-white mb-3\"\n             data-faq-item>\n\n          <!-- Bot\u00f3n pregunta -->\n          <button\n            type=\"button\"\n            id=\"faqs-block_7ee92e0ab4f9bd99d3a624cbd359e736-item-4\"\n            aria-expanded=\"false\"\n            aria-controls=\"faqs-block_7ee92e0ab4f9bd99d3a624cbd359e736-panel-4\"\n            class=\"gtp-faq-btn w-full flex items-center justify-between gap-4 px-5 py-4 text-left font-semibold text-gray-900 text-[15px] leading-snug transition-colors duration-200 focus:outline-none\"\n            style=\"\">\n            <span class=\"flex items-start gap-3\">\n              <span class=\"mt-0.5 flex-shrink-0 w-6 h-6 rounded-full flex items-center justify-center text-white text-xs font-bold\"\n                    style=\"background:#9bb530;min-width:1.5rem\">\n                5              <\/span>\n              <span>O que devo levar na mochila de ataque di\u00e1ria?<\/span>\n            <\/span>\n            <!-- \u00cdcono chevron -->\n            <svg class=\"gtp-faq-icon flex-shrink-0 transition-transform duration-300 \"\n                 width=\"20\" height=\"20\" fill=\"none\" stroke=\"#9ca3af\"\n                 stroke-width=\"2.2\" viewBox=\"0 0 24 24\" aria-hidden=\"true\">\n              <path stroke-linecap=\"round\" stroke-linejoin=\"round\" d=\"M19 9l-7 7-7-7\"\/>\n            <\/svg>\n          <\/button>\n\n          <!-- Panel respuesta -->\n          <div\n            id=\"faqs-block_7ee92e0ab4f9bd99d3a624cbd359e736-panel-4\"\n            role=\"region\"\n            aria-labelledby=\"faqs-block_7ee92e0ab4f9bd99d3a624cbd359e736-item-4\"\n            class=\"gtp-faq-panel\"\n            style=\"overflow:hidden;transition:max-height .35s ease,opacity .3s ease;max-height:0;opacity:0;\">\n            <div class=\"px-5 pb-5 pt-1 border-t border-gray-100\">\n              <div class=\"gtp-faq-content text-gray-600 text-[14.5px] leading-relaxed pl-9\">\n                <p data-path-to-node=\"40\">Como os cavalos de carga transportam seu equipamento principal, sua mochila pessoal deve ser pequena (cerca de <b data-path-to-node=\"40\" data-index-in-node=\"111\">20 a 25 litros<\/b>) e leve. O foco deve estar nos itens essenciais para o clima mut\u00e1vel da montanha.<\/p>\n<ul data-path-to-node=\"41\">\n<li>\n<p data-path-to-node=\"41,0,0\">Garrafa de \u00e1gua ou sistema de hidrata\u00e7\u00e3o e lanches energ\u00e9ticos.<\/p>\n<\/li>\n<li>\n<p data-path-to-node=\"41,1,0\">Protetor solar de alto fator, \u00f3culos escuros e chap\u00e9u.<\/p>\n<\/li>\n<li>\n<p data-path-to-node=\"41,2,0\">Jaqueta corta-vento imperme\u00e1vel e capa de chuva.<\/p>\n<\/li>\n<li>\n<p data-path-to-node=\"41,3,0\">Documento de identidade ou passaporte original v\u00e1lido.<\/p>\n<\/li>\n<\/ul>\n              <\/div>\n            <\/div>\n          <\/div>\n\n        <\/div>\n                <div class=\"gtp-faq-item border border-gray-200 rounded-xl overflow-hidden transition-shadow hover:shadow-md bg-white mb-3\"\n             data-faq-item>\n\n          <!-- Bot\u00f3n pregunta -->\n          <button\n            type=\"button\"\n            id=\"faqs-block_7ee92e0ab4f9bd99d3a624cbd359e736-item-5\"\n            aria-expanded=\"false\"\n            aria-controls=\"faqs-block_7ee92e0ab4f9bd99d3a624cbd359e736-panel-5\"\n            class=\"gtp-faq-btn w-full flex items-center justify-between gap-4 px-5 py-4 text-left font-semibold text-gray-900 text-[15px] leading-snug transition-colors duration-200 focus:outline-none\"\n            style=\"\">\n            <span class=\"flex items-start gap-3\">\n              <span class=\"mt-0.5 flex-shrink-0 w-6 h-6 rounded-full flex items-center justify-center text-white text-xs font-bold\"\n                    style=\"background:#9bb530;min-width:1.5rem\">\n                6              <\/span>\n              <span>Como funciona o alojamento durante as noites de acampamento?<\/span>\n            <\/span>\n            <!-- \u00cdcono chevron -->\n            <svg class=\"gtp-faq-icon flex-shrink-0 transition-transform duration-300 \"\n                 width=\"20\" height=\"20\" fill=\"none\" stroke=\"#9ca3af\"\n                 stroke-width=\"2.2\" viewBox=\"0 0 24 24\" aria-hidden=\"true\">\n              <path stroke-linecap=\"round\" stroke-linejoin=\"round\" d=\"M19 9l-7 7-7-7\"\/>\n            <\/svg>\n          <\/button>\n\n          <!-- Panel respuesta -->\n          <div\n            id=\"faqs-block_7ee92e0ab4f9bd99d3a624cbd359e736-panel-5\"\n            role=\"region\"\n            aria-labelledby=\"faqs-block_7ee92e0ab4f9bd99d3a624cbd359e736-item-5\"\n            class=\"gtp-faq-panel\"\n            style=\"overflow:hidden;transition:max-height .35s ease,opacity .3s ease;max-height:0;opacity:0;\">\n            <div class=\"px-5 pb-5 pt-1 border-t border-gray-100\">\n              <div class=\"gtp-faq-content text-gray-600 text-[14.5px] leading-relaxed pl-9\">\n                <p data-path-to-node=\"43\">As duas primeiras noites ocorrem em acampamentos montados em \u00e1reas estrat\u00e9gicas da cordilheira. Fornecemos tendas espa\u00e7osas projetadas para resistir aos ventos andinos, colch\u00f5es confort\u00e1veis e barracas refeit\u00f3rio aquecidas.<\/p>\n<p data-path-to-node=\"44\">Na terceira noite, o descanso acontece em um hotel confort\u00e1vel na vila de Aguas Calientes, garantindo cama macia e banho quente antes da visita ao santu\u00e1rio arqueol\u00f3gico.<\/p>\n              <\/div>\n            <\/div>\n          <\/div>\n\n        <\/div>\n                <div class=\"gtp-faq-item border border-gray-200 rounded-xl overflow-hidden transition-shadow hover:shadow-md bg-white mb-3\"\n             data-faq-item>\n\n          <!-- Bot\u00f3n pregunta -->\n          <button\n            type=\"button\"\n            id=\"faqs-block_7ee92e0ab4f9bd99d3a624cbd359e736-item-6\"\n            aria-expanded=\"false\"\n            aria-controls=\"faqs-block_7ee92e0ab4f9bd99d3a624cbd359e736-panel-6\"\n            class=\"gtp-faq-btn w-full flex items-center justify-between gap-4 px-5 py-4 text-left font-semibold text-gray-900 text-[15px] leading-snug transition-colors duration-200 focus:outline-none\"\n            style=\"\">\n            <span class=\"flex items-start gap-3\">\n              <span class=\"mt-0.5 flex-shrink-0 w-6 h-6 rounded-full flex items-center justify-center text-white text-xs font-bold\"\n                    style=\"background:#9bb530;min-width:1.5rem\">\n                7              <\/span>\n              <span>O que acontece se algu\u00e9m sofrer com o mal de altitude?<\/span>\n            <\/span>\n            <!-- \u00cdcono chevron -->\n            <svg class=\"gtp-faq-icon flex-shrink-0 transition-transform duration-300 \"\n                 width=\"20\" height=\"20\" fill=\"none\" stroke=\"#9ca3af\"\n                 stroke-width=\"2.2\" viewBox=\"0 0 24 24\" aria-hidden=\"true\">\n              <path stroke-linecap=\"round\" stroke-linejoin=\"round\" d=\"M19 9l-7 7-7-7\"\/>\n            <\/svg>\n          <\/button>\n\n          <!-- Panel respuesta -->\n          <div\n            id=\"faqs-block_7ee92e0ab4f9bd99d3a624cbd359e736-panel-6\"\n            role=\"region\"\n            aria-labelledby=\"faqs-block_7ee92e0ab4f9bd99d3a624cbd359e736-item-6\"\n            class=\"gtp-faq-panel\"\n            style=\"overflow:hidden;transition:max-height .35s ease,opacity .3s ease;max-height:0;opacity:0;\">\n            <div class=\"px-5 pb-5 pt-1 border-t border-gray-100\">\n              <div class=\"gtp-faq-content text-gray-600 text-[14.5px] leading-relaxed pl-9\">\n                <p>Sintomas como dores de cabe\u00e7a e tonturas leves s\u00e3o comuns ao ultrapassar a barreira dos 4.000 metros. Nossos guias profissionais portam bal\u00f5es de oxig\u00eanio medicinal e ox\u00edmetros para monitoramento constante.<\/p>\n<p>Em casos de indisposi\u00e7\u00e3o severa, dispomos de protocolos operacionais de resgate e evacua\u00e7\u00e3o r\u00e1pida com apoio de transporte de emerg\u00eancia previamente coordenado.<\/p>\n              <\/div>\n            <\/div>\n          <\/div>\n\n        <\/div>\n                <div class=\"gtp-faq-item border border-gray-200 rounded-xl overflow-hidden transition-shadow hover:shadow-md bg-white mb-3\"\n             data-faq-item>\n\n          <!-- Bot\u00f3n pregunta -->\n          <button\n            type=\"button\"\n            id=\"faqs-block_7ee92e0ab4f9bd99d3a624cbd359e736-item-7\"\n            aria-expanded=\"false\"\n            aria-controls=\"faqs-block_7ee92e0ab4f9bd99d3a624cbd359e736-panel-7\"\n            class=\"gtp-faq-btn w-full flex items-center justify-between gap-4 px-5 py-4 text-left font-semibold text-gray-900 text-[15px] leading-snug transition-colors duration-200 focus:outline-none\"\n            style=\"\">\n            <span class=\"flex items-start gap-3\">\n              <span class=\"mt-0.5 flex-shrink-0 w-6 h-6 rounded-full flex items-center justify-center text-white text-xs font-bold\"\n                    style=\"background:#9bb530;min-width:1.5rem\">\n                8              <\/span>\n              <span>O tamanho dos grupos afeta a qualidade da experi\u00eancia?<\/span>\n            <\/span>\n            <!-- \u00cdcono chevron -->\n            <svg class=\"gtp-faq-icon flex-shrink-0 transition-transform duration-300 \"\n                 width=\"20\" height=\"20\" fill=\"none\" stroke=\"#9ca3af\"\n                 stroke-width=\"2.2\" viewBox=\"0 0 24 24\" aria-hidden=\"true\">\n              <path stroke-linecap=\"round\" stroke-linejoin=\"round\" d=\"M19 9l-7 7-7-7\"\/>\n            <\/svg>\n          <\/button>\n\n          <!-- Panel respuesta -->\n          <div\n            id=\"faqs-block_7ee92e0ab4f9bd99d3a624cbd359e736-panel-7\"\n            role=\"region\"\n            aria-labelledby=\"faqs-block_7ee92e0ab4f9bd99d3a624cbd359e736-item-7\"\n            class=\"gtp-faq-panel\"\n            style=\"overflow:hidden;transition:max-height .35s ease,opacity .3s ease;max-height:0;opacity:0;\">\n            <div class=\"px-5 pb-5 pt-1 border-t border-gray-100\">\n              <div class=\"gtp-faq-content text-gray-600 text-[14.5px] leading-relaxed pl-9\">\n                <p>Para garantir a seguran\u00e7a e a coes\u00e3o do grupo, operamos com lota\u00e7\u00f5es reduzidas, mantendo uma m\u00e9dia de 4 a 8 pessoas por guia oficial. Essa propor\u00e7\u00e3o assegura aten\u00e7\u00e3o personalizada durante todo o percurso.<\/p>\n<p>Caso prefira exclusividade total para seu grupo de amigos ou familiares, oferecemos a modalidade de tour privado, com roteiro 100% flex\u00edvel e adaptado ao seu ritmo.<\/p>\n              <\/div>\n            <\/div>\n          <\/div>\n\n        <\/div>\n                <div class=\"gtp-faq-item border border-gray-200 rounded-xl overflow-hidden transition-shadow hover:shadow-md bg-white mb-3\"\n             data-faq-item>\n\n          <!-- Bot\u00f3n pregunta -->\n          <button\n            type=\"button\"\n            id=\"faqs-block_7ee92e0ab4f9bd99d3a624cbd359e736-item-8\"\n            aria-expanded=\"false\"\n            aria-controls=\"faqs-block_7ee92e0ab4f9bd99d3a624cbd359e736-panel-8\"\n            class=\"gtp-faq-btn w-full flex items-center justify-between gap-4 px-5 py-4 text-left font-semibold text-gray-900 text-[15px] leading-snug transition-colors duration-200 focus:outline-none\"\n            style=\"\">\n            <span class=\"flex items-start gap-3\">\n              <span class=\"mt-0.5 flex-shrink-0 w-6 h-6 rounded-full flex items-center justify-center text-white text-xs font-bold\"\n                    style=\"background:#9bb530;min-width:1.5rem\">\n                9              <\/span>\n              <span>A \u00e9poca de chuvas impede a realiza\u00e7\u00e3o da rota?<\/span>\n            <\/span>\n            <!-- \u00cdcono chevron -->\n            <svg class=\"gtp-faq-icon flex-shrink-0 transition-transform duration-300 \"\n                 width=\"20\" height=\"20\" fill=\"none\" stroke=\"#9ca3af\"\n                 stroke-width=\"2.2\" viewBox=\"0 0 24 24\" aria-hidden=\"true\">\n              <path stroke-linecap=\"round\" stroke-linejoin=\"round\" d=\"M19 9l-7 7-7-7\"\/>\n            <\/svg>\n          <\/button>\n\n          <!-- Panel respuesta -->\n          <div\n            id=\"faqs-block_7ee92e0ab4f9bd99d3a624cbd359e736-panel-8\"\n            role=\"region\"\n            aria-labelledby=\"faqs-block_7ee92e0ab4f9bd99d3a624cbd359e736-item-8\"\n            class=\"gtp-faq-panel\"\n            style=\"overflow:hidden;transition:max-height .35s ease,opacity .3s ease;max-height:0;opacity:0;\">\n            <div class=\"px-5 pb-5 pt-1 border-t border-gray-100\">\n              <div class=\"gtp-faq-content text-gray-600 text-[14.5px] leading-relaxed pl-9\">\n                <p>O trekking opera durante quase todo o ano, mas a esta\u00e7\u00e3o chuvosa (novembro a mar\u00e7o) exige equipamentos especializados e disposi\u00e7\u00e3o para o barro. As paisagens ganham um tom verdejante espetacular, embora os caminhos fiquem escorregadios.<\/p>\n<p>Nossa equipe monitora constantemente as condi\u00e7\u00f5es meteorol\u00f3gicas locais para garantir que cada sa\u00edda ocorra sob margens estritas de seguran\u00e7a.<\/p>\n              <\/div>\n            <\/div>\n          <\/div>\n\n        <\/div>\n                <div class=\"gtp-faq-item border border-gray-200 rounded-xl overflow-hidden transition-shadow hover:shadow-md bg-white mb-3\"\n             data-faq-item>\n\n          <!-- Bot\u00f3n pregunta -->\n          <button\n            type=\"button\"\n            id=\"faqs-block_7ee92e0ab4f9bd99d3a624cbd359e736-item-9\"\n            aria-expanded=\"false\"\n            aria-controls=\"faqs-block_7ee92e0ab4f9bd99d3a624cbd359e736-panel-9\"\n            class=\"gtp-faq-btn w-full flex items-center justify-between gap-4 px-5 py-4 text-left font-semibold text-gray-900 text-[15px] leading-snug transition-colors duration-200 focus:outline-none\"\n            style=\"\">\n            <span class=\"flex items-start gap-3\">\n              <span class=\"mt-0.5 flex-shrink-0 w-6 h-6 rounded-full flex items-center justify-center text-white text-xs font-bold\"\n                    style=\"background:#9bb530;min-width:1.5rem\">\n                10              <\/span>\n              <span>Por que contratar um operador tur\u00edstico formal?<\/span>\n            <\/span>\n            <!-- \u00cdcono chevron -->\n            <svg class=\"gtp-faq-icon flex-shrink-0 transition-transform duration-300 \"\n                 width=\"20\" height=\"20\" fill=\"none\" stroke=\"#9ca3af\"\n                 stroke-width=\"2.2\" viewBox=\"0 0 24 24\" aria-hidden=\"true\">\n              <path stroke-linecap=\"round\" stroke-linejoin=\"round\" d=\"M19 9l-7 7-7-7\"\/>\n            <\/svg>\n          <\/button>\n\n          <!-- Panel respuesta -->\n          <div\n            id=\"faqs-block_7ee92e0ab4f9bd99d3a624cbd359e736-panel-9\"\n            role=\"region\"\n            aria-labelledby=\"faqs-block_7ee92e0ab4f9bd99d3a624cbd359e736-item-9\"\n            class=\"gtp-faq-panel\"\n            style=\"overflow:hidden;transition:max-height .35s ease,opacity .3s ease;max-height:0;opacity:0;\">\n            <div class=\"px-5 pb-5 pt-1 border-t border-gray-100\">\n              <div class=\"gtp-faq-content text-gray-600 text-[14.5px] leading-relaxed pl-9\">\n                <p>Aventurar-se na alta montanha sem suporte log\u00edstico profissional exp\u00f5e o viajante a riscos severos de desorienta\u00e7\u00e3o e hipotermia. Uma ag\u00eancia formal garante guias certificados, comunica\u00e7\u00e3o via r\u00e1dio, alimenta\u00e7\u00e3o higienizada e reservas garantidas.<\/p>\n              <\/div>\n            <\/div>\n          <\/div>\n\n        <\/div>\n            <\/div>\n    \n  <\/div>\n<\/section>\n\n\n\n<script>\n(function () {\n  var block    = document.getElementById('faqs-block_7ee92e0ab4f9bd99d3a624cbd359e736');\n  if (!block) return;\n  var faqItems = block.querySelectorAll('[data-faq-item]');\n\n  function closeItem(it) {\n    var b  = it.querySelector('.gtp-faq-btn');\n    var p  = it.querySelector('.gtp-faq-panel');\n    var ic = it.querySelector('.gtp-faq-icon');\n    b.setAttribute('aria-expanded', 'false');\n    b.style.color     = '';\n    p.style.maxHeight = '0';\n    p.style.opacity   = '0';\n    ic.classList.remove('rotate-180');\n    ic.setAttribute('stroke', '#9ca3af');\n    it.removeAttribute('data-open');\n  }\n\n  function openItem(it) {\n    var b  = it.querySelector('.gtp-faq-btn');\n    var p  = it.querySelector('.gtp-faq-panel');\n    var ic = it.querySelector('.gtp-faq-icon');\n    b.setAttribute('aria-expanded', 'true');\n    b.style.color     = '#9bb530';\n    p.style.maxHeight = p.scrollHeight + 2000 + 'px';\n    p.style.opacity   = '1';\n    ic.classList.add('rotate-180');\n    ic.setAttribute('stroke', '#9bb530');\n    it.setAttribute('data-open', '');\n  }\n\n  faqItems.forEach(function (item) {\n    var btn = item.querySelector('.gtp-faq-btn');\n    btn.addEventListener('click', function () {\n      var isOpen = btn.getAttribute('aria-expanded') === 'true';\n      faqItems.forEach(function (other) {\n        if (other !== item) closeItem(other);\n      });\n      if (isOpen) {\n        closeItem(item);\n      } else {\n        openItem(item);\n      }\n    });\n  });\n})();\n<\/script>\n\n\n<\/div><\/div>\n<style class=\"advgb-styles-renderer\">.wp-block-advgb-list ul.advgblist-f87d799d-2f19-42b6-8214-9140c4b24178 > li{font-size:16px;}.wp-block-advgb-list ul.advgblist-f87d799d-2f19-42b6-8214-9140c4b24178 > li{padding-left:18px;margin-left:0;}.wp-block-advgb-list ul.advgblist-f87d799d-2f19-42b6-8214-9140c4b24178 > li:before{font-size:16px;color:#fd7f47;line-height:18px;margin:2px;padding:2px;margin-left:-20px}.wp-block-advgb-list ul.advgblist-19d01a22-28fe-4598-81c1-9a2c329cb06d > li{font-size:16px;}.wp-block-advgb-list ul.advgblist-19d01a22-28fe-4598-81c1-9a2c329cb06d > li{padding-left:18px;margin-left:0;}.wp-block-advgb-list ul.advgblist-19d01a22-28fe-4598-81c1-9a2c329cb06d > li:before{font-size:16px;color:#fd7f47;line-height:18px;margin:2px;padding:2px;margin-left:-20px}.wp-block-advgb-list ul.advgblist-c3fa5cc1-31f7-452b-bccc-d2fe748aa625 > li{font-size:16px;}.wp-block-advgb-list ul.advgblist-c3fa5cc1-31f7-452b-bccc-d2fe748aa625 > li{padding-left:18px;margin-left:0;}.wp-block-advgb-list ul.advgblist-c3fa5cc1-31f7-452b-bccc-d2fe748aa625 > li:before{font-size:16px;color:#fd7f47;line-height:18px;margin:2px;padding:2px;margin-left:-20px}.wp-block-advgb-list ul.advgblist-745ec793-d31f-46cb-9aa0-70bf59ebc2a7 > li{font-size:16px;}.wp-block-advgb-list ul.advgblist-745ec793-d31f-46cb-9aa0-70bf59ebc2a7 > li{padding-left:18px;margin-left:0;}.wp-block-advgb-list ul.advgblist-745ec793-d31f-46cb-9aa0-70bf59ebc2a7 > li:before{font-size:16px;color:#fd7f47;line-height:18px;margin:2px;padding:2px;margin-left:-20px}.wp-block-advgb-list ul.advgblist-50c7987b-12b1-428a-bf8d-0d0d60669d22 > li{font-size:16px;}.wp-block-advgb-list ul.advgblist-50c7987b-12b1-428a-bf8d-0d0d60669d22 > li{padding-left:18px;margin-left:0;}.wp-block-advgb-list ul.advgblist-50c7987b-12b1-428a-bf8d-0d0d60669d22 > li:before{font-size:16px;color:#fd7f47;line-height:18px;margin:2px;padding:2px;margin-left:-20px}.wp-block-advgb-list ul.advgblist-10395ce0-6650-437c-ab0d-77b00d3f5d35 > li{font-size:16px;}.wp-block-advgb-list ul.advgblist-10395ce0-6650-437c-ab0d-77b00d3f5d35 > li{padding-left:18px;margin-left:0;}.wp-block-advgb-list ul.advgblist-10395ce0-6650-437c-ab0d-77b00d3f5d35 > li:before{font-size:16px;color:#fd7f47;line-height:18px;margin:2px;padding:2px;margin-left:-20px}.wp-block-advgb-list ul.advgblist-b5611c61-c9f4-427b-a8db-287d11227fbd > li{font-size:16px;}.wp-block-advgb-list ul.advgblist-b5611c61-c9f4-427b-a8db-287d11227fbd > li{padding-left:18px;margin-left:0;}.wp-block-advgb-list ul.advgblist-b5611c61-c9f4-427b-a8db-287d11227fbd > li:before{font-size:16px;color:#fd7f47;line-height:18px;margin:2px;padding:2px;margin-left:-20px}.wp-block-advgb-list ul.advgblist-981daf55-546c-4d0c-a6d8-08260579b5cc > li{font-size:16px;}.wp-block-advgb-list ul.advgblist-981daf55-546c-4d0c-a6d8-08260579b5cc > li{padding-left:18px;margin-left:0;}.wp-block-advgb-list ul.advgblist-981daf55-546c-4d0c-a6d8-08260579b5cc > li:before{font-size:16px;color:#ff6900;line-height:18px;margin:2px;padding:2px;margin-left:-20px}.wp-block-advgb-list ul.advgblist-63b89324-ae1e-4552-8754-8f6756175b68 > li{font-size:16px;}.wp-block-advgb-list ul.advgblist-63b89324-ae1e-4552-8754-8f6756175b68 > li{padding-left:18px;margin-left:0;}.wp-block-advgb-list ul.advgblist-63b89324-ae1e-4552-8754-8f6756175b68 > li:before{font-size:16px;color:#ff6900;line-height:18px;margin:2px;padding:2px;margin-left:-20px}.wp-block-advgb-list ul.advgblist-4122fd6f-6064-4620-a68d-426c4572729e > li{font-size:16px;}.wp-block-advgb-list ul.advgblist-4122fd6f-6064-4620-a68d-426c4572729e > li{padding-left:18px;margin-left:0;}.wp-block-advgb-list ul.advgblist-4122fd6f-6064-4620-a68d-426c4572729e > li:before{font-size:16px;color:#ff6900;line-height:18px;margin:2px;padding:2px;margin-left:-20px}.advgbbtn-ad70f2f2-8635-4163-a28e-c3771e065283{font-size:18px;color:#fff !important;background-color:#ff6900 !important;margin:0px 0px 0px 0px !important;padding:10px 30px 10px 30px;border-width:1px !important;border-style:none;border-radius:50px !important;}.advgbbtn-ad70f2f2-8635-4163-a28e-c3771e065283:hover{color:#ff6900 !important;background-color:#ffffff !important;box-shadow:1px 1px 12px 0px #ff6900;opacity:1;transition:all 0.2s ease;}.advgbbtn-ad70f2f2-8635-4163-a28e-c3771e065283 > i {display: none !important;}\n.gtp-faq-content a         { color: #9bb530; text-decoration: underline; }\n.gtp-faq-content ul        { list-style: disc; padding-left: 1.25rem; margin: .5rem 0; }\n.gtp-faq-content ol        { list-style: decimal; padding-left: 1.25rem; margin: .5rem 0; }\n.gtp-faq-content strong    { color: #1f2937; }\n.gtp-faq-btn:focus-visible { outline: 2px solid #9bb530; outline-offset: 2px; }\n.gtp-faq-item[data-open]   { box-shadow: 0 0 0 2px rgba(155,181,48,.2); border-color: #9bb530; }\n<\/style>","protected":false},"excerpt":{"rendered":"<p>Voc\u00ea busca uma experi\u00eancia inesquec\u00edvel nos Andes peruanos, mas tem uma agenda ajustada? Embora muitos sonhem com a imers\u00e3o completa da trilha lares machu picchu, n\u00f3s temos a solu\u00e7\u00e3o perfeita em um roteiro otimizado. Esta jornada expressa no ic\u00f4nico Km 104 captura toda a ess\u00eancia sagrada do Imp\u00e9rio Inca em apenas um dia. Muitos viajantes [&hellip;]<\/p>\n","protected":false},"author":2,"featured_media":22956,"parent":1323,"menu_order":0,"comment_status":"closed","ping_status":"closed","template":"page-tours.php","meta":{"_acf_changed":false,"advgb_blocks_editor_width":"","advgb_blocks_columns_visual_guide":"","footnotes":""},"class_list":["post-21750","page","type-page","status-publish","has-post-thumbnail","hentry"],"acf":[],"yoast_head":"<!-- This site is optimized with the Yoast SEO plugin v28.3 - https:\/\/yoast.com\/product\/yoast-seo-wordpress\/ -->\n<title>Lares Trek com Camino Inca e Machu Picchu 4 D\u00edas - Group Travel Peru<\/title>\n<meta name=\"description\" content=\"Explore os Andes na Trilha Lares com a Trilha Inca e Machu Picchu, uma excurs\u00e3o de 4 dias. Desfrute de paisagens deslumbrantes, da cultura local e de Machu Picchu.\" \/>\n<meta name=\"robots\" content=\"index, follow, max-snippet:-1, max-image-preview:large, max-video-preview:-1\" \/>\n<link rel=\"canonical\" href=\"https:\/\/grouptravelperu.com\/pt-br\/trilhas-alternativas\/lares-trek-trilha-inca-machu-picchu-4-dias\/\" \/>\n<meta property=\"og:locale\" content=\"pt_BR\" \/>\n<meta property=\"og:type\" content=\"article\" \/>\n<meta property=\"og:title\" content=\"Lares Trek com Camino Inca e Machu Picchu 4 D\u00edas - Group Travel Peru\" \/>\n<meta property=\"og:description\" content=\"Explore os Andes na Trilha Lares com a Trilha Inca e Machu Picchu, uma excurs\u00e3o de 4 dias. Desfrute de paisagens deslumbrantes, da cultura local e de Machu Picchu.\" \/>\n<meta property=\"og:url\" content=\"https:\/\/grouptravelperu.com\/pt-br\/trilhas-alternativas\/lares-trek-trilha-inca-machu-picchu-4-dias\/\" \/>\n<meta property=\"og:site_name\" content=\"Group Travel Peru\" \/>\n<meta property=\"article:modified_time\" content=\"2026-08-05T20:13:04+00:00\" \/>\n<meta property=\"og:image\" content=\"https:\/\/grouptravelperu.com\/wp-content\/uploads\/Lares-Trek-con-Camino-Inca-y-Machu-Picchu-4-Dias.webp\" \/>\n\t<meta property=\"og:image:width\" content=\"800\" \/>\n\t<meta property=\"og:image:height\" content=\"600\" \/>\n\t<meta property=\"og:image:type\" content=\"image\/webp\" \/>\n<meta name=\"twitter:card\" content=\"summary_large_image\" \/>\n<meta name=\"twitter:label1\" content=\"Est. tempo de leitura\" \/>\n\t<meta name=\"twitter:data1\" content=\"11 minutos\" \/>\n<script type=\"application\/ld+json\" class=\"yoast-schema-graph\">{\"@context\":\"https:\\\/\\\/schema.org\",\"@graph\":[{\"@type\":\"WebPage\",\"@id\":\"https:\\\/\\\/grouptravelperu.com\\\/pt-br\\\/trilhas-alternativas\\\/lares-trek-trilha-inca-machu-picchu-4-dias\\\/\",\"url\":\"https:\\\/\\\/grouptravelperu.com\\\/pt-br\\\/trilhas-alternativas\\\/lares-trek-trilha-inca-machu-picchu-4-dias\\\/\",\"name\":\"Lares Trek com Camino Inca e Machu Picchu 4 D\u00edas - Group Travel Peru\",\"isPartOf\":{\"@id\":\"https:\\\/\\\/grouptravelperu.com\\\/#website\"},\"primaryImageOfPage\":{\"@id\":\"https:\\\/\\\/grouptravelperu.com\\\/pt-br\\\/trilhas-alternativas\\\/lares-trek-trilha-inca-machu-picchu-4-dias\\\/#primaryimage\"},\"image\":{\"@id\":\"https:\\\/\\\/grouptravelperu.com\\\/pt-br\\\/trilhas-alternativas\\\/lares-trek-trilha-inca-machu-picchu-4-dias\\\/#primaryimage\"},\"thumbnailUrl\":\"https:\\\/\\\/grouptravelperu.com\\\/wp-content\\\/uploads\\\/Lares-Trek-con-Camino-Inca-y-Machu-Picchu-4-Dias.webp\",\"datePublished\":\"2025-04-25T22:55:44+00:00\",\"dateModified\":\"2026-08-05T20:13:04+00:00\",\"description\":\"Explore os Andes na Trilha Lares com a Trilha Inca e Machu Picchu, uma excurs\u00e3o de 4 dias. Desfrute de paisagens deslumbrantes, da cultura local e de Machu Picchu.\",\"breadcrumb\":{\"@id\":\"https:\\\/\\\/grouptravelperu.com\\\/pt-br\\\/trilhas-alternativas\\\/lares-trek-trilha-inca-machu-picchu-4-dias\\\/#breadcrumb\"},\"inLanguage\":\"pt-BR\",\"potentialAction\":[{\"@type\":\"ReadAction\",\"target\":[\"https:\\\/\\\/grouptravelperu.com\\\/pt-br\\\/trilhas-alternativas\\\/lares-trek-trilha-inca-machu-picchu-4-dias\\\/\"]}]},{\"@type\":\"ImageObject\",\"inLanguage\":\"pt-BR\",\"@id\":\"https:\\\/\\\/grouptravelperu.com\\\/pt-br\\\/trilhas-alternativas\\\/lares-trek-trilha-inca-machu-picchu-4-dias\\\/#primaryimage\",\"url\":\"https:\\\/\\\/grouptravelperu.com\\\/wp-content\\\/uploads\\\/Lares-Trek-con-Camino-Inca-y-Machu-Picchu-4-Dias.webp\",\"contentUrl\":\"https:\\\/\\\/grouptravelperu.com\\\/wp-content\\\/uploads\\\/Lares-Trek-con-Camino-Inca-y-Machu-Picchu-4-Dias.webp\",\"width\":800,\"height\":600,\"caption\":\"Turistas cumprimentam crian\u00e7as andinas vestindo ponchos vermelhos na rota de Lares.\"},{\"@type\":\"BreadcrumbList\",\"@id\":\"https:\\\/\\\/grouptravelperu.com\\\/pt-br\\\/trilhas-alternativas\\\/lares-trek-trilha-inca-machu-picchu-4-dias\\\/#breadcrumb\",\"itemListElement\":[{\"@type\":\"ListItem\",\"position\":1,\"name\":\"Home\",\"item\":\"https:\\\/\\\/grouptravelperu.com\\\/pt-br\\\/\"},{\"@type\":\"ListItem\",\"position\":2,\"name\":\"Trilhas Alternativas\",\"item\":\"https:\\\/\\\/grouptravelperu.com\\\/pt-br\\\/trilhas-alternativas\\\/\"},{\"@type\":\"ListItem\",\"position\":3,\"name\":\"Lares Trek com Camino Inca e Machu Picchu 4 D\u00edas\"}]},{\"@type\":\"WebSite\",\"@id\":\"https:\\\/\\\/grouptravelperu.com\\\/#website\",\"url\":\"https:\\\/\\\/grouptravelperu.com\\\/\",\"name\":\"Group Travel Peru\",\"description\":\"\",\"publisher\":{\"@id\":\"https:\\\/\\\/grouptravelperu.com\\\/#organization\"},\"alternateName\":\"Group Travel Peru\",\"potentialAction\":[{\"@type\":\"SearchAction\",\"target\":{\"@type\":\"EntryPoint\",\"urlTemplate\":\"https:\\\/\\\/grouptravelperu.com\\\/?s={search_term_string}\"},\"query-input\":{\"@type\":\"PropertyValueSpecification\",\"valueRequired\":true,\"valueName\":\"search_term_string\"}}],\"inLanguage\":\"pt-BR\"},{\"@type\":\"Organization\",\"@id\":\"https:\\\/\\\/grouptravelperu.com\\\/#organization\",\"name\":\"Group Travel Peru\",\"url\":\"https:\\\/\\\/grouptravelperu.com\\\/\",\"logo\":{\"@type\":\"ImageObject\",\"inLanguage\":\"pt-BR\",\"@id\":\"https:\\\/\\\/grouptravelperu.com\\\/#\\\/schema\\\/logo\\\/image\\\/\",\"url\":\"https:\\\/\\\/grouptravelperu.com\\\/wp-content\\\/uploads\\\/Logo-vertical.jpg\",\"contentUrl\":\"https:\\\/\\\/grouptravelperu.com\\\/wp-content\\\/uploads\\\/Logo-vertical.jpg\",\"width\":685,\"height\":1000,\"caption\":\"Group Travel Peru\"},\"image\":{\"@id\":\"https:\\\/\\\/grouptravelperu.com\\\/#\\\/schema\\\/logo\\\/image\\\/\"}}]}<\/script>\n<!-- \/ Yoast SEO plugin. -->","yoast_head_json":{"title":"Lares Trek com Camino Inca e Machu Picchu 4 D\u00edas - Group Travel Peru","description":"Explore os Andes na Trilha Lares com a Trilha Inca e Machu Picchu, uma excurs\u00e3o de 4 dias. Desfrute de paisagens deslumbrantes, da cultura local e de Machu Picchu.","robots":{"index":"index","follow":"follow","max-snippet":"max-snippet:-1","max-image-preview":"max-image-preview:large","max-video-preview":"max-video-preview:-1"},"canonical":"https:\/\/grouptravelperu.com\/pt-br\/trilhas-alternativas\/lares-trek-trilha-inca-machu-picchu-4-dias\/","og_locale":"pt_BR","og_type":"article","og_title":"Lares Trek com Camino Inca e Machu Picchu 4 D\u00edas - Group Travel Peru","og_description":"Explore os Andes na Trilha Lares com a Trilha Inca e Machu Picchu, uma excurs\u00e3o de 4 dias. Desfrute de paisagens deslumbrantes, da cultura local e de Machu Picchu.","og_url":"https:\/\/grouptravelperu.com\/pt-br\/trilhas-alternativas\/lares-trek-trilha-inca-machu-picchu-4-dias\/","og_site_name":"Group Travel Peru","article_modified_time":"2026-08-05T20:13:04+00:00","og_image":[{"width":800,"height":600,"url":"https:\/\/grouptravelperu.com\/wp-content\/uploads\/Lares-Trek-con-Camino-Inca-y-Machu-Picchu-4-Dias.webp","type":"image\/webp"}],"twitter_card":"summary_large_image","twitter_misc":{"Est. tempo de leitura":"11 minutos"},"schema":{"@context":"https:\/\/schema.org","@graph":[{"@type":"WebPage","@id":"https:\/\/grouptravelperu.com\/pt-br\/trilhas-alternativas\/lares-trek-trilha-inca-machu-picchu-4-dias\/","url":"https:\/\/grouptravelperu.com\/pt-br\/trilhas-alternativas\/lares-trek-trilha-inca-machu-picchu-4-dias\/","name":"Lares Trek com Camino Inca e Machu Picchu 4 D\u00edas - Group Travel Peru","isPartOf":{"@id":"https:\/\/grouptravelperu.com\/#website"},"primaryImageOfPage":{"@id":"https:\/\/grouptravelperu.com\/pt-br\/trilhas-alternativas\/lares-trek-trilha-inca-machu-picchu-4-dias\/#primaryimage"},"image":{"@id":"https:\/\/grouptravelperu.com\/pt-br\/trilhas-alternativas\/lares-trek-trilha-inca-machu-picchu-4-dias\/#primaryimage"},"thumbnailUrl":"https:\/\/grouptravelperu.com\/wp-content\/uploads\/Lares-Trek-con-Camino-Inca-y-Machu-Picchu-4-Dias.webp","datePublished":"2025-04-25T22:55:44+00:00","dateModified":"2026-08-05T20:13:04+00:00","description":"Explore os Andes na Trilha Lares com a Trilha Inca e Machu Picchu, uma excurs\u00e3o de 4 dias. Desfrute de paisagens deslumbrantes, da cultura local e de Machu Picchu.","breadcrumb":{"@id":"https:\/\/grouptravelperu.com\/pt-br\/trilhas-alternativas\/lares-trek-trilha-inca-machu-picchu-4-dias\/#breadcrumb"},"inLanguage":"pt-BR","potentialAction":[{"@type":"ReadAction","target":["https:\/\/grouptravelperu.com\/pt-br\/trilhas-alternativas\/lares-trek-trilha-inca-machu-picchu-4-dias\/"]}]},{"@type":"ImageObject","inLanguage":"pt-BR","@id":"https:\/\/grouptravelperu.com\/pt-br\/trilhas-alternativas\/lares-trek-trilha-inca-machu-picchu-4-dias\/#primaryimage","url":"https:\/\/grouptravelperu.com\/wp-content\/uploads\/Lares-Trek-con-Camino-Inca-y-Machu-Picchu-4-Dias.webp","contentUrl":"https:\/\/grouptravelperu.com\/wp-content\/uploads\/Lares-Trek-con-Camino-Inca-y-Machu-Picchu-4-Dias.webp","width":800,"height":600,"caption":"Turistas cumprimentam crian\u00e7as andinas vestindo ponchos vermelhos na rota de Lares."},{"@type":"BreadcrumbList","@id":"https:\/\/grouptravelperu.com\/pt-br\/trilhas-alternativas\/lares-trek-trilha-inca-machu-picchu-4-dias\/#breadcrumb","itemListElement":[{"@type":"ListItem","position":1,"name":"Home","item":"https:\/\/grouptravelperu.com\/pt-br\/"},{"@type":"ListItem","position":2,"name":"Trilhas Alternativas","item":"https:\/\/grouptravelperu.com\/pt-br\/trilhas-alternativas\/"},{"@type":"ListItem","position":3,"name":"Lares Trek com Camino Inca e Machu Picchu 4 D\u00edas"}]},{"@type":"WebSite","@id":"https:\/\/grouptravelperu.com\/#website","url":"https:\/\/grouptravelperu.com\/","name":"Group Travel Peru","description":"","publisher":{"@id":"https:\/\/grouptravelperu.com\/#organization"},"alternateName":"Group Travel Peru","potentialAction":[{"@type":"SearchAction","target":{"@type":"EntryPoint","urlTemplate":"https:\/\/grouptravelperu.com\/?s={search_term_string}"},"query-input":{"@type":"PropertyValueSpecification","valueRequired":true,"valueName":"search_term_string"}}],"inLanguage":"pt-BR"},{"@type":"Organization","@id":"https:\/\/grouptravelperu.com\/#organization","name":"Group Travel Peru","url":"https:\/\/grouptravelperu.com\/","logo":{"@type":"ImageObject","inLanguage":"pt-BR","@id":"https:\/\/grouptravelperu.com\/#\/schema\/logo\/image\/","url":"https:\/\/grouptravelperu.com\/wp-content\/uploads\/Logo-vertical.jpg","contentUrl":"https:\/\/grouptravelperu.com\/wp-content\/uploads\/Logo-vertical.jpg","width":685,"height":1000,"caption":"Group Travel Peru"},"image":{"@id":"https:\/\/grouptravelperu.com\/#\/schema\/logo\/image\/"}}]}},"coauthors":[],"author_meta":{"author_link":"https:\/\/grouptravelperu.com\/pt-br\/author\/admin_editor\/","display_name":"Editor Gtp"},"relative_dates":{"created":"Publicado 1 ano atr\u00e1s","modified":"Atualizado 1 m\u00eas atr\u00e1s"},"absolute_dates":{"created":"Publicado em 25 de abril de 2025","modified":"Atualizado em 5 de agosto de 2026"},"absolute_dates_time":{"created":"Publicado em 25 de abril de 2025 17:55","modified":"Atualizado em 5 de agosto de 2026 15:13"},"featured_img_caption":"Turistas cumprimentam crian\u00e7as andinas vestindo ponchos vermelhos na rota de Lares.","featured_img":"https:\/\/grouptravelperu.com\/wp-content\/uploads\/Lares-Trek-con-Camino-Inca-y-Machu-Picchu-4-Dias.webp","series_order":"","_links":{"self":[{"href":"https:\/\/grouptravelperu.com\/pt-br\/wp-json\/wp\/v2\/pages\/21750","targetHints":{"allow":["GET"]}}],"collection":[{"href":"https:\/\/grouptravelperu.com\/pt-br\/wp-json\/wp\/v2\/pages"}],"about":[{"href":"https:\/\/grouptravelperu.com\/pt-br\/wp-json\/wp\/v2\/types\/page"}],"author":[{"embeddable":true,"href":"https:\/\/grouptravelperu.com\/pt-br\/wp-json\/wp\/v2\/users\/2"}],"replies":[{"embeddable":true,"href":"https:\/\/grouptravelperu.com\/pt-br\/wp-json\/wp\/v2\/comments?post=21750"}],"version-history":[{"count":7,"href":"https:\/\/grouptravelperu.com\/pt-br\/wp-json\/wp\/v2\/pages\/21750\/revisions"}],"predecessor-version":[{"id":31016,"href":"https:\/\/grouptravelperu.com\/pt-br\/wp-json\/wp\/v2\/pages\/21750\/revisions\/31016"}],"up":[{"embeddable":true,"href":"https:\/\/grouptravelperu.com\/pt-br\/wp-json\/wp\/v2\/pages\/1323"}],"wp:featuredmedia":[{"embeddable":true,"href":"https:\/\/grouptravelperu.com\/pt-br\/wp-json\/wp\/v2\/media\/22956"}],"wp:attachment":[{"href":"https:\/\/grouptravelperu.com\/pt-br\/wp-json\/wp\/v2\/media?parent=21750"}],"curies":[{"name":"wp","href":"https:\/\/api.w.org\/{rel}","templated":true}]}}