{"id":21790,"date":"2025-04-25T16:25:43","date_gmt":"2025-04-25T21:25:43","guid":{"rendered":"https:\/\/grouptravelperu.com\/cusco\/tour-montana-de-7-colores-full-day\/"},"modified":"2026-08-05T15:21:41","modified_gmt":"2026-08-05T20:21:41","slug":"tour-montanha-7-cores-dia-inteiro","status":"publish","type":"page","link":"https:\/\/grouptravelperu.com\/pt-br\/cusco\/tour-montanha-7-cores-dia-inteiro\/","title":{"rendered":"Tour Montanha de 7 Cores &#8211; Dia Inteiro"},"content":{"rendered":"\n<p class=\"wp-block-paragraph\">Voc\u00ea est\u00e1 pronto para caminhar sobre as nuvens e testemunhar uma das paisagens mais deslumbrantes do planeta? Nossa jornada at\u00e9 a montanha de 7 cores \u00e9 uma experi\u00eancia transformadora que desafia o corpo e recompensa a alma com vistas espetaculares.<\/p>\n\n\n\n<p class=\"wp-block-paragraph\">Considerada um dos destinos imperd\u00edveis do Peru, a famosa montanha das 7 cores atrai aventureiros em busca da natureza em sua forma mais vibrante e pura. Prepare-se para um passeio montanha 7 cores cuidadosamente planejado, onde voc\u00ea descobrir\u00e1 a magia indescrit\u00edvel das alturas andinas.<\/p>\n\n\n\n<p class=\"wp-block-paragraph\">Esta excursao vinicunca \u00e9 a oportunidade perfeita para viver o que h\u00e1 de melhor no trekking cusco, conectando-se profundamente com a energia majestosa da Cordilheira dos Andes.<\/p>\n\n\n\n<!--Markup for citys-->\n\n<div id=\"tour-block_7ae5fce424d753c8d8284f8c808c3a7f\" class=\"tour\">\n\n\n<div class=\"flex flex-wrap my-8 gap-0 \">\n\n    <div class=\"flex w-6\/12 xl:w-1\/4 p-3\">\n        <div class=\"bg-gtp2 rounded-full w-14 h-14 flex items-center justify-center mr-2\">\n            \n            <svg width=\"24\" height=\"24\" viewBox=\"0 0 20 20\" fill=\"none\" xmlns=\"http:\/\/www.w3.org\/2000\/svg\">\n            <path fill-rule=\"evenodd\" clip-rule=\"evenodd\" d=\"M4 2H16C17.0609 2 18.0783 2.42143 18.8284 3.17157C19.5786 3.92172 20 4.93913 20 6V16C20 17.0609 19.5786 18.0783 18.8284 18.8284C18.0783 19.5786 17.0609 20 16 20H4C2.93913 20 1.92172 19.5786 1.17157 18.8284C0.421427 18.0783 0 17.0609 0 16V6C0 4.93913 0.421427 3.92172 1.17157 3.17157C1.92172 2.42143 2.93913 2 4 2ZM4 4C3.46957 4 2.96086 4.21071 2.58579 4.58579C2.21071 4.96086 2 5.46957 2 6V16C2 16.5304 2.21071 17.0391 2.58579 17.4142C2.96086 17.7893 3.46957 18 4 18H16C16.5304 18 17.0391 17.7893 17.4142 17.4142C17.7893 17.0391 18 16.5304 18 16V6C18 5.46957 17.7893 4.96086 17.4142 4.58579C17.0391 4.21071 16.5304 4 16 4H4Z\" fill=\"white\"\/>\n            <path fill-rule=\"evenodd\" clip-rule=\"evenodd\" d=\"M1 8C1 7.73478 1.10536 7.48043 1.29289 7.29289C1.48043 7.10536 1.73478 7 2 7H18C18.2652 7 18.5196 7.10536 18.7071 7.29289C18.8946 7.48043 19 7.73478 19 8C19 8.26522 18.8946 8.51957 18.7071 8.70711C18.5196 8.89464 18.2652 9 18 9H2C1.73478 9 1.48043 8.89464 1.29289 8.70711C1.10536 8.51957 1 8.26522 1 8ZM6 0C6.26522 0 6.51957 0.105357 6.70711 0.292893C6.89464 0.48043 7 0.734784 7 1V5C7 5.26522 6.89464 5.51957 6.70711 5.70711C6.51957 5.89464 6.26522 6 6 6C5.73478 6 5.48043 5.89464 5.29289 5.70711C5.10536 5.51957 5 5.26522 5 5V1C5 0.734784 5.10536 0.48043 5.29289 0.292893C5.48043 0.105357 5.73478 0 6 0ZM14 0C14.2652 0 14.5196 0.105357 14.7071 0.292893C14.8946 0.48043 15 0.734784 15 1V5C15 5.26522 14.8946 5.51957 14.7071 5.70711C14.5196 5.89464 14.2652 6 14 6C13.7348 6 13.4804 5.89464 13.2929 5.70711C13.1054 5.51957 13 5.26522 13 5V1C13 0.734784 13.1054 0.48043 13.2929 0.292893C13.4804 0.105357 13.7348 0 14 0Z\" fill=\"white\"\/>\n            <path d=\"M6 11C6 11.2652 5.89464 11.5196 5.70711 11.7071C5.51957 11.8946 5.26522 12 5 12C4.73478 12 4.48043 11.8946 4.29289 11.7071C4.10536 11.5196 4 11.2652 4 11C4 10.7348 4.10536 10.4804 4.29289 10.2929C4.48043 10.1054 4.73478 10 5 10C5.26522 10 5.51957 10.1054 5.70711 10.2929C5.89464 10.4804 6 10.7348 6 11ZM6 15C6 15.2652 5.89464 15.5196 5.70711 15.7071C5.51957 15.8946 5.26522 16 5 16C4.73478 16 4.48043 15.8946 4.29289 15.7071C4.10536 15.5196 4 15.2652 4 15C4 14.7348 4.10536 14.4804 4.29289 14.2929C4.48043 14.1054 4.73478 14 5 14C5.26522 14 5.51957 14.1054 5.70711 14.2929C5.89464 14.4804 6 14.7348 6 15ZM11 11C11 11.2652 10.8946 11.5196 10.7071 11.7071C10.5196 11.8946 10.2652 12 10 12C9.73478 12 9.48043 11.8946 9.29289 11.7071C9.10536 11.5196 9 11.2652 9 11C9 10.7348 9.10536 10.4804 9.29289 10.2929C9.48043 10.1054 9.73478 10 10 10C10.2652 10 10.5196 10.1054 10.7071 10.2929C10.8946 10.4804 11 10.7348 11 11ZM11 15C11 15.2652 10.8946 15.5196 10.7071 15.7071C10.5196 15.8946 10.2652 16 10 16C9.73478 16 9.48043 15.8946 9.29289 15.7071C9.10536 15.5196 9 15.2652 9 15C9 14.7348 9.10536 14.4804 9.29289 14.2929C9.48043 14.1054 9.73478 14 10 14C10.2652 14 10.5196 14.1054 10.7071 14.2929C10.8946 14.4804 11 14.7348 11 15ZM16 11C16 11.2652 15.8946 11.5196 15.7071 11.7071C15.5196 11.8946 15.2652 12 15 12C14.7348 12 14.4804 11.8946 14.2929 11.7071C14.1054 11.5196 14 11.2652 14 11C14 10.7348 14.1054 10.4804 14.2929 10.2929C14.4804 10.1054 14.7348 10 15 10C15.2652 10 15.5196 10.1054 15.7071 10.2929C15.8946 10.4804 16 10.7348 16 11ZM16 15C16 15.2652 15.8946 15.5196 15.7071 15.7071C15.5196 15.8946 15.2652 16 15 16C14.7348 16 14.4804 15.8946 14.2929 15.7071C14.1054 15.5196 14 15.2652 14 15C14 14.7348 14.1054 14.4804 14.2929 14.2929C14.4804 14.1054 14.7348 14 15 14C15.2652 14 15.5196 14.1054 15.7071 14.2929C15.8946 14.4804 16 14.7348 16 15Z\" fill=\"white\"\/>\n            <\/svg>\n\n\n        <\/div>\n        <div class=\"flex flex-col justify-center\">\n            <span class=\"text-sm font-urb font-semibold text-gray-900\">Duraci\u00f3n<\/span>\n            <span class=\"text-sm font-urb font-semibold text-gray-600\">Dia Inteiro<\/span>\n        <\/div>\n    <\/div>\n\n    <div class=\"flex w-6\/12 xl:w-1\/4 p-3\">\n        <div class=\"bg-gtp2 rounded-full w-14 h-14 flex items-center justify-center mr-2\">\n            <svg width=\"28\" height=\"28\" viewBox=\"0 0 23 20\" fill=\"none\" xmlns=\"http:\/\/www.w3.org\/2000\/svg\">\n            <path d=\"M11.25 0C8.16027 0 5.35848 1.26177 3.3233 3.29926C3.31446 3.30708 3.30321 3.30978 3.29491 3.31814C3.28661 3.3265 3.28393 3.33783 3.27616 3.34673C1.25304 5.39582 0 8.21713 0 11.3284C0 14.065 0.981696 16.7064 2.76536 18.7674C2.98232 19.019 3.35839 19.046 3.60884 18.8321L5.95982 16.8264C6.21777 16.6077 6.24589 16.2163 6.0225 15.962C4.90179 14.6819 4.28518 13.0357 4.28518 11.3281C4.28518 7.46082 7.4092 4.31504 11.2497 4.31504C12.8483 4.31504 14.4107 4.87444 15.6474 5.88914C16.2627 6.39488 17.0269 5.45597 16.4087 4.94889C15.1136 3.88537 13.5145 3.25233 11.8524 3.12771V1.24423C17.1104 1.56089 21.2946 5.95604 21.2946 11.3284C21.2946 13.5679 20.5578 15.7378 19.208 17.5007L17.7729 16.2821C18.8392 14.8599 19.4199 13.1237 19.4199 11.3284C19.4199 10.5303 19.3061 9.73999 19.0816 8.9791C18.8518 8.20418 17.7013 8.56264 17.9263 9.32515C18.1171 9.97303 18.2143 10.6471 18.2143 11.3284C18.2143 13.0352 17.5982 14.6805 16.4791 15.9598C16.2571 16.2125 16.282 16.6039 16.5426 16.8251L18.8976 18.8251C19.1488 19.0392 19.5254 19.0093 19.7403 18.7595C21.5199 16.7002 22.5 14.061 22.5 11.3284C22.5 5.08186 17.4533 0 11.25 0ZM5.92232 5.10479L4.59723 3.77074C6.22982 2.3118 8.33223 1.38368 10.6473 1.24423V3.13203C8.84812 3.26554 7.21125 3.98436 5.92232 5.10479ZM4.73036 16.2854L3.29732 17.5078C2.06705 15.9032 1.35107 13.9604 1.23027 11.9353H3.10473C3.22045 13.5134 3.78321 15.0231 4.73036 16.2854ZM3.11063 10.7215H1.23589C1.37438 8.39002 2.29607 6.27296 3.74491 4.629L5.07 5.96278C3.95705 7.26096 3.24295 8.90951 3.11063 10.7215Z\" fill=\"white\"\/>\n            <path d=\"M12.6139 14.4173C13.1812 13.8452 17.8757 7.64666 18.4093 6.94187C18.8218 6.39649 18.1524 5.69143 17.5955 6.06959C16.3854 6.88118 10.3187 10.961 9.74973 11.5339C8.96036 12.3288 8.96036 13.6224 9.74973 14.4173C10.5375 15.2105 11.8227 15.2138 12.6139 14.4173ZM10.6018 12.3919C10.8654 12.1303 13.0093 10.6433 15.2223 9.13553C13.5932 11.2674 12.0246 13.2936 11.7616 13.559C10.9947 14.3315 9.83464 13.1644 10.6018 12.3919Z\" fill=\"white\"\/>\n            <path d=\"M9.17598 17.7006H13.324C14.1217 17.7006 14.1217 16.4869 13.324 16.4869H9.17598C8.3783 16.4869 8.3783 17.7006 9.17598 17.7006Z\" fill=\"white\"\/>\n            <path d=\"M16.3227 18.7862H6.17759C5.37991 18.7862 5.37991 20 6.17759 20H16.3227C17.1201 20 17.1201 18.7862 16.3227 18.7862Z\" fill=\"white\"\/>\n            <\/svg>\n        <\/div>\n        <div class=\"flex flex-col justify-center\">\n            <span class=\"text-sm font-urb font-semibold text-gray-900\">Dificultad<\/span>\n            <span class=\"text-sm font-urb font-semibold text-gray-600\">M\u00e9dia<\/span>\n        <\/div>\n    <\/div>\n\n    <div class=\"flex w-6\/12 xl:w-1\/4 p-3\">\n        <div class=\"bg-gtp2 rounded-full w-14 h-14 flex items-center justify-center mr-2\">\n            \n                <svg width=\"24\" height=\"24\" viewBox=\"0 0 20 20\" fill=\"none\" xmlns=\"http:\/\/www.w3.org\/2000\/svg\">\n                <path d=\"M10 13.3333C9.34073 13.3333 8.69626 13.1378 8.1481 12.7716C7.59994 12.4053 7.17269 11.8847 6.9204 11.2756C6.66811 10.6665 6.6021 9.9963 6.73072 9.3497C6.85933 8.7031 7.1768 8.10915 7.64298 7.64298C8.10915 7.1768 8.7031 6.85933 9.3497 6.73072C9.9963 6.6021 10.6665 6.66811 11.2756 6.9204C11.8847 7.17269 12.4053 7.59994 12.7716 8.1481C13.1378 8.69626 13.3333 9.34073 13.3333 10C13.3333 10.8841 12.9821 11.7319 12.357 12.357C11.7319 12.9821 10.8841 13.3333 10 13.3333ZM10 8.33333C9.67036 8.33333 9.34813 8.43108 9.07405 8.61422C8.79997 8.79735 8.58635 9.05765 8.4602 9.3622C8.33405 9.66674 8.30105 10.0018 8.36536 10.3252C8.42967 10.6485 8.5884 10.9454 8.82149 11.1785C9.05458 11.4116 9.35155 11.5703 9.67485 11.6346C9.99815 11.699 10.3333 11.6659 10.6378 11.5398C10.9423 11.4137 11.2026 11.2 11.3858 10.926C11.5689 10.6519 11.6667 10.3296 11.6667 10C11.6667 9.55797 11.4911 9.13405 11.1785 8.82149C10.8659 8.50893 10.442 8.33333 10 8.33333ZM15 19.1667C15 17.8406 14.4732 16.5688 13.5355 15.6311C12.5979 14.6934 11.3261 14.1667 10 14.1667C8.67392 14.1667 7.40215 14.6934 6.46447 15.6311C5.52678 16.5688 5 17.8406 5 19.1667C5 19.3877 5.0878 19.5996 5.24408 19.7559C5.40036 19.9122 5.61232 20 5.83333 20C6.05435 20 6.26631 19.9122 6.42259 19.7559C6.57887 19.5996 6.66667 19.3877 6.66667 19.1667C6.66667 18.2826 7.01786 17.4348 7.64298 16.8096C8.2681 16.1845 9.11594 15.8333 10 15.8333C10.8841 15.8333 11.7319 16.1845 12.357 16.8096C12.9821 17.4348 13.3333 18.2826 13.3333 19.1667C13.3333 19.3877 13.4211 19.5996 13.5774 19.7559C13.7337 19.9122 13.9457 20 14.1667 20C14.3877 20 14.5996 19.9122 14.7559 19.7559C14.9122 19.5996 15 19.3877 15 19.1667ZM15 6.66667C14.3407 6.66667 13.6963 6.47117 13.1481 6.1049C12.5999 5.73863 12.1727 5.21803 11.9204 4.60895C11.6681 3.99986 11.6021 3.32964 11.7307 2.68303C11.8593 2.03643 12.1768 1.44249 12.643 0.976312C13.1092 0.510137 13.7031 0.192668 14.3497 0.0640506C14.9963 -0.0645668 15.6665 0.00144427 16.2756 0.253736C16.8847 0.506028 17.4053 0.93327 17.7716 1.48143C18.1378 2.0296 18.3333 2.67406 18.3333 3.33333C18.3333 4.21739 17.9821 5.06524 17.357 5.69036C16.7319 6.31548 15.8841 6.66667 15 6.66667ZM15 1.66667C14.6704 1.66667 14.3481 1.76442 14.074 1.94755C13.8 2.13069 13.5863 2.39099 13.4602 2.69553C13.3341 3.00007 13.301 3.33518 13.3654 3.65849C13.4297 3.98179 13.5884 4.27876 13.8215 4.51185C14.0546 4.74493 14.3515 4.90367 14.6748 4.96798C14.9982 5.03229 15.3333 4.99928 15.6378 4.87313C15.9423 4.74699 16.2026 4.53337 16.3858 4.25928C16.5689 3.9852 16.6667 3.66297 16.6667 3.33333C16.6667 2.89131 16.4911 2.46738 16.1785 2.15482C15.8659 1.84226 15.442 1.66667 15 1.66667ZM20 12.5C19.9987 11.1743 19.4715 9.90332 18.5341 8.96593C17.5967 8.02853 16.3257 7.50132 15 7.5C14.779 7.5 14.567 7.5878 14.4107 7.74408C14.2545 7.90036 14.1667 8.11232 14.1667 8.33333C14.1667 8.55435 14.2545 8.76631 14.4107 8.92259C14.567 9.07887 14.779 9.16667 15 9.16667C15.8841 9.16667 16.7319 9.51786 17.357 10.143C17.9821 10.7681 18.3333 11.6159 18.3333 12.5C18.3333 12.721 18.4211 12.933 18.5774 13.0893C18.7337 13.2455 18.9457 13.3333 19.1667 13.3333C19.3877 13.3333 19.5996 13.2455 19.7559 13.0893C19.9122 12.933 20 12.721 20 12.5ZM5 6.66667C4.34073 6.66667 3.69626 6.47117 3.1481 6.1049C2.59994 5.73863 2.17269 5.21803 1.9204 4.60895C1.66811 3.99986 1.6021 3.32964 1.73072 2.68303C1.85933 2.03643 2.1768 1.44249 2.64298 0.976312C3.10915 0.510137 3.7031 0.192668 4.3497 0.0640506C4.9963 -0.0645668 5.66652 0.00144427 6.27561 0.253736C6.8847 0.506028 7.40529 0.93327 7.77156 1.48143C8.13784 2.0296 8.33333 2.67406 8.33333 3.33333C8.33333 4.21739 7.98214 5.06524 7.35702 5.69036C6.7319 6.31548 5.88405 6.66667 5 6.66667ZM5 1.66667C4.67036 1.66667 4.34813 1.76442 4.07405 1.94755C3.79997 2.13069 3.58635 2.39099 3.4602 2.69553C3.33405 3.00007 3.30105 3.33518 3.36536 3.65849C3.42967 3.98179 3.5884 4.27876 3.82149 4.51185C4.05458 4.74493 4.35155 4.90367 4.67485 4.96798C4.99815 5.03229 5.33326 4.99928 5.63781 4.87313C5.94235 4.74699 6.20265 4.53337 6.38578 4.25928C6.56892 3.9852 6.66667 3.66297 6.66667 3.33333C6.66667 2.89131 6.49107 2.46738 6.17851 2.15482C5.86595 1.84226 5.44203 1.66667 5 1.66667ZM1.66667 12.5C1.66667 11.6159 2.01786 10.7681 2.64298 10.143C3.2681 9.51786 4.11594 9.16667 5 9.16667C5.22101 9.16667 5.43297 9.07887 5.58926 8.92259C5.74554 8.76631 5.83333 8.55435 5.83333 8.33333C5.83333 8.11232 5.74554 7.90036 5.58926 7.74408C5.43297 7.5878 5.22101 7.5 5 7.5C3.67432 7.50132 2.40332 8.02853 1.46593 8.96593C0.528533 9.90332 0.00132369 11.1743 0 12.5C0 12.721 0.0877974 12.933 0.244078 13.0893C0.400358 13.2455 0.61232 13.3333 0.833333 13.3333C1.05435 13.3333 1.26631 13.2455 1.42259 13.0893C1.57887 12.933 1.66667 12.721 1.66667 12.5Z\" fill=\"white\"\/>\n                <\/svg>\n\n        <\/div>\n        <div class=\"flex flex-col justify-center\">\n            <span class=\"text-sm font-urb font-semibold text-gray-900\">Nro Paxs<\/span>\n            <span class=\"text-sm font-urb font-semibold text-gray-600\">At\u00e9 16<\/span>\n        <\/div>\n    <\/div>\n\n  \n\n    <div class=\"flex w-6\/12 xl:w-1\/4 p-3\">\n        <div class=\"bg-gtp2 rounded-full w-14 h-14 flex items-center justify-center mr-2\">\n            \n            <svg width=\"28\" height=\"26\" viewBox=\"0 0 20 20\" fill=\"none\" xmlns=\"http:\/\/www.w3.org\/2000\/svg\">\n            <path d=\"M10.6122 6.12931V4.4898H15.0723L13.9498 2.2449L15.0723 0H9.38775V6.12931L0.115143 19.0263L0 19.1905V20H19.3878L20 19.9959V19.1864L10.6122 6.12931ZM10.6122 1.22449H13.091L12.5808 2.2449L13.091 3.26531H10.6122V1.22449ZM10 7.37531L13.8588 12.7424L12.3853 13.7463L10 12.1131L7.61465 13.7463L6.14118 12.7424L10 7.37531ZM1.80359 18.7755L5.42616 13.737L7.61637 15.2292L10 13.5971L12.3836 15.2292L14.5738 13.7369L18.1964 18.7755H1.80359Z\" fill=\"white\"\/>\n            <\/svg>\n\n        <\/div>\n        <div class=\"flex flex-col justify-center\">\n            <span class=\"text-sm font-urb font-semibold text-gray-900\">Max. Altitud:<\/span>\n            <span class=\"text-sm font-urb font-semibold text-gray-600\">5200 m s. n. m.<\/span>\n        <\/div>\n    <\/div>\n<\/div>\n\n<\/div>\n\n<div class=\"responsive-tabs\">\n<h2 class=\"tabtitle\"><span class=\"fa fa-tasks\"><\/span>Itiner\u00e1rio<\/h2>\n<div class=\"tabcontent\">\n\n\n\n\n<h2 id=\"h-o-seu-roteiro-desafio-cores-e-energia-nas-alturas\" class=\"wp-block-heading\">O Seu Roteiro: Desafio, Cores e Energia nas Alturas<\/h2>\n\n\n\n<p class=\"wp-block-paragraph\">Acompanhe os detalhes deste dia emocionante, estruturado para o seu m\u00e1ximo conforto e seguran\u00e7a durante toda a expedi\u00e7\u00e3o:<\/p>\n\n\n\n<ul class=\"wp-block-list\">\n<li><strong>16h30 \u2013 Retorno a Cusco e Fim da Jornada<\/strong>: Com as energias recarregadas, retornaremos a Cusco, finalizando esta viagem inesquec\u00edvel por volta das 16h30. Voc\u00ea levar\u00e1 consigo mem\u00f3rias espetaculares da imponente <strong>rainbow mountain<\/strong>.<\/li>\n\n\n\n<li><strong>4h30 \u00e0s 4h45 \u2013 Sa\u00edda e In\u00edcio da Aventura<\/strong>: Come\u00e7amos o nosso <strong>tour rainbow mountain<\/strong> buscando voc\u00ea confortavelmente em seu hotel, no hor\u00e1rio ideal para aproveitar o dia. Viajaremos rumo ao sul por cerca de duas horas, contemplando o amanhecer sobre os Andes.<\/li>\n\n\n\n<li><strong>Manh\u00e3 \u2013 Chegada a Cusipata e Caf\u00e9 da Manh\u00e3<\/strong>: Ao chegar ao charmoso distrito de Cusipata (Quispicanchi), voc\u00ea degustar\u00e1 um <strong>delicioso caf\u00e9 da manh\u00e3 buffet<\/strong>. Este momento \u00e9 fundamental para preparar seu corpo para explorar a incr\u00edvel <strong>montanha colorida peru<\/strong>.<\/li>\n\n\n\n<li><strong>Ap\u00f3s o Caf\u00e9 \u2013 Viagem ao Ponto de In\u00edcio<\/strong>: Seguiremos viagem de carro por mais uma hora at\u00e9 o estacionamento. Aqui, o ar puro das montanhas marca o in\u00edcio da nossa <strong>trilha vinicunca<\/strong>, onde percorreremos um trajeto total de 4 quil\u00f4metros.<\/li>\n\n\n\n<li><strong>Manh\u00e3 \u2013 A Caminhada at\u00e9 o Cume (1h 30min)<\/strong>: Explore caminhos ancestrais cercados de picos nevados durante uma caminhada de aproximadamente 1 hora e 30 minutos. Cada passo aproxima voc\u00ea do cume de <strong>vinicunca<\/strong>, superando os seus limites a incr\u00edveis <strong>5.200 metros acima do n\u00edvel do mar<\/strong>.<\/li>\n\n\n\n<li><strong>Meio-dia \u2013 Espet\u00e1culo Visual no Topo<\/strong>: Atingir o cume deixar\u00e1 voc\u00ea sem f\u00f4lego! Testemunhe uma vista surreal, com encostas que vibram do verde ao vermelho, justificando o nome <strong>montanha arco iris peru<\/strong>. Nosso guia far\u00e1 uma breve explica\u00e7\u00e3o para que voc\u00ea compreenda a grandiosidade do local.<\/li>\n\n\n\n<li><strong>In\u00edcio da Tarde \u2013 Descida e Almo\u00e7o Restaurador<\/strong>: Com o cora\u00e7\u00e3o cheio de gl\u00f3ria, retornaremos pela mesma rota ao transporte e seguiremos para o nosso restaurante em Cusipata. L\u00e1, celebre o desafio superado saboreando um <strong>farto almo\u00e7o buffet<\/strong> com ingredientes locais.<\/li>\n<\/ul>\n\n\n\n<\/div><h2 class=\"tabtitle\"><span class=\"fa fa-list\"><\/span>Inclui<\/h2>\n<div class=\"tabcontent\">\n\n\n\n\n<h2 id=\"h-tour-inclui\" class=\"wp-block-heading\">Tour Inclui<\/h2>\n\n\n\n<div class=\"wp-block-advgb-list\"><ul class=\"advgblist-c9d01199-6e4b-4be3-8fa0-d21533fb807e advgb-list advgb-list-yes\">\n<li class=\"wp-block-advgb-list-item\">Buscamos no hotel.<\/li>\n\n\n\n<li class=\"wp-block-advgb-list-item\">Traslados de Cusco at\u00e9 o ponto de partida da caminhada \u2013 ida e volta.<\/li>\n\n\n\n<li class=\"wp-block-advgb-list-item\">Bengalas.<\/li>\n\n\n\n<li class=\"wp-block-advgb-list-item\">Assist\u00eancia durante toda a viagem.<\/li>\n\n\n\n<li class=\"wp-block-advgb-list-item\">Ingl\u00eas profissional &#8211; guia espanhol.<\/li>\n\n\n\n<li class=\"wp-block-advgb-list-item\">Caf\u00e9 da manh\u00e3.<\/li>\n\n\n\n<li class=\"wp-block-advgb-list-item\">Almo\u00e7o.<\/li>\n\n\n\n<li class=\"wp-block-advgb-list-item\">Bilhete de entrada a montanha.<\/li>\n\n\n\n<li class=\"wp-block-advgb-list-item\">Transporte tur\u00edstico \u2013 equipado com oxig\u00eanio.<\/li>\n<\/ul><\/div>\n\n\n\n<h2 id=\"h-tour-nao-inclui\" class=\"wp-block-heading\">Tour n\u00e3o Inclui<\/h2>\n\n\n\n<div class=\"wp-block-advgb-list\"><ul class=\"advgblist-e1f061cc-5859-4f31-a1b1-4128efb553f5 advgb-list advgb-list-no\">\n<li class=\"wp-block-advgb-list-item\">Aluguel de cavalos.<\/li>\n\n\n\n<li class=\"wp-block-advgb-list-item\">Outros servi\u00e7os n\u00e3o mencionados.<\/li>\n<\/ul><\/div>\n\n\n\n<h2 id=\"h-recomendacoes\" class=\"wp-block-heading\">Recomenda\u00e7\u00f5es<\/h2>\n\n\n\n<div class=\"wp-block-advgb-list\"><ul class=\"advgblist-0b28674b-94b1-449d-bbb2-5e933d915d11 advgb-list advgb-list-info-outline\">\n<li class=\"wp-block-advgb-list-item\">Use m\u00e1scara e m\u00e1scara. Protetor Facial muito importante.<\/li>\n\n\n\n<li class=\"wp-block-advgb-list-item\">Roupas quentes (jaqueta, su\u00e9ter, bon\u00e9, cachecol, luvas, etc).<\/li>\n\n\n\n<li class=\"wp-block-advgb-list-item\">Sapatos de trekking.<\/li>\n\n\n\n<li class=\"wp-block-advgb-list-item\">Mochila pequena para carregar o que voc\u00ea precisa.<\/li>\n\n\n\n<li class=\"wp-block-advgb-list-item\">Poncho de chuva.<\/li>\n\n\n\n<li class=\"wp-block-advgb-list-item\">Protetor solar.<\/li>\n\n\n\n<li class=\"wp-block-advgb-list-item\">Gel Antibacteriano.<\/li>\n\n\n\n<li class=\"wp-block-advgb-list-item\">\u00d3culos de sol.<\/li>\n\n\n\n<li class=\"wp-block-advgb-list-item\">Dinheiro Extra em Soles.<\/li>\n<\/ul><\/div>\n\n\n\n<h2 id=\"h-contate-nos\" class=\"wp-block-heading\">Contate-nos<\/h2>\n\n\n\n<div class=\"wp-block-advgb-list\"><ul class=\"advgblist-0296659a-57da-4288-9294-e94d52d799d2 advgb-list advgb-list-arrow-right-alt2\">\n<li class=\"wp-block-advgb-list-item\">info@grouptravelperu.com<\/li>\n\n\n\n<li class=\"wp-block-advgb-list-item\">reserve@grouptravelperu.com<\/li>\n<\/ul><\/div>\n\n\n\n<\/div><h2 class=\"tabtitle\"><span class=\"fa fa-info-circle\"><\/span>Mais informa\u00e7\u00e3o<\/h2>\n<div class=\"tabcontent\">\n\n\n\n\n<h2 class=\"wp-block-heading\">Mais informa\u00e7\u00f5es sobre a montanha de 7 cores<\/h2>\n\n\n\n<p class=\"wp-block-paragraph\">A impressionante cordilheira dos Andes guarda paisagens que desafiam a nossa imagina\u00e7\u00e3o. Este fen\u00f4meno geol\u00f3gico, reconhecido mundialmente, atrai milhares de exploradores em busca de um cen\u00e1rio natural \u00fanico e vibrante.<\/p>\n\n\n\n<p class=\"wp-block-paragraph\">Sua colora\u00e7\u00e3o ex\u00f3tica \u00e9 o resultado de um lento processo de oxida\u00e7\u00e3o de minerais ao longo de milh\u00f5es de anos. A seguir, detalhamos todos os preparativos vitais para que a sua expedi\u00e7\u00e3o \u00e0s alturas seja segura, organizada e inesquec\u00edvel.<\/p>\n\n\n\n<h3 class=\"wp-block-heading\">O que esperar da excursao vinicunca<\/h3>\n\n\n\n<p class=\"wp-block-paragraph\">A jornada rumo aos Andes come\u00e7a horas antes do amanhecer, partindo da cidade imperial em dire\u00e7\u00e3o \u00e0 zona sul. Durante as primeiras horas de transporte, voc\u00ea testemunhar\u00e1 o despertar de pequenos vilarejos andinos e vales profundos.<\/p>\n\n\n\n<p class=\"wp-block-paragraph\">A caminhada at\u00e9 o cume revela cen\u00e1rios intocados, rebanhos de alpacas soltas e a imponente presen\u00e7a do nevado Ausangate. Nossos guias na Group Travel acompanham o grupo de perto, ditando um ritmo seguro e monitorando a respira\u00e7\u00e3o de cada participante.<\/p>\n\n\n\n<p class=\"wp-block-paragraph\">Milhares de viajantes j\u00e1 confiaram em nossa equipe para conquistar esse objetivo fotogr\u00e1fico sem colocar a sa\u00fade em risco. O visual panor\u00e2mico no topo, rodeado por montanhas avermelhadas e geleiras, compensa todo o esfor\u00e7o da caminhada.<\/p>\n\n\n\n<h3 class=\"wp-block-heading\">Dificuldade da trilha e o desafio da altitude extrema<\/h3>\n\n\n\n<p class=\"wp-block-paragraph\">O maior obst\u00e1culo fisiol\u00f3gico neste trekking n\u00e3o \u00e9 a inclina\u00e7\u00e3o do terreno, mas a vertiginosa queda nos n\u00edveis de oxig\u00eanio. O mirante principal da montanha colorida peru atinge os impressionantes <strong>5.200 metros acima do n\u00edvel do mar<\/strong>.<\/p>\n\n\n\n<p class=\"wp-block-paragraph\">Essa eleva\u00e7\u00e3o dr\u00e1stica exige extremo respeito e uma aclimata\u00e7\u00e3o pr\u00e9via rigorosa na cidade imperial. M\u00e9dicos locais recomendam agendar este roteiro apenas ap\u00f3s o terceiro ou quarto dia de viagem cont\u00ednua na regi\u00e3o montanhosa.<\/p>\n\n\n\n<p class=\"wp-block-paragraph\">O trajeto total possui cerca de <strong>3 quil\u00f4metros de ida<\/strong>, come\u00e7ando de forma plana antes da temida subida final. Se voc\u00ea quer viver esta experi\u00eancia sem preocupa\u00e7\u00f5es, na Group Travel podemos ajud\u00e1-lo a planej\u00e1-la respeitando inteiramente seus limites f\u00edsicos.<\/p>\n\n\n\n<h3 class=\"wp-block-heading\">O que um bom tour rainbow mountain deve garantir<\/h3>\n\n\n\n<p class=\"wp-block-paragraph\">Operar expedi\u00e7\u00f5es em \u00e1reas remotas requer uma log\u00edstica impec\u00e1vel para contornar imprevistos da natureza. O transporte regular e o suporte m\u00e9dico cont\u00ednuo s\u00e3o fatores inegoci\u00e1veis para garantir a sua tranquilidade.<\/p>\n\n\n\n<p class=\"wp-block-paragraph\">Um pacote tur\u00edstico profissional e seguro possui um pre\u00e7o referencial justo que varia entre <strong>USD 40 e USD 60<\/strong>. Abaixo, apresentamos a estrutura log\u00edstica m\u00ednima que voc\u00ea deve exigir ao contratar este servi\u00e7o:<\/p>\n\n\n\n<figure class=\"wp-block-table is-style-stripes\"><table class=\"has-fixed-layout\"><thead><tr><td><strong>Aspecto Log\u00edstico<\/strong><\/td><td><strong>O que deve estar inclu\u00eddo<\/strong><\/td><td><strong>O que normalmente n\u00e3o inclui<\/strong><\/td><\/tr><\/thead><tbody><tr><td><strong>Transporte<\/strong><\/td><td>Ve\u00edculo tur\u00edstico aquecido de ida e volta<\/td><td>Traslados de hot\u00e9is fora do centro<\/td><\/tr><tr><td><strong>Alimenta\u00e7\u00e3o<\/strong><\/td><td>Caf\u00e9 da manh\u00e3 nutritivo e almo\u00e7o regional<\/td><td>Bebidas extras e lanches de trilha<\/td><\/tr><tr><td><strong>Seguran\u00e7a<\/strong><\/td><td>Guia certificado e cilindros de oxig\u00eanio<\/td><td>Aluguel de cavalos durante a subida<\/td><\/tr><\/tbody><\/table><\/figure>\n\n\n\n<h3 class=\"wp-block-heading\">Erros comuns no trekking cusco e como evit\u00e1-los<\/h3>\n\n\n\n<p class=\"wp-block-paragraph\">A falta de leitura e de equipamentos adequados costuma transformar essa maravilha andina em um sofrimento f\u00edsico evit\u00e1vel. Mapeamos os equ\u00edvocos mais repetidos pelos turistas para que voc\u00ea n\u00e3o cometa as mesmas falhas.<\/p>\n\n\n\n<ul class=\"wp-block-list\">\n<li><strong>Subestimar o frio extremo:<\/strong> O vento no cume \u00e9 paralisante; \u00e9 vital usar roupas t\u00e9rmicas, gorro e luvas grossas.<\/li>\n\n\n\n<li><strong>Ignorar a hidrata\u00e7\u00e3o:<\/strong> Beber pouca \u00e1gua antes e durante o esfor\u00e7o piora severamente os sintomas do mal de altura.<\/li>\n\n\n\n<li><strong>Comer refei\u00e7\u00f5es pesadas:<\/strong> Jantar muita carne ou gordura na noite anterior prejudica a digest\u00e3o e o seu rendimento.<\/li>\n\n\n\n<li><strong>Usar sapatos novos:<\/strong> Estrear botas de trilha na montanha \u00e9 a f\u00f3rmula certa para desenvolver bolhas e dores articulares.<\/li>\n<\/ul>\n\n\n\n<h3 class=\"wp-block-heading\">A melhor epoca para visitar a montanha das 7 cores<\/h3>\n\n\n\n<p class=\"wp-block-paragraph\">As condi\u00e7\u00f5es meteorol\u00f3gicas ditam a viabilidade visual desta expedi\u00e7\u00e3o nas altas eleva\u00e7\u00f5es peruanas. A chamada temporada seca, que se estende de <strong>abril a outubro<\/strong>, \u00e9 o momento ideal para garantir fotografias perfeitas e n\u00edtidas.<\/p>\n\n\n\n<p class=\"wp-block-paragraph\">Durante esses meses centrais, o c\u00e9u costuma estar limpo, iluminando intensamente os minerais coloridos cravados na terra. A alta demanda tur\u00edstica internacional concentra-se fortemente entre os meses de junho e agosto.<\/p>\n\n\n\n<p class=\"wp-block-paragraph\">J\u00e1 na temporada de chuvas, que vai de <strong>novembro a mar\u00e7o<\/strong>, o clima se torna bastante vol\u00e1til e \u00famido. O risco de nevascas repentinas cobrirem o cume de branco \u00e9 real, exigindo bastante flexibilidade do viajante.<\/p>\n\n\n\n<p class=\"wp-block-paragraph\">Para os aventureiros que desejam continuar superando seus limites nos Andes, recomendamos estender o desafio t\u00e1tico. Voc\u00ea pode combinar perfeitamente a sua aclimata\u00e7\u00e3o realizando uma caminhada espetacular at\u00e9 a <strong><a href=\"https:\/\/grouptravelperu.com\/pt-br\/cusco\/tour-laguna-humantay-dia-inteiro\/\">Laguna Humantay<\/a><\/strong> ou pelo emblem\u00e1tico <strong><a href=\"https:\/\/grouptravelperu.com\/pt-br\/cusco\/excursao-vale-sagrado-dos-incas-dia-inteiro\/\">Vale Sagrado dos Incas<\/a><\/strong>.<\/p>\n\n\n\n<\/div><h2 class=\"tabtitle\"><span class=\"fa fa-map-marker\"><\/span>Mapa<\/h2>\n<div class=\"tabcontent\">\n\n\n\n\n<figure data-wp-context=\"{&quot;imageId&quot;:&quot;6a9b408196cb5&quot;}\" data-wp-interactive=\"core\/image\" data-wp-key=\"6a9b408196cb5\" class=\"wp-block-image size-large wp-lightbox-container\"><img loading=\"lazy\" decoding=\"async\" width=\"1024\" height=\"724\" data-wp-class--hide=\"state.isContentHidden\" data-wp-class--show=\"state.isContentVisible\" data-wp-init=\"callbacks.setButtonStyles\" data-wp-on--click=\"actions.showLightbox\" data-wp-on--load=\"callbacks.setButtonStyles\" data-wp-on--pointerdown=\"actions.preloadImage\" data-wp-on--pointerenter=\"actions.preloadImageWithDelay\" data-wp-on--pointerleave=\"actions.cancelPreload\" data-wp-on-window--resize=\"callbacks.setButtonStyles\" src=\"https:\/\/grouptravelperu.com\/wp-content\/uploads\/Mapa-do-passeio-de-dia-inteiro-pela-Rainbow-Mountain-1024x724.webp\" alt=\"Mapa do passeio de dia inteiro pela Rainbow Mountain\" class=\"wp-image-26116\" srcset=\"https:\/\/grouptravelperu.com\/wp-content\/uploads\/Mapa-do-passeio-de-dia-inteiro-pela-Rainbow-Mountain-1024x724.webp 1024w, https:\/\/grouptravelperu.com\/wp-content\/uploads\/Mapa-do-passeio-de-dia-inteiro-pela-Rainbow-Mountain-300x212.webp 300w, https:\/\/grouptravelperu.com\/wp-content\/uploads\/Mapa-do-passeio-de-dia-inteiro-pela-Rainbow-Mountain-768x543.webp 768w, https:\/\/grouptravelperu.com\/wp-content\/uploads\/Mapa-do-passeio-de-dia-inteiro-pela-Rainbow-Mountain-1536x1086.webp 1536w, https:\/\/grouptravelperu.com\/wp-content\/uploads\/Mapa-do-passeio-de-dia-inteiro-pela-Rainbow-Mountain.webp 1600w\" sizes=\"auto, (max-width: 1024px) 100vw, 1024px\" \/><button\n\t\t\tclass=\"lightbox-trigger\"\n\t\t\ttype=\"button\"\n\t\t\taria-haspopup=\"dialog\"\n\t\t\tdata-wp-bind--aria-label=\"state.thisImage.triggerButtonAriaLabel\"\n\t\t\tdata-wp-init=\"callbacks.initTriggerButton\"\n\t\t\tdata-wp-on--click=\"actions.showLightbox\"\n\t\t\tdata-wp-style--right=\"state.thisImage.buttonRight\"\n\t\t\tdata-wp-style--top=\"state.thisImage.buttonTop\"\n\t\t>\n\t\t\t<svg xmlns=\"http:\/\/www.w3.org\/2000\/svg\" width=\"12\" height=\"12\" fill=\"none\" viewBox=\"0 0 12 12\">\n\t\t\t\t<path fill=\"#fff\" d=\"M2 0a2 2 0 0 0-2 2v2h1.5V2a.5.5 0 0 1 .5-.5h2V0H2Zm2 10.5H2a.5.5 0 0 1-.5-.5V8H0v2a2 2 0 0 0 2 2h2v-1.5ZM8 12v-1.5h2a.5.5 0 0 0 .5-.5V8H12v2a2 2 0 0 1-2 2H8Zm2-12a2 2 0 0 1 2 2v2h-1.5V2a.5.5 0 0 0-.5-.5H8V0h2Z\" \/>\n\t\t\t<\/svg>\n\t\t<\/button><\/figure>\n\n\n\n<\/div><h2 class=\"tabtitle\"><span class=\"fa fa-credit-card\"><\/span>Pre\u00e7os<\/h2>\n<div class=\"tabcontent\">\n\n\n\n\n<h2 id=\"h-quanto-custa\" class=\"wp-block-heading\">QUANTO CUSTA?<\/h2>\n\n\n\n<p class=\"wp-block-paragraph\">Temos pre\u00e7os alternativos para atender a todos os or\u00e7amentos, pre\u00e7os por pessoa, expressos em d\u00f3lares americanos.<\/p>\n\n\n\n<p class=\"wp-block-paragraph\">Fa\u00e7a suas cota\u00e7\u00f5es e reservas pelo e-mail info@grouptravelperu.com. Voc\u00ea tamb\u00e9m pode entrar em contato com um de nossos executivos de vendas pelos n\u00fameros de telefone abaixo, teremos prazer em ajud\u00e1-lo.<\/p>\n\n\n\n<div class=\"wp-block-advgb-list\"><ul class=\"advgblist-130e2dec-0014-40c4-b611-7a39feee6482 advgb-list advgb-list-arrow-right-alt2\">\n<li class=\"wp-block-advgb-list-item\">Celular &#8211; WhatsApp: +51 986 200 097<\/li>\n\n\n\n<li class=\"wp-block-advgb-list-item\">Celular &#8211; WhatsApp: +51 986 994 218<\/li>\n<\/ul><\/div>\n\n\n\n<h2 id=\"h-como-reservar\" class=\"wp-block-heading\">COMO RESERVAR?<\/h2>\n\n\n\n<p class=\"wp-block-paragraph\">Para iniciar o processo de reserva, envie-nos as seguintes informa\u00e7\u00f5es:<\/p>\n\n\n\n<div class=\"wp-block-advgb-list\"><ul class=\"advgblist-29d19b72-7594-4f8f-ab7e-9ae7adcbd22d advgb-list advgb-list-controls-play\">\n<li class=\"wp-block-advgb-list-item\">Nome e sobrenome:<\/li>\n\n\n\n<li class=\"wp-block-advgb-list-item\">N\u00famero do passaporte:<\/li>\n\n\n\n<li class=\"wp-block-advgb-list-item\">Nacionalidade:<\/li>\n\n\n\n<li class=\"wp-block-advgb-list-item\">Data de nascimento<\/li>\n\n\n\n<li class=\"wp-block-advgb-list-item\">Data de nascimento: Sexo<\/li>\n\n\n\n<li class=\"wp-block-advgb-list-item\">Telefone:<\/li>\n<\/ul><\/div>\n\n\n\n<p class=\"wp-block-paragraph\">Suas informa\u00e7\u00f5es s\u00e3o muito importantes sobre su hotel en la ciudad del Cusco, para poder recogerlo all\u00ed al momento de comenzar el tour.<br>Para confirmar las reservas se requiere un 50% del pago por adelantado y el otro 50% podr\u00e1 pagarlo a la llegada de su destino.<\/p>\n\n\n\n<h2 id=\"h-metodos-de-pagamento\" class=\"wp-block-heading\">M\u00c9TODOS DE PAGAMENTO<\/h2>\n\n\n\n<div class=\"wp-block-advgb-list\"><ul class=\"advgblist-76ef0146-12d2-4a32-9aeb-a24c599ee12c advgb-list advgb-list-info-outline\">\n<li class=\"wp-block-advgb-list-item\">IZIPAY<\/li>\n\n\n\n<li class=\"wp-block-advgb-list-item\">PAYPAL<\/li>\n\n\n\n<li class=\"wp-block-advgb-list-item\">WESTER UNION<\/li>\n\n\n\n<li class=\"wp-block-advgb-list-item\">TRANSFER\u00caNCIA PARA NOSSA CONTA BANC\u00c1RIA<\/li>\n\n\n\n<li class=\"wp-block-advgb-list-item\">MONEYGRAM<\/li>\n<\/ul><\/div>\n\n\n\n<div class=\"wp-block-advgb-button alignnone\"><a class=\"wp-block-advgb-button_link advgbbtn-0ff19198-ded0-411f-9aec-1e6c97c62fee\" href=\"#\" target=\"_blank\" rel=\"noopener noreferrer\"><span>M\u00e9todos de Pagamento<\/span><\/a><\/div>\n\n\n\n<\/div><h2 class=\"tabtitle\"><span class=\"fa fa-question-circle\"><\/span>FAQs<\/h2>\n<div class=\"tabcontent\">\n\n\n\n\n<script type=\"application\/ld+json\">\n{\n    \"@context\": \"https:\/\/schema.org\",\n    \"@type\": \"FAQPage\",\n    \"mainEntity\": [\n        {\n            \"@type\": \"Question\",\n            \"name\": \"Montanha 7 cores vale a pena em um roteiro curto?\",\n            \"acceptedAnswer\": {\n                \"@type\": \"Answer\",\n                \"text\": \"Sim, desde que o seu organismo esteja minimamente habituado \u00e0 falta de oxig\u00eanio local. Trata-se de uma das vistas mais exclusivas e fotog\u00eanicas de toda a Am\u00e9rica do Sul.\\nA contempla\u00e7\u00e3o do cume listrado, flanqueado pelas neves eternas do Ausangate, \u00e9 um espet\u00e1culo geol\u00f3gico inigual\u00e1vel. O esfor\u00e7o matutino \u00e9 plenamente recompensado por uma experi\u00eancia que poucos lugares no mundo podem oferecer.\"\n            }\n        },\n        {\n            \"@type\": \"Question\",\n            \"name\": \"Como chegar \u00e0 Montanha de 7 Cores saindo de Cusco?\",\n            \"acceptedAnswer\": {\n                \"@type\": \"Answer\",\n                \"text\": \"O percurso rodovi\u00e1rio exige aproximadamente tr\u00eas horas de viagem at\u00e9 o ponto de partida em Cusipata ou Phulawasipata. A estrada mistura trechos asfaltados com rotas rurais sinuosas e de terra batida \u00e0 beira de penhascos.\\nO acesso log\u00edstico \u00e9 complexo, sendo altamente desaconselhado tentar chegar por conta pr\u00f3pria em ve\u00edculos n\u00e3o preparados. A opera\u00e7\u00e3o tur\u00edstica organizada garante pontualidade e seguran\u00e7a em rotas que demandam motoristas experientes.\"\n            }\n        },\n        {\n            \"@type\": \"Question\",\n            \"name\": \"Qual a dificuldade da trilha Vinicunca?\",\n            \"acceptedAnswer\": {\n                \"@type\": \"Answer\",\n                \"text\": \"Do ponto de vista puramente t\u00e9cnico, a caminhada \u00e9 de n\u00edvel moderado, sem exigir t\u00e9cnicas de alpinismo ou uso de cordas. O verdadeiro e silencioso obst\u00e1culo \u00e9 a reduzida press\u00e3o atmosf\u00e9rica que acelera o esgotamento muscular.\\nA estrat\u00e9gia de sucesso \u00e9 adotar passos curtos e compassados, sem tentar acompanhar pessoas mais velozes. Descansar por breves segundos a cada trecho inclinado ajuda a estabilizar os batimentos card\u00edacos.\"\n            }\n        },\n        {\n            \"@type\": \"Question\",\n            \"name\": \"O que levar no trekking Rainbow Mountain?\",\n            \"acceptedAnswer\": {\n                \"@type\": \"Answer\",\n                \"text\": \"O clima varia vertiginosamente entre o frio cortante da madrugada, o sol abrasador na caminhada e as lufadas geladas do topo. Sua mochila deve ser ergon\u00f4mica e conter apenas os itens cruciais de sobreviv\u00eancia e conforto.\\n\\n\\nGarrafa t\u00e9rmica com ch\u00e1 de coca ou \u00e1gua mineral.\\n\\n\\n\u00d3culos com forte prote\u00e7\u00e3o UV e protetor solar de amplo espectro.\\n\\n\\nCamadas inteligentes: blusa segunda pele t\u00e9rmica, fleece e jaqueta corta-vento.\\n\\n\\nDinheiro em esp\u00e9cie trocado para o uso de banheiros r\u00fasticos ou imprevistos.\"\n            }\n        },\n        {\n            \"@type\": \"Question\",\n            \"name\": \"Quanto custa o tour Montanha 7 Cores?\",\n            \"acceptedAnswer\": {\n                \"@type\": \"Answer\",\n                \"text\": \"O investimento para um servi\u00e7o \u00edntegro e formal circula entre USD 40 e USD 60 por passageiro na modalidade grupal. Esse valor abrange a log\u00edstica densa que um ambiente in\u00f3spito exige para evitar riscos desnecess\u00e1rios.\\nDesconfie ativamente de pre\u00e7os extremamente inferiores oferecidos nas ruas. Geralmente, esses servi\u00e7os barateados cortam custos em elementos vitais de emerg\u00eancia, como cilindros de oxig\u00eanio cheios ou guias qualificados.\"\n            }\n        },\n        {\n            \"@type\": \"Question\",\n            \"name\": \"O tour Montanha das 7 Cores, dia inteiro, \u00e9 indicado para crian\u00e7as?\",\n            \"acceptedAnswer\": {\n                \"@type\": \"Answer\",\n                \"text\": \"Devido aos riscos intr\u00ednsecos associados \u00e0 hip\u00f3xia (falta de oxig\u00eanio), esta altitude n\u00e3o \u00e9 recomendada para o p\u00fablico infantil. Pediatras e guias aconselham esta atividade apenas para adolescentes a partir dos 12 anos com bom condicionamento.\\nAdultos com hist\u00f3rico cr\u00f4nico de problemas respirat\u00f3rios, card\u00edacos ou hipertens\u00e3o n\u00e3o controlada tamb\u00e9m devem abster-se desta trilha. A seguran\u00e7a profil\u00e1tica deve sempre prevalecer sobre o desejo fotogr\u00e1fico de viagem.\"\n            }\n        },\n        {\n            \"@type\": \"Question\",\n            \"name\": \"\u00c9 poss\u00edvel alugar cavalos durante o passeio Montanha 7 Cores?\",\n            \"acceptedAnswer\": {\n                \"@type\": \"Answer\",\n                \"text\": \"Sim, as comunidades camponesas locais oferecem o servi\u00e7o rotativo de cavalos no in\u00edcio do acampamento e durante a subida. \u00c9 uma rota de escape excelente caso voc\u00ea sinta que a sua fadiga f\u00edsica se tornou insustent\u00e1vel.\\nO aluguel \u00e9 negociado e pago de maneira direta aos propriet\u00e1rios locais utilizando apenas moeda peruana em esp\u00e9cie. Vale ressaltar que os animais n\u00e3o sobem os metros finais e mais \u00edngremes do mirante.\"\n            }\n        },\n        {\n            \"@type\": \"Question\",\n            \"name\": \"Quanto tempo dura toda a expedi\u00e7\u00e3o?\",\n            \"acceptedAnswer\": {\n                \"@type\": \"Answer\",\n                \"text\": \"O itiner\u00e1rio total consome um dia de viagem inteiro, iniciando geralmente entre 4:00 e 4:30 da manh\u00e3 no centro da cidade. Esse hor\u00e1rio adiantado garante que voc\u00ea chegue ao cume antes das densas nuvens da tarde.\\nO retorno \u00e0 cidade imperial costuma ocorrer entre as 16:00 e 17:00 horas. Essa janela permite que os viajantes cheguem a tempo de descansar e aproveitar um bom jantar reconfortante.\"\n            }\n        },\n        {\n            \"@type\": \"Question\",\n            \"name\": \"Como a seguran\u00e7a \u00e9 garantida durante a excurs\u00e3o?\",\n            \"acceptedAnswer\": {\n                \"@type\": \"Answer\",\n                \"text\": \"Em \u00e1reas in\u00f3spitas, o suporte profissional imediato pode salvar vidas diante de qualquer indisposi\u00e7\u00e3o aguda. Na Group Travel, a integridade f\u00edsica de nossos passageiros orienta todas as nossas rigorosas diretrizes de opera\u00e7\u00e3o na montanha.\\nNossos guias certificados portam bal\u00f5es de oxig\u00eanio medicinal e comunicadores de r\u00e1dio satelital em todas as sa\u00eddas di\u00e1rias. Eles est\u00e3o amplamente capacitados para identificar rapidamente os sintomas do mal de altura e aplicar protocolos \u00e1geis de descida.\"\n            }\n        },\n        {\n            \"@type\": \"Question\",\n            \"name\": \"Qual a diferen\u00e7a entre a Montanha Arco-\u00cdris do Peru e Palcoyo?\",\n            \"acceptedAnswer\": {\n                \"@type\": \"Answer\",\n                \"text\": \"A regi\u00e3o andina possui alternativas visuais impressionantes e com exig\u00eancias f\u00edsicas completamente distintas. Enquanto Vinicunca exige forte resili\u00eancia cardiovascular e atrai grandes volumes de visitantes, Palcoyo \u00e9 uma alternativa inteligente.\\nPalcoyo oferece tr\u00eas montanhas coloridas vis\u00edveis atrav\u00e9s de uma caminhada substancialmente plana e de curta dura\u00e7\u00e3o. \u00c9 a escolha definitiva para fam\u00edlias ou viajantes que desejam um espet\u00e1culo colorido sem o severo desgaste do roteiro tradicional.\"\n            }\n        }\n    ]\n}<\/script>\n\n<!-- ======================== BLOQUE FAQs ======================== -->\n<section class=\"gtp-faqs-block py-12\" id=\"faqs-block_72d4977ac43edd540655ed606d01cf0f\">\n  <div class=\"\">\n\n    <!-- Encabezado -->\n        <div class=\"mb-10\">\n            <h2 class=\"text-3xl font-bold text-gray-900 mb-3 uppercase tracking-wide\">\n        Perguntas frequentes sobre a montanha de 7 cores      <\/h2>\n                <\/div>\n    \n    <!-- Acordeones -->\n    \n        <div class=\"flex flex-col mx-auto\">\n              <div class=\"gtp-faq-item border border-gray-200 rounded-xl overflow-hidden transition-shadow hover:shadow-md bg-white mb-3\"\n             data-faq-item>\n\n          <!-- Bot\u00f3n pregunta -->\n          <button\n            type=\"button\"\n            id=\"faqs-block_72d4977ac43edd540655ed606d01cf0f-item-0\"\n            aria-expanded=\"false\"\n            aria-controls=\"faqs-block_72d4977ac43edd540655ed606d01cf0f-panel-0\"\n            class=\"gtp-faq-btn w-full flex items-center justify-between gap-4 px-5 py-4 text-left font-semibold text-gray-900 text-[15px] leading-snug transition-colors duration-200 focus:outline-none\"\n            style=\"\">\n            <span class=\"flex items-start gap-3\">\n              <span class=\"mt-0.5 flex-shrink-0 w-6 h-6 rounded-full flex items-center justify-center text-white text-xs font-bold\"\n                    style=\"background:#9bb530;min-width:1.5rem\">\n                1              <\/span>\n              <span>Montanha 7 cores vale a pena em um roteiro curto?<\/span>\n            <\/span>\n            <!-- \u00cdcono chevron -->\n            <svg class=\"gtp-faq-icon flex-shrink-0 transition-transform duration-300 \"\n                 width=\"20\" height=\"20\" fill=\"none\" stroke=\"#9ca3af\"\n                 stroke-width=\"2.2\" viewBox=\"0 0 24 24\" aria-hidden=\"true\">\n              <path stroke-linecap=\"round\" stroke-linejoin=\"round\" d=\"M19 9l-7 7-7-7\"\/>\n            <\/svg>\n          <\/button>\n\n          <!-- Panel respuesta -->\n          <div\n            id=\"faqs-block_72d4977ac43edd540655ed606d01cf0f-panel-0\"\n            role=\"region\"\n            aria-labelledby=\"faqs-block_72d4977ac43edd540655ed606d01cf0f-item-0\"\n            class=\"gtp-faq-panel\"\n            style=\"overflow:hidden;transition:max-height .35s ease,opacity .3s ease;max-height:0;opacity:0;\">\n            <div class=\"px-5 pb-5 pt-1 border-t border-gray-100\">\n              <div class=\"gtp-faq-content text-gray-600 text-[14.5px] leading-relaxed pl-9\">\n                <p>Sim, desde que o seu organismo esteja minimamente habituado \u00e0 falta de oxig\u00eanio local. Trata-se de uma das vistas mais exclusivas e fotog\u00eanicas de toda a Am\u00e9rica do Sul.<\/p>\n<p>A contempla\u00e7\u00e3o do cume listrado, flanqueado pelas neves eternas do Ausangate, \u00e9 um espet\u00e1culo geol\u00f3gico inigual\u00e1vel. O esfor\u00e7o matutino \u00e9 plenamente recompensado por uma experi\u00eancia que poucos lugares no mundo podem oferecer.<\/p>\n              <\/div>\n            <\/div>\n          <\/div>\n\n        <\/div>\n                <div class=\"gtp-faq-item border border-gray-200 rounded-xl overflow-hidden transition-shadow hover:shadow-md bg-white mb-3\"\n             data-faq-item>\n\n          <!-- Bot\u00f3n pregunta -->\n          <button\n            type=\"button\"\n            id=\"faqs-block_72d4977ac43edd540655ed606d01cf0f-item-1\"\n            aria-expanded=\"false\"\n            aria-controls=\"faqs-block_72d4977ac43edd540655ed606d01cf0f-panel-1\"\n            class=\"gtp-faq-btn w-full flex items-center justify-between gap-4 px-5 py-4 text-left font-semibold text-gray-900 text-[15px] leading-snug transition-colors duration-200 focus:outline-none\"\n            style=\"\">\n            <span class=\"flex items-start gap-3\">\n              <span class=\"mt-0.5 flex-shrink-0 w-6 h-6 rounded-full flex items-center justify-center text-white text-xs font-bold\"\n                    style=\"background:#9bb530;min-width:1.5rem\">\n                2              <\/span>\n              <span>Como chegar \u00e0 Montanha de 7 Cores saindo de Cusco?<\/span>\n            <\/span>\n            <!-- \u00cdcono chevron -->\n            <svg class=\"gtp-faq-icon flex-shrink-0 transition-transform duration-300 \"\n                 width=\"20\" height=\"20\" fill=\"none\" stroke=\"#9ca3af\"\n                 stroke-width=\"2.2\" viewBox=\"0 0 24 24\" aria-hidden=\"true\">\n              <path stroke-linecap=\"round\" stroke-linejoin=\"round\" d=\"M19 9l-7 7-7-7\"\/>\n            <\/svg>\n          <\/button>\n\n          <!-- Panel respuesta -->\n          <div\n            id=\"faqs-block_72d4977ac43edd540655ed606d01cf0f-panel-1\"\n            role=\"region\"\n            aria-labelledby=\"faqs-block_72d4977ac43edd540655ed606d01cf0f-item-1\"\n            class=\"gtp-faq-panel\"\n            style=\"overflow:hidden;transition:max-height .35s ease,opacity .3s ease;max-height:0;opacity:0;\">\n            <div class=\"px-5 pb-5 pt-1 border-t border-gray-100\">\n              <div class=\"gtp-faq-content text-gray-600 text-[14.5px] leading-relaxed pl-9\">\n                <p>O percurso rodovi\u00e1rio exige aproximadamente tr\u00eas horas de viagem at\u00e9 o ponto de partida em Cusipata ou Phulawasipata. A estrada mistura trechos asfaltados com rotas rurais sinuosas e de terra batida \u00e0 beira de penhascos.<\/p>\n<p>O acesso log\u00edstico \u00e9 complexo, sendo altamente desaconselhado tentar chegar por conta pr\u00f3pria em ve\u00edculos n\u00e3o preparados. A opera\u00e7\u00e3o tur\u00edstica organizada garante pontualidade e seguran\u00e7a em rotas que demandam motoristas experientes.<\/p>\n              <\/div>\n            <\/div>\n          <\/div>\n\n        <\/div>\n                <div class=\"gtp-faq-item border border-gray-200 rounded-xl overflow-hidden transition-shadow hover:shadow-md bg-white mb-3\"\n             data-faq-item>\n\n          <!-- Bot\u00f3n pregunta -->\n          <button\n            type=\"button\"\n            id=\"faqs-block_72d4977ac43edd540655ed606d01cf0f-item-2\"\n            aria-expanded=\"false\"\n            aria-controls=\"faqs-block_72d4977ac43edd540655ed606d01cf0f-panel-2\"\n            class=\"gtp-faq-btn w-full flex items-center justify-between gap-4 px-5 py-4 text-left font-semibold text-gray-900 text-[15px] leading-snug transition-colors duration-200 focus:outline-none\"\n            style=\"\">\n            <span class=\"flex items-start gap-3\">\n              <span class=\"mt-0.5 flex-shrink-0 w-6 h-6 rounded-full flex items-center justify-center text-white text-xs font-bold\"\n                    style=\"background:#9bb530;min-width:1.5rem\">\n                3              <\/span>\n              <span>Qual a dificuldade da trilha Vinicunca?<\/span>\n            <\/span>\n            <!-- \u00cdcono chevron -->\n            <svg class=\"gtp-faq-icon flex-shrink-0 transition-transform duration-300 \"\n                 width=\"20\" height=\"20\" fill=\"none\" stroke=\"#9ca3af\"\n                 stroke-width=\"2.2\" viewBox=\"0 0 24 24\" aria-hidden=\"true\">\n              <path stroke-linecap=\"round\" stroke-linejoin=\"round\" d=\"M19 9l-7 7-7-7\"\/>\n            <\/svg>\n          <\/button>\n\n          <!-- Panel respuesta -->\n          <div\n            id=\"faqs-block_72d4977ac43edd540655ed606d01cf0f-panel-2\"\n            role=\"region\"\n            aria-labelledby=\"faqs-block_72d4977ac43edd540655ed606d01cf0f-item-2\"\n            class=\"gtp-faq-panel\"\n            style=\"overflow:hidden;transition:max-height .35s ease,opacity .3s ease;max-height:0;opacity:0;\">\n            <div class=\"px-5 pb-5 pt-1 border-t border-gray-100\">\n              <div class=\"gtp-faq-content text-gray-600 text-[14.5px] leading-relaxed pl-9\">\n                <p>Do ponto de vista puramente t\u00e9cnico, a caminhada \u00e9 de n\u00edvel moderado, sem exigir t\u00e9cnicas de alpinismo ou uso de cordas. O verdadeiro e silencioso obst\u00e1culo \u00e9 a reduzida press\u00e3o atmosf\u00e9rica que acelera o esgotamento muscular.<\/p>\n<p>A estrat\u00e9gia de sucesso \u00e9 adotar passos curtos e compassados, sem tentar acompanhar pessoas mais velozes. Descansar por breves segundos a cada trecho inclinado ajuda a estabilizar os batimentos card\u00edacos.<\/p>\n              <\/div>\n            <\/div>\n          <\/div>\n\n        <\/div>\n                <div class=\"gtp-faq-item border border-gray-200 rounded-xl overflow-hidden transition-shadow hover:shadow-md bg-white mb-3\"\n             data-faq-item>\n\n          <!-- Bot\u00f3n pregunta -->\n          <button\n            type=\"button\"\n            id=\"faqs-block_72d4977ac43edd540655ed606d01cf0f-item-3\"\n            aria-expanded=\"false\"\n            aria-controls=\"faqs-block_72d4977ac43edd540655ed606d01cf0f-panel-3\"\n            class=\"gtp-faq-btn w-full flex items-center justify-between gap-4 px-5 py-4 text-left font-semibold text-gray-900 text-[15px] leading-snug transition-colors duration-200 focus:outline-none\"\n            style=\"\">\n            <span class=\"flex items-start gap-3\">\n              <span class=\"mt-0.5 flex-shrink-0 w-6 h-6 rounded-full flex items-center justify-center text-white text-xs font-bold\"\n                    style=\"background:#9bb530;min-width:1.5rem\">\n                4              <\/span>\n              <span>O que levar no trekking Rainbow Mountain?<\/span>\n            <\/span>\n            <!-- \u00cdcono chevron -->\n            <svg class=\"gtp-faq-icon flex-shrink-0 transition-transform duration-300 \"\n                 width=\"20\" height=\"20\" fill=\"none\" stroke=\"#9ca3af\"\n                 stroke-width=\"2.2\" viewBox=\"0 0 24 24\" aria-hidden=\"true\">\n              <path stroke-linecap=\"round\" stroke-linejoin=\"round\" d=\"M19 9l-7 7-7-7\"\/>\n            <\/svg>\n          <\/button>\n\n          <!-- Panel respuesta -->\n          <div\n            id=\"faqs-block_72d4977ac43edd540655ed606d01cf0f-panel-3\"\n            role=\"region\"\n            aria-labelledby=\"faqs-block_72d4977ac43edd540655ed606d01cf0f-item-3\"\n            class=\"gtp-faq-panel\"\n            style=\"overflow:hidden;transition:max-height .35s ease,opacity .3s ease;max-height:0;opacity:0;\">\n            <div class=\"px-5 pb-5 pt-1 border-t border-gray-100\">\n              <div class=\"gtp-faq-content text-gray-600 text-[14.5px] leading-relaxed pl-9\">\n                <p data-path-to-node=\"35\">O clima varia vertiginosamente entre o frio cortante da madrugada, o sol abrasador na caminhada e as lufadas geladas do topo. Sua mochila deve ser ergon\u00f4mica e conter apenas os itens cruciais de sobreviv\u00eancia e conforto.<\/p>\n<ul data-path-to-node=\"36\">\n<li>\n<p data-path-to-node=\"36,0,0\">Garrafa t\u00e9rmica com ch\u00e1 de coca ou \u00e1gua mineral.<\/p>\n<\/li>\n<li>\n<p data-path-to-node=\"36,1,0\">\u00d3culos com forte prote\u00e7\u00e3o UV e protetor solar de amplo espectro.<\/p>\n<\/li>\n<li>\n<p data-path-to-node=\"36,2,0\">Camadas inteligentes: blusa segunda pele t\u00e9rmica, fleece e jaqueta corta-vento.<\/p>\n<\/li>\n<li>\n<p data-path-to-node=\"36,3,0\">Dinheiro em esp\u00e9cie trocado para o uso de banheiros r\u00fasticos ou imprevistos.<\/p>\n<\/li>\n<\/ul>\n              <\/div>\n            <\/div>\n          <\/div>\n\n        <\/div>\n                <div class=\"gtp-faq-item border border-gray-200 rounded-xl overflow-hidden transition-shadow hover:shadow-md bg-white mb-3\"\n             data-faq-item>\n\n          <!-- Bot\u00f3n pregunta -->\n          <button\n            type=\"button\"\n            id=\"faqs-block_72d4977ac43edd540655ed606d01cf0f-item-4\"\n            aria-expanded=\"false\"\n            aria-controls=\"faqs-block_72d4977ac43edd540655ed606d01cf0f-panel-4\"\n            class=\"gtp-faq-btn w-full flex items-center justify-between gap-4 px-5 py-4 text-left font-semibold text-gray-900 text-[15px] leading-snug transition-colors duration-200 focus:outline-none\"\n            style=\"\">\n            <span class=\"flex items-start gap-3\">\n              <span class=\"mt-0.5 flex-shrink-0 w-6 h-6 rounded-full flex items-center justify-center text-white text-xs font-bold\"\n                    style=\"background:#9bb530;min-width:1.5rem\">\n                5              <\/span>\n              <span>Quanto custa o tour Montanha 7 Cores?<\/span>\n            <\/span>\n            <!-- \u00cdcono chevron -->\n            <svg class=\"gtp-faq-icon flex-shrink-0 transition-transform duration-300 \"\n                 width=\"20\" height=\"20\" fill=\"none\" stroke=\"#9ca3af\"\n                 stroke-width=\"2.2\" viewBox=\"0 0 24 24\" aria-hidden=\"true\">\n              <path stroke-linecap=\"round\" stroke-linejoin=\"round\" d=\"M19 9l-7 7-7-7\"\/>\n            <\/svg>\n          <\/button>\n\n          <!-- Panel respuesta -->\n          <div\n            id=\"faqs-block_72d4977ac43edd540655ed606d01cf0f-panel-4\"\n            role=\"region\"\n            aria-labelledby=\"faqs-block_72d4977ac43edd540655ed606d01cf0f-item-4\"\n            class=\"gtp-faq-panel\"\n            style=\"overflow:hidden;transition:max-height .35s ease,opacity .3s ease;max-height:0;opacity:0;\">\n            <div class=\"px-5 pb-5 pt-1 border-t border-gray-100\">\n              <div class=\"gtp-faq-content text-gray-600 text-[14.5px] leading-relaxed pl-9\">\n                <p>O investimento para um servi\u00e7o \u00edntegro e formal circula entre USD 40 e USD 60 por passageiro na modalidade grupal. Esse valor abrange a log\u00edstica densa que um ambiente in\u00f3spito exige para evitar riscos desnecess\u00e1rios.<\/p>\n<p>Desconfie ativamente de pre\u00e7os extremamente inferiores oferecidos nas ruas. Geralmente, esses servi\u00e7os barateados cortam custos em elementos vitais de emerg\u00eancia, como cilindros de oxig\u00eanio cheios ou guias qualificados.<\/p>\n              <\/div>\n            <\/div>\n          <\/div>\n\n        <\/div>\n                <div class=\"gtp-faq-item border border-gray-200 rounded-xl overflow-hidden transition-shadow hover:shadow-md bg-white mb-3\"\n             data-faq-item>\n\n          <!-- Bot\u00f3n pregunta -->\n          <button\n            type=\"button\"\n            id=\"faqs-block_72d4977ac43edd540655ed606d01cf0f-item-5\"\n            aria-expanded=\"false\"\n            aria-controls=\"faqs-block_72d4977ac43edd540655ed606d01cf0f-panel-5\"\n            class=\"gtp-faq-btn w-full flex items-center justify-between gap-4 px-5 py-4 text-left font-semibold text-gray-900 text-[15px] leading-snug transition-colors duration-200 focus:outline-none\"\n            style=\"\">\n            <span class=\"flex items-start gap-3\">\n              <span class=\"mt-0.5 flex-shrink-0 w-6 h-6 rounded-full flex items-center justify-center text-white text-xs font-bold\"\n                    style=\"background:#9bb530;min-width:1.5rem\">\n                6              <\/span>\n              <span>O tour Montanha das 7 Cores, dia inteiro, \u00e9 indicado para crian\u00e7as?<\/span>\n            <\/span>\n            <!-- \u00cdcono chevron -->\n            <svg class=\"gtp-faq-icon flex-shrink-0 transition-transform duration-300 \"\n                 width=\"20\" height=\"20\" fill=\"none\" stroke=\"#9ca3af\"\n                 stroke-width=\"2.2\" viewBox=\"0 0 24 24\" aria-hidden=\"true\">\n              <path stroke-linecap=\"round\" stroke-linejoin=\"round\" d=\"M19 9l-7 7-7-7\"\/>\n            <\/svg>\n          <\/button>\n\n          <!-- Panel respuesta -->\n          <div\n            id=\"faqs-block_72d4977ac43edd540655ed606d01cf0f-panel-5\"\n            role=\"region\"\n            aria-labelledby=\"faqs-block_72d4977ac43edd540655ed606d01cf0f-item-5\"\n            class=\"gtp-faq-panel\"\n            style=\"overflow:hidden;transition:max-height .35s ease,opacity .3s ease;max-height:0;opacity:0;\">\n            <div class=\"px-5 pb-5 pt-1 border-t border-gray-100\">\n              <div class=\"gtp-faq-content text-gray-600 text-[14.5px] leading-relaxed pl-9\">\n                <p>Devido aos riscos intr\u00ednsecos associados \u00e0 hip\u00f3xia (falta de oxig\u00eanio), esta altitude n\u00e3o \u00e9 recomendada para o p\u00fablico infantil. Pediatras e guias aconselham esta atividade apenas para adolescentes a partir dos 12 anos com bom condicionamento.<\/p>\n<p>Adultos com hist\u00f3rico cr\u00f4nico de problemas respirat\u00f3rios, card\u00edacos ou hipertens\u00e3o n\u00e3o controlada tamb\u00e9m devem abster-se desta trilha. A seguran\u00e7a profil\u00e1tica deve sempre prevalecer sobre o desejo fotogr\u00e1fico de viagem.<\/p>\n              <\/div>\n            <\/div>\n          <\/div>\n\n        <\/div>\n                <div class=\"gtp-faq-item border border-gray-200 rounded-xl overflow-hidden transition-shadow hover:shadow-md bg-white mb-3\"\n             data-faq-item>\n\n          <!-- Bot\u00f3n pregunta -->\n          <button\n            type=\"button\"\n            id=\"faqs-block_72d4977ac43edd540655ed606d01cf0f-item-6\"\n            aria-expanded=\"false\"\n            aria-controls=\"faqs-block_72d4977ac43edd540655ed606d01cf0f-panel-6\"\n            class=\"gtp-faq-btn w-full flex items-center justify-between gap-4 px-5 py-4 text-left font-semibold text-gray-900 text-[15px] leading-snug transition-colors duration-200 focus:outline-none\"\n            style=\"\">\n            <span class=\"flex items-start gap-3\">\n              <span class=\"mt-0.5 flex-shrink-0 w-6 h-6 rounded-full flex items-center justify-center text-white text-xs font-bold\"\n                    style=\"background:#9bb530;min-width:1.5rem\">\n                7              <\/span>\n              <span>\u00c9 poss\u00edvel alugar cavalos durante o passeio Montanha 7 Cores?<\/span>\n            <\/span>\n            <!-- \u00cdcono chevron -->\n            <svg class=\"gtp-faq-icon flex-shrink-0 transition-transform duration-300 \"\n                 width=\"20\" height=\"20\" fill=\"none\" stroke=\"#9ca3af\"\n                 stroke-width=\"2.2\" viewBox=\"0 0 24 24\" aria-hidden=\"true\">\n              <path stroke-linecap=\"round\" stroke-linejoin=\"round\" d=\"M19 9l-7 7-7-7\"\/>\n            <\/svg>\n          <\/button>\n\n          <!-- Panel respuesta -->\n          <div\n            id=\"faqs-block_72d4977ac43edd540655ed606d01cf0f-panel-6\"\n            role=\"region\"\n            aria-labelledby=\"faqs-block_72d4977ac43edd540655ed606d01cf0f-item-6\"\n            class=\"gtp-faq-panel\"\n            style=\"overflow:hidden;transition:max-height .35s ease,opacity .3s ease;max-height:0;opacity:0;\">\n            <div class=\"px-5 pb-5 pt-1 border-t border-gray-100\">\n              <div class=\"gtp-faq-content text-gray-600 text-[14.5px] leading-relaxed pl-9\">\n                <p>Sim, as comunidades camponesas locais oferecem o servi\u00e7o rotativo de cavalos no in\u00edcio do acampamento e durante a subida. \u00c9 uma rota de escape excelente caso voc\u00ea sinta que a sua fadiga f\u00edsica se tornou insustent\u00e1vel.<\/p>\n<p>O aluguel \u00e9 negociado e pago de maneira direta aos propriet\u00e1rios locais utilizando apenas moeda peruana em esp\u00e9cie. Vale ressaltar que os animais n\u00e3o sobem os metros finais e mais \u00edngremes do mirante.<\/p>\n              <\/div>\n            <\/div>\n          <\/div>\n\n        <\/div>\n                <div class=\"gtp-faq-item border border-gray-200 rounded-xl overflow-hidden transition-shadow hover:shadow-md bg-white mb-3\"\n             data-faq-item>\n\n          <!-- Bot\u00f3n pregunta -->\n          <button\n            type=\"button\"\n            id=\"faqs-block_72d4977ac43edd540655ed606d01cf0f-item-7\"\n            aria-expanded=\"false\"\n            aria-controls=\"faqs-block_72d4977ac43edd540655ed606d01cf0f-panel-7\"\n            class=\"gtp-faq-btn w-full flex items-center justify-between gap-4 px-5 py-4 text-left font-semibold text-gray-900 text-[15px] leading-snug transition-colors duration-200 focus:outline-none\"\n            style=\"\">\n            <span class=\"flex items-start gap-3\">\n              <span class=\"mt-0.5 flex-shrink-0 w-6 h-6 rounded-full flex items-center justify-center text-white text-xs font-bold\"\n                    style=\"background:#9bb530;min-width:1.5rem\">\n                8              <\/span>\n              <span>Quanto tempo dura toda a expedi\u00e7\u00e3o?<\/span>\n            <\/span>\n            <!-- \u00cdcono chevron -->\n            <svg class=\"gtp-faq-icon flex-shrink-0 transition-transform duration-300 \"\n                 width=\"20\" height=\"20\" fill=\"none\" stroke=\"#9ca3af\"\n                 stroke-width=\"2.2\" viewBox=\"0 0 24 24\" aria-hidden=\"true\">\n              <path stroke-linecap=\"round\" stroke-linejoin=\"round\" d=\"M19 9l-7 7-7-7\"\/>\n            <\/svg>\n          <\/button>\n\n          <!-- Panel respuesta -->\n          <div\n            id=\"faqs-block_72d4977ac43edd540655ed606d01cf0f-panel-7\"\n            role=\"region\"\n            aria-labelledby=\"faqs-block_72d4977ac43edd540655ed606d01cf0f-item-7\"\n            class=\"gtp-faq-panel\"\n            style=\"overflow:hidden;transition:max-height .35s ease,opacity .3s ease;max-height:0;opacity:0;\">\n            <div class=\"px-5 pb-5 pt-1 border-t border-gray-100\">\n              <div class=\"gtp-faq-content text-gray-600 text-[14.5px] leading-relaxed pl-9\">\n                <p>O itiner\u00e1rio total consome um dia de viagem inteiro, iniciando geralmente entre 4:00 e 4:30 da manh\u00e3 no centro da cidade. Esse hor\u00e1rio adiantado garante que voc\u00ea chegue ao cume antes das densas nuvens da tarde.<\/p>\n<p>O retorno \u00e0 cidade imperial costuma ocorrer entre as 16:00 e 17:00 horas. Essa janela permite que os viajantes cheguem a tempo de descansar e aproveitar um bom jantar reconfortante.<\/p>\n              <\/div>\n            <\/div>\n          <\/div>\n\n        <\/div>\n                <div class=\"gtp-faq-item border border-gray-200 rounded-xl overflow-hidden transition-shadow hover:shadow-md bg-white mb-3\"\n             data-faq-item>\n\n          <!-- Bot\u00f3n pregunta -->\n          <button\n            type=\"button\"\n            id=\"faqs-block_72d4977ac43edd540655ed606d01cf0f-item-8\"\n            aria-expanded=\"false\"\n            aria-controls=\"faqs-block_72d4977ac43edd540655ed606d01cf0f-panel-8\"\n            class=\"gtp-faq-btn w-full flex items-center justify-between gap-4 px-5 py-4 text-left font-semibold text-gray-900 text-[15px] leading-snug transition-colors duration-200 focus:outline-none\"\n            style=\"\">\n            <span class=\"flex items-start gap-3\">\n              <span class=\"mt-0.5 flex-shrink-0 w-6 h-6 rounded-full flex items-center justify-center text-white text-xs font-bold\"\n                    style=\"background:#9bb530;min-width:1.5rem\">\n                9              <\/span>\n              <span>Como a seguran\u00e7a \u00e9 garantida durante a excurs\u00e3o?<\/span>\n            <\/span>\n            <!-- \u00cdcono chevron -->\n            <svg class=\"gtp-faq-icon flex-shrink-0 transition-transform duration-300 \"\n                 width=\"20\" height=\"20\" fill=\"none\" stroke=\"#9ca3af\"\n                 stroke-width=\"2.2\" viewBox=\"0 0 24 24\" aria-hidden=\"true\">\n              <path stroke-linecap=\"round\" stroke-linejoin=\"round\" d=\"M19 9l-7 7-7-7\"\/>\n            <\/svg>\n          <\/button>\n\n          <!-- Panel respuesta -->\n          <div\n            id=\"faqs-block_72d4977ac43edd540655ed606d01cf0f-panel-8\"\n            role=\"region\"\n            aria-labelledby=\"faqs-block_72d4977ac43edd540655ed606d01cf0f-item-8\"\n            class=\"gtp-faq-panel\"\n            style=\"overflow:hidden;transition:max-height .35s ease,opacity .3s ease;max-height:0;opacity:0;\">\n            <div class=\"px-5 pb-5 pt-1 border-t border-gray-100\">\n              <div class=\"gtp-faq-content text-gray-600 text-[14.5px] leading-relaxed pl-9\">\n                <p>Em \u00e1reas in\u00f3spitas, o suporte profissional imediato pode salvar vidas diante de qualquer indisposi\u00e7\u00e3o aguda. Na Group Travel, a integridade f\u00edsica de nossos passageiros orienta todas as nossas rigorosas diretrizes de opera\u00e7\u00e3o na montanha.<\/p>\n<p>Nossos guias certificados portam bal\u00f5es de oxig\u00eanio medicinal e comunicadores de r\u00e1dio satelital em todas as sa\u00eddas di\u00e1rias. Eles est\u00e3o amplamente capacitados para identificar rapidamente os sintomas do mal de altura e aplicar protocolos \u00e1geis de descida.<\/p>\n              <\/div>\n            <\/div>\n          <\/div>\n\n        <\/div>\n                <div class=\"gtp-faq-item border border-gray-200 rounded-xl overflow-hidden transition-shadow hover:shadow-md bg-white mb-3\"\n             data-faq-item>\n\n          <!-- Bot\u00f3n pregunta -->\n          <button\n            type=\"button\"\n            id=\"faqs-block_72d4977ac43edd540655ed606d01cf0f-item-9\"\n            aria-expanded=\"false\"\n            aria-controls=\"faqs-block_72d4977ac43edd540655ed606d01cf0f-panel-9\"\n            class=\"gtp-faq-btn w-full flex items-center justify-between gap-4 px-5 py-4 text-left font-semibold text-gray-900 text-[15px] leading-snug transition-colors duration-200 focus:outline-none\"\n            style=\"\">\n            <span class=\"flex items-start gap-3\">\n              <span class=\"mt-0.5 flex-shrink-0 w-6 h-6 rounded-full flex items-center justify-center text-white text-xs font-bold\"\n                    style=\"background:#9bb530;min-width:1.5rem\">\n                10              <\/span>\n              <span>Qual a diferen\u00e7a entre a Montanha Arco-\u00cdris do Peru e Palcoyo?<\/span>\n            <\/span>\n            <!-- \u00cdcono chevron -->\n            <svg class=\"gtp-faq-icon flex-shrink-0 transition-transform duration-300 \"\n                 width=\"20\" height=\"20\" fill=\"none\" stroke=\"#9ca3af\"\n                 stroke-width=\"2.2\" viewBox=\"0 0 24 24\" aria-hidden=\"true\">\n              <path stroke-linecap=\"round\" stroke-linejoin=\"round\" d=\"M19 9l-7 7-7-7\"\/>\n            <\/svg>\n          <\/button>\n\n          <!-- Panel respuesta -->\n          <div\n            id=\"faqs-block_72d4977ac43edd540655ed606d01cf0f-panel-9\"\n            role=\"region\"\n            aria-labelledby=\"faqs-block_72d4977ac43edd540655ed606d01cf0f-item-9\"\n            class=\"gtp-faq-panel\"\n            style=\"overflow:hidden;transition:max-height .35s ease,opacity .3s ease;max-height:0;opacity:0;\">\n            <div class=\"px-5 pb-5 pt-1 border-t border-gray-100\">\n              <div class=\"gtp-faq-content text-gray-600 text-[14.5px] leading-relaxed pl-9\">\n                <p>A regi\u00e3o andina possui alternativas visuais impressionantes e com exig\u00eancias f\u00edsicas completamente distintas. Enquanto Vinicunca exige forte resili\u00eancia cardiovascular e atrai grandes volumes de visitantes, Palcoyo \u00e9 uma alternativa inteligente.<\/p>\n<p>Palcoyo oferece tr\u00eas montanhas coloridas vis\u00edveis atrav\u00e9s de uma caminhada substancialmente plana e de curta dura\u00e7\u00e3o. \u00c9 a escolha definitiva para fam\u00edlias ou viajantes que desejam um espet\u00e1culo colorido sem o severo desgaste do roteiro tradicional.<\/p>\n              <\/div>\n            <\/div>\n          <\/div>\n\n        <\/div>\n            <\/div>\n    \n  <\/div>\n<\/section>\n\n\n\n<script>\n(function () {\n  var block    = document.getElementById('faqs-block_72d4977ac43edd540655ed606d01cf0f');\n  if (!block) return;\n  var faqItems = block.querySelectorAll('[data-faq-item]');\n\n  function closeItem(it) {\n    var b  = it.querySelector('.gtp-faq-btn');\n    var p  = it.querySelector('.gtp-faq-panel');\n    var ic = it.querySelector('.gtp-faq-icon');\n    b.setAttribute('aria-expanded', 'false');\n    b.style.color     = '';\n    p.style.maxHeight = '0';\n    p.style.opacity   = '0';\n    ic.classList.remove('rotate-180');\n    ic.setAttribute('stroke', '#9ca3af');\n    it.removeAttribute('data-open');\n  }\n\n  function openItem(it) {\n    var b  = it.querySelector('.gtp-faq-btn');\n    var p  = it.querySelector('.gtp-faq-panel');\n    var ic = it.querySelector('.gtp-faq-icon');\n    b.setAttribute('aria-expanded', 'true');\n    b.style.color     = '#9bb530';\n    p.style.maxHeight = p.scrollHeight + 2000 + 'px';\n    p.style.opacity   = '1';\n    ic.classList.add('rotate-180');\n    ic.setAttribute('stroke', '#9bb530');\n    it.setAttribute('data-open', '');\n  }\n\n  faqItems.forEach(function (item) {\n    var btn = item.querySelector('.gtp-faq-btn');\n    btn.addEventListener('click', function () {\n      var isOpen = btn.getAttribute('aria-expanded') === 'true';\n      faqItems.forEach(function (other) {\n        if (other !== item) closeItem(other);\n      });\n      if (isOpen) {\n        closeItem(item);\n      } else {\n        openItem(item);\n      }\n    });\n  });\n})();\n<\/script>\n\n\n<\/div><\/div>\n<style class=\"advgb-styles-renderer\">.wp-block-advgb-list ul.advgblist-c9d01199-6e4b-4be3-8fa0-d21533fb807e > li{font-size:16px;}.wp-block-advgb-list ul.advgblist-c9d01199-6e4b-4be3-8fa0-d21533fb807e > li{padding-left:18px;margin-left:0;}.wp-block-advgb-list ul.advgblist-c9d01199-6e4b-4be3-8fa0-d21533fb807e > li:before{font-size:16px;color:#ff6900;line-height:18px;margin:2px;padding:2px;margin-left:-20px}.wp-block-advgb-list ul.advgblist-e1f061cc-5859-4f31-a1b1-4128efb553f5 > li{font-size:16px;}.wp-block-advgb-list ul.advgblist-e1f061cc-5859-4f31-a1b1-4128efb553f5 > li{padding-left:18px;margin-left:0;}.wp-block-advgb-list ul.advgblist-e1f061cc-5859-4f31-a1b1-4128efb553f5 > li:before{font-size:16px;color:#ff6900;line-height:18px;margin:2px;padding:2px;margin-left:-20px}.wp-block-advgb-list ul.advgblist-0b28674b-94b1-449d-bbb2-5e933d915d11 > li{font-size:16px;}.wp-block-advgb-list ul.advgblist-0b28674b-94b1-449d-bbb2-5e933d915d11 > li{padding-left:18px;margin-left:0;}.wp-block-advgb-list ul.advgblist-0b28674b-94b1-449d-bbb2-5e933d915d11 > li:before{font-size:16px;color:#ff6900;line-height:18px;margin:2px;padding:2px;margin-left:-20px}.wp-block-advgb-list ul.advgblist-0296659a-57da-4288-9294-e94d52d799d2 > li{font-size:16px;}.wp-block-advgb-list ul.advgblist-0296659a-57da-4288-9294-e94d52d799d2 > li{padding-left:18px;margin-left:0;}.wp-block-advgb-list ul.advgblist-0296659a-57da-4288-9294-e94d52d799d2 > li:before{font-size:16px;color:#ff6900;line-height:18px;margin:2px;padding:2px;margin-left:-20px}.wp-block-advgb-list ul.advgblist-130e2dec-0014-40c4-b611-7a39feee6482 > li{font-size:16px;}.wp-block-advgb-list ul.advgblist-130e2dec-0014-40c4-b611-7a39feee6482 > li{padding-left:18px;margin-left:0;}.wp-block-advgb-list ul.advgblist-130e2dec-0014-40c4-b611-7a39feee6482 > li:before{font-size:16px;color:#ff6900;line-height:18px;margin:2px;padding:2px;margin-left:-20px}.wp-block-advgb-list ul.advgblist-29d19b72-7594-4f8f-ab7e-9ae7adcbd22d > li{font-size:16px;}.wp-block-advgb-list ul.advgblist-29d19b72-7594-4f8f-ab7e-9ae7adcbd22d > li{padding-left:18px;margin-left:0;}.wp-block-advgb-list ul.advgblist-29d19b72-7594-4f8f-ab7e-9ae7adcbd22d > li:before{font-size:16px;color:#ff6900;line-height:18px;margin:2px;padding:2px;margin-left:-20px}.wp-block-advgb-list ul.advgblist-76ef0146-12d2-4a32-9aeb-a24c599ee12c > li{font-size:16px;}.wp-block-advgb-list ul.advgblist-76ef0146-12d2-4a32-9aeb-a24c599ee12c > li{padding-left:18px;margin-left:0;}.wp-block-advgb-list ul.advgblist-76ef0146-12d2-4a32-9aeb-a24c599ee12c > li:before{font-size:16px;color:#ff6900;line-height:18px;margin:2px;padding:2px;margin-left:-20px}.advgbbtn-0ff19198-ded0-411f-9aec-1e6c97c62fee{font-size:18px;color:#fff !important;background-color:#ff6900 !important;margin:0px 0px 0px 0px !important;padding:10px 30px 10px 30px;border-width:1px !important;border-style:none;border-radius:50px !important;}.advgbbtn-0ff19198-ded0-411f-9aec-1e6c97c62fee:hover{color:#ff6900 !important;background-color:#ffffff !important;box-shadow:1px 1px 12px 0px #ff6900;opacity:1;transition:all 0.2s ease;}.advgbbtn-0ff19198-ded0-411f-9aec-1e6c97c62fee > i {display: none !important;}\n.gtp-faq-content a         { color: #9bb530; text-decoration: underline; }\n.gtp-faq-content ul        { list-style: disc; padding-left: 1.25rem; margin: .5rem 0; }\n.gtp-faq-content ol        { list-style: decimal; padding-left: 1.25rem; margin: .5rem 0; }\n.gtp-faq-content strong    { color: #1f2937; }\n.gtp-faq-btn:focus-visible { outline: 2px solid #9bb530; outline-offset: 2px; }\n.gtp-faq-item[data-open]   { box-shadow: 0 0 0 2px rgba(155,181,48,.2); border-color: #9bb530; }\n<\/style>","protected":false},"excerpt":{"rendered":"<p>Voc\u00ea est\u00e1 pronto para caminhar sobre as nuvens e testemunhar uma das paisagens mais deslumbrantes do planeta? Nossa jornada at\u00e9 a montanha de 7 cores \u00e9 uma experi\u00eancia transformadora que desafia o corpo e recompensa a alma com vistas espetaculares. Considerada um dos destinos imperd\u00edveis do Peru, a famosa montanha das 7 cores atrai aventureiros [&hellip;]<\/p>\n","protected":false},"author":2,"featured_media":22894,"parent":1319,"menu_order":0,"comment_status":"closed","ping_status":"closed","template":"page-tours.php","meta":{"_acf_changed":false,"advgb_blocks_editor_width":"","advgb_blocks_columns_visual_guide":"","footnotes":""},"class_list":["post-21790","page","type-page","status-publish","has-post-thumbnail","hentry"],"acf":[],"yoast_head":"<!-- This site is optimized with the Yoast SEO plugin v28.3 - https:\/\/yoast.com\/product\/yoast-seo-wordpress\/ -->\n<title>Cores dos Andes: Tour Montanha das 7 Cores Dia Inteiro<\/title>\n<meta name=\"description\" content=\"Explore os Andes peruanos e encare trilhas espetaculares. Admire a paleta vibrante de minerais no tour Montanha das 7 Cores dia inteiro. Garanta sua vaga.\" \/>\n<meta name=\"robots\" content=\"index, follow, max-snippet:-1, max-image-preview:large, max-video-preview:-1\" \/>\n<link rel=\"canonical\" href=\"https:\/\/grouptravelperu.com\/pt-br\/cusco\/tour-montanha-7-cores-dia-inteiro\/\" \/>\n<meta property=\"og:locale\" content=\"pt_BR\" \/>\n<meta property=\"og:type\" content=\"article\" \/>\n<meta property=\"og:title\" content=\"Cores dos Andes: Tour Montanha das 7 Cores Dia Inteiro\" \/>\n<meta property=\"og:description\" content=\"Explore os Andes peruanos e encare trilhas espetaculares. Admire a paleta vibrante de minerais no tour Montanha das 7 Cores dia inteiro. Garanta sua vaga.\" \/>\n<meta property=\"og:url\" content=\"https:\/\/grouptravelperu.com\/pt-br\/cusco\/tour-montanha-7-cores-dia-inteiro\/\" \/>\n<meta property=\"og:site_name\" content=\"Group Travel Peru\" \/>\n<meta property=\"article:modified_time\" content=\"2026-08-05T20:21:41+00:00\" \/>\n<meta property=\"og:image\" content=\"https:\/\/grouptravelperu.com\/wp-content\/uploads\/Tour-Montana-de-7-Colores-Full-Day.webp\" \/>\n\t<meta property=\"og:image:width\" content=\"800\" \/>\n\t<meta property=\"og:image:height\" content=\"600\" \/>\n\t<meta property=\"og:image:type\" content=\"image\/webp\" \/>\n<meta name=\"twitter:card\" content=\"summary_large_image\" \/>\n<meta name=\"twitter:label1\" content=\"Est. tempo de leitura\" \/>\n\t<meta name=\"twitter:data1\" content=\"7 minutos\" \/>\n<script type=\"application\/ld+json\" class=\"yoast-schema-graph\">{\"@context\":\"https:\\\/\\\/schema.org\",\"@graph\":[{\"@type\":\"WebPage\",\"@id\":\"https:\\\/\\\/grouptravelperu.com\\\/pt-br\\\/cusco\\\/tour-montanha-7-cores-dia-inteiro\\\/\",\"url\":\"https:\\\/\\\/grouptravelperu.com\\\/pt-br\\\/cusco\\\/tour-montanha-7-cores-dia-inteiro\\\/\",\"name\":\"Cores dos Andes: Tour Montanha das 7 Cores Dia Inteiro\",\"isPartOf\":{\"@id\":\"https:\\\/\\\/grouptravelperu.com\\\/#website\"},\"primaryImageOfPage\":{\"@id\":\"https:\\\/\\\/grouptravelperu.com\\\/pt-br\\\/cusco\\\/tour-montanha-7-cores-dia-inteiro\\\/#primaryimage\"},\"image\":{\"@id\":\"https:\\\/\\\/grouptravelperu.com\\\/pt-br\\\/cusco\\\/tour-montanha-7-cores-dia-inteiro\\\/#primaryimage\"},\"thumbnailUrl\":\"https:\\\/\\\/grouptravelperu.com\\\/wp-content\\\/uploads\\\/Tour-Montana-de-7-Colores-Full-Day.webp\",\"datePublished\":\"2025-04-25T21:25:43+00:00\",\"dateModified\":\"2026-08-05T20:21:41+00:00\",\"description\":\"Explore os Andes peruanos e encare trilhas espetaculares. Admire a paleta vibrante de minerais no tour Montanha das 7 Cores dia inteiro. Garanta sua vaga.\",\"breadcrumb\":{\"@id\":\"https:\\\/\\\/grouptravelperu.com\\\/pt-br\\\/cusco\\\/tour-montanha-7-cores-dia-inteiro\\\/#breadcrumb\"},\"inLanguage\":\"pt-BR\",\"potentialAction\":[{\"@type\":\"ReadAction\",\"target\":[\"https:\\\/\\\/grouptravelperu.com\\\/pt-br\\\/cusco\\\/tour-montanha-7-cores-dia-inteiro\\\/\"]}]},{\"@type\":\"ImageObject\",\"inLanguage\":\"pt-BR\",\"@id\":\"https:\\\/\\\/grouptravelperu.com\\\/pt-br\\\/cusco\\\/tour-montanha-7-cores-dia-inteiro\\\/#primaryimage\",\"url\":\"https:\\\/\\\/grouptravelperu.com\\\/wp-content\\\/uploads\\\/Tour-Montana-de-7-Colores-Full-Day.webp\",\"contentUrl\":\"https:\\\/\\\/grouptravelperu.com\\\/wp-content\\\/uploads\\\/Tour-Montana-de-7-Colores-Full-Day.webp\",\"width\":800,\"height\":600},{\"@type\":\"BreadcrumbList\",\"@id\":\"https:\\\/\\\/grouptravelperu.com\\\/pt-br\\\/cusco\\\/tour-montanha-7-cores-dia-inteiro\\\/#breadcrumb\",\"itemListElement\":[{\"@type\":\"ListItem\",\"position\":1,\"name\":\"Home\",\"item\":\"https:\\\/\\\/grouptravelperu.com\\\/pt-br\\\/\"},{\"@type\":\"ListItem\",\"position\":2,\"name\":\"Passeios em Cusco\",\"item\":\"https:\\\/\\\/grouptravelperu.com\\\/pt-br\\\/cusco\\\/\"},{\"@type\":\"ListItem\",\"position\":3,\"name\":\"Tour Montanha de 7 Cores &#8211; Dia Inteiro\"}]},{\"@type\":\"WebSite\",\"@id\":\"https:\\\/\\\/grouptravelperu.com\\\/#website\",\"url\":\"https:\\\/\\\/grouptravelperu.com\\\/\",\"name\":\"Group Travel Peru\",\"description\":\"\",\"publisher\":{\"@id\":\"https:\\\/\\\/grouptravelperu.com\\\/#organization\"},\"alternateName\":\"Group Travel Peru\",\"potentialAction\":[{\"@type\":\"SearchAction\",\"target\":{\"@type\":\"EntryPoint\",\"urlTemplate\":\"https:\\\/\\\/grouptravelperu.com\\\/?s={search_term_string}\"},\"query-input\":{\"@type\":\"PropertyValueSpecification\",\"valueRequired\":true,\"valueName\":\"search_term_string\"}}],\"inLanguage\":\"pt-BR\"},{\"@type\":\"Organization\",\"@id\":\"https:\\\/\\\/grouptravelperu.com\\\/#organization\",\"name\":\"Group Travel Peru\",\"url\":\"https:\\\/\\\/grouptravelperu.com\\\/\",\"logo\":{\"@type\":\"ImageObject\",\"inLanguage\":\"pt-BR\",\"@id\":\"https:\\\/\\\/grouptravelperu.com\\\/#\\\/schema\\\/logo\\\/image\\\/\",\"url\":\"https:\\\/\\\/grouptravelperu.com\\\/wp-content\\\/uploads\\\/Logo-vertical.jpg\",\"contentUrl\":\"https:\\\/\\\/grouptravelperu.com\\\/wp-content\\\/uploads\\\/Logo-vertical.jpg\",\"width\":685,\"height\":1000,\"caption\":\"Group Travel Peru\"},\"image\":{\"@id\":\"https:\\\/\\\/grouptravelperu.com\\\/#\\\/schema\\\/logo\\\/image\\\/\"}}]}<\/script>\n<!-- \/ Yoast SEO plugin. -->","yoast_head_json":{"title":"Cores dos Andes: Tour Montanha das 7 Cores Dia Inteiro","description":"Explore os Andes peruanos e encare trilhas espetaculares. Admire a paleta vibrante de minerais no tour Montanha das 7 Cores dia inteiro. Garanta sua vaga.","robots":{"index":"index","follow":"follow","max-snippet":"max-snippet:-1","max-image-preview":"max-image-preview:large","max-video-preview":"max-video-preview:-1"},"canonical":"https:\/\/grouptravelperu.com\/pt-br\/cusco\/tour-montanha-7-cores-dia-inteiro\/","og_locale":"pt_BR","og_type":"article","og_title":"Cores dos Andes: Tour Montanha das 7 Cores Dia Inteiro","og_description":"Explore os Andes peruanos e encare trilhas espetaculares. Admire a paleta vibrante de minerais no tour Montanha das 7 Cores dia inteiro. Garanta sua vaga.","og_url":"https:\/\/grouptravelperu.com\/pt-br\/cusco\/tour-montanha-7-cores-dia-inteiro\/","og_site_name":"Group Travel Peru","article_modified_time":"2026-08-05T20:21:41+00:00","og_image":[{"width":800,"height":600,"url":"https:\/\/grouptravelperu.com\/wp-content\/uploads\/Tour-Montana-de-7-Colores-Full-Day.webp","type":"image\/webp"}],"twitter_card":"summary_large_image","twitter_misc":{"Est. tempo de leitura":"7 minutos"},"schema":{"@context":"https:\/\/schema.org","@graph":[{"@type":"WebPage","@id":"https:\/\/grouptravelperu.com\/pt-br\/cusco\/tour-montanha-7-cores-dia-inteiro\/","url":"https:\/\/grouptravelperu.com\/pt-br\/cusco\/tour-montanha-7-cores-dia-inteiro\/","name":"Cores dos Andes: Tour Montanha das 7 Cores Dia Inteiro","isPartOf":{"@id":"https:\/\/grouptravelperu.com\/#website"},"primaryImageOfPage":{"@id":"https:\/\/grouptravelperu.com\/pt-br\/cusco\/tour-montanha-7-cores-dia-inteiro\/#primaryimage"},"image":{"@id":"https:\/\/grouptravelperu.com\/pt-br\/cusco\/tour-montanha-7-cores-dia-inteiro\/#primaryimage"},"thumbnailUrl":"https:\/\/grouptravelperu.com\/wp-content\/uploads\/Tour-Montana-de-7-Colores-Full-Day.webp","datePublished":"2025-04-25T21:25:43+00:00","dateModified":"2026-08-05T20:21:41+00:00","description":"Explore os Andes peruanos e encare trilhas espetaculares. Admire a paleta vibrante de minerais no tour Montanha das 7 Cores dia inteiro. Garanta sua vaga.","breadcrumb":{"@id":"https:\/\/grouptravelperu.com\/pt-br\/cusco\/tour-montanha-7-cores-dia-inteiro\/#breadcrumb"},"inLanguage":"pt-BR","potentialAction":[{"@type":"ReadAction","target":["https:\/\/grouptravelperu.com\/pt-br\/cusco\/tour-montanha-7-cores-dia-inteiro\/"]}]},{"@type":"ImageObject","inLanguage":"pt-BR","@id":"https:\/\/grouptravelperu.com\/pt-br\/cusco\/tour-montanha-7-cores-dia-inteiro\/#primaryimage","url":"https:\/\/grouptravelperu.com\/wp-content\/uploads\/Tour-Montana-de-7-Colores-Full-Day.webp","contentUrl":"https:\/\/grouptravelperu.com\/wp-content\/uploads\/Tour-Montana-de-7-Colores-Full-Day.webp","width":800,"height":600},{"@type":"BreadcrumbList","@id":"https:\/\/grouptravelperu.com\/pt-br\/cusco\/tour-montanha-7-cores-dia-inteiro\/#breadcrumb","itemListElement":[{"@type":"ListItem","position":1,"name":"Home","item":"https:\/\/grouptravelperu.com\/pt-br\/"},{"@type":"ListItem","position":2,"name":"Passeios em Cusco","item":"https:\/\/grouptravelperu.com\/pt-br\/cusco\/"},{"@type":"ListItem","position":3,"name":"Tour Montanha de 7 Cores &#8211; Dia Inteiro"}]},{"@type":"WebSite","@id":"https:\/\/grouptravelperu.com\/#website","url":"https:\/\/grouptravelperu.com\/","name":"Group Travel Peru","description":"","publisher":{"@id":"https:\/\/grouptravelperu.com\/#organization"},"alternateName":"Group Travel Peru","potentialAction":[{"@type":"SearchAction","target":{"@type":"EntryPoint","urlTemplate":"https:\/\/grouptravelperu.com\/?s={search_term_string}"},"query-input":{"@type":"PropertyValueSpecification","valueRequired":true,"valueName":"search_term_string"}}],"inLanguage":"pt-BR"},{"@type":"Organization","@id":"https:\/\/grouptravelperu.com\/#organization","name":"Group Travel Peru","url":"https:\/\/grouptravelperu.com\/","logo":{"@type":"ImageObject","inLanguage":"pt-BR","@id":"https:\/\/grouptravelperu.com\/#\/schema\/logo\/image\/","url":"https:\/\/grouptravelperu.com\/wp-content\/uploads\/Logo-vertical.jpg","contentUrl":"https:\/\/grouptravelperu.com\/wp-content\/uploads\/Logo-vertical.jpg","width":685,"height":1000,"caption":"Group Travel Peru"},"image":{"@id":"https:\/\/grouptravelperu.com\/#\/schema\/logo\/image\/"}}]}},"coauthors":[],"author_meta":{"author_link":"https:\/\/grouptravelperu.com\/pt-br\/author\/admin_editor\/","display_name":"Editor Gtp"},"relative_dates":{"created":"Publicado 1 ano atr\u00e1s","modified":"Atualizado 1 m\u00eas atr\u00e1s"},"absolute_dates":{"created":"Publicado em 25 de abril de 2025","modified":"Atualizado em 5 de agosto de 2026"},"absolute_dates_time":{"created":"Publicado em 25 de abril de 2025 16:25","modified":"Atualizado em 5 de agosto de 2026 15:21"},"featured_img_caption":"","featured_img":"https:\/\/grouptravelperu.com\/wp-content\/uploads\/Tour-Montana-de-7-Colores-Full-Day.webp","series_order":"","_links":{"self":[{"href":"https:\/\/grouptravelperu.com\/pt-br\/wp-json\/wp\/v2\/pages\/21790","targetHints":{"allow":["GET"]}}],"collection":[{"href":"https:\/\/grouptravelperu.com\/pt-br\/wp-json\/wp\/v2\/pages"}],"about":[{"href":"https:\/\/grouptravelperu.com\/pt-br\/wp-json\/wp\/v2\/types\/page"}],"author":[{"embeddable":true,"href":"https:\/\/grouptravelperu.com\/pt-br\/wp-json\/wp\/v2\/users\/2"}],"replies":[{"embeddable":true,"href":"https:\/\/grouptravelperu.com\/pt-br\/wp-json\/wp\/v2\/comments?post=21790"}],"version-history":[{"count":4,"href":"https:\/\/grouptravelperu.com\/pt-br\/wp-json\/wp\/v2\/pages\/21790\/revisions"}],"predecessor-version":[{"id":31024,"href":"https:\/\/grouptravelperu.com\/pt-br\/wp-json\/wp\/v2\/pages\/21790\/revisions\/31024"}],"up":[{"embeddable":true,"href":"https:\/\/grouptravelperu.com\/pt-br\/wp-json\/wp\/v2\/pages\/1319"}],"wp:featuredmedia":[{"embeddable":true,"href":"https:\/\/grouptravelperu.com\/pt-br\/wp-json\/wp\/v2\/media\/22894"}],"wp:attachment":[{"href":"https:\/\/grouptravelperu.com\/pt-br\/wp-json\/wp\/v2\/media?parent=21790"}],"curies":[{"name":"wp","href":"https:\/\/api.w.org\/{rel}","templated":true}]}}